{"id":9,"date":"2015-06-03T12:24:41","date_gmt":"2015-06-03T10:24:41","guid":{"rendered":"http:\/\/dariusz-muszer.de\/pl\/?page_id=9"},"modified":"2022-11-19T23:36:41","modified_gmt":"2022-11-19T22:36:41","slug":"vitae","status":"publish","type":"page","link":"https:\/\/dariusz-muszer.de\/pl\/vitae\/","title":{"rendered":"Vitae"},"content":{"rendered":"<p><img loading=\"lazy\" decoding=\"async\" class=\"alignnone wp-image-931 size-full\" src=\"https:\/\/dariusz-muszer.de\/pl\/wp-content\/uploads\/sites\/2\/2015\/06\/Dariusz_Muszer_BildNr9181_Fotografie_und_Copyright_Emanuela_Danielewicz_14x21cm_mN_2_mail.jpg\" width=\"886\" height=\"591\" srcset=\"https:\/\/dariusz-muszer.de\/pl\/wp-content\/uploads\/sites\/2\/2015\/06\/Dariusz_Muszer_BildNr9181_Fotografie_und_Copyright_Emanuela_Danielewicz_14x21cm_mN_2_mail.jpg 886w, https:\/\/dariusz-muszer.de\/pl\/wp-content\/uploads\/sites\/2\/2015\/06\/Dariusz_Muszer_BildNr9181_Fotografie_und_Copyright_Emanuela_Danielewicz_14x21cm_mN_2_mail-150x100.jpg 150w, https:\/\/dariusz-muszer.de\/pl\/wp-content\/uploads\/sites\/2\/2015\/06\/Dariusz_Muszer_BildNr9181_Fotografie_und_Copyright_Emanuela_Danielewicz_14x21cm_mN_2_mail-300x200.jpg 300w, https:\/\/dariusz-muszer.de\/pl\/wp-content\/uploads\/sites\/2\/2015\/06\/Dariusz_Muszer_BildNr9181_Fotografie_und_Copyright_Emanuela_Danielewicz_14x21cm_mN_2_mail-768x512.jpg 768w\" sizes=\"auto, (max-width: 886px) 100vw, 886px\" \/><\/p>\n<p><strong>Dariusz Muszer<\/strong>, ur. 1959 w <a href=\"http:\/\/pl.wikipedia.org\/wiki\/G%C3%B3rzyca_%28wojew%C3%B3dztwo_lubuskie%29\">G\u00f3rzycy<\/a> na <a href=\"http:\/\/pl.wikipedia.org\/wiki\/Ziemia_Lubuska\">Ziemi Lubuskiej<\/a>. Pisarz, poeta, publicysta, eseista, dramaturg i t\u0142umacz.<br \/>\nUko\u0144czy\u0142 studia prawnicze na <a href=\"http:\/\/pl.wikipedia.org\/wiki\/Uniwersytet_im._Adama_Mickiewicza_w_Poznaniu\">Uniwersytecie im. Adama Mickiewicza w Poznaniu<\/a>.<br \/>\nDebiutowa\u0142 w 1980 roku w podziemnym pi\u015bmie studenckim &#8222;Wprost&#8221;, a w prasie oficjalnej w 1981 roku w tygodniku &#8222;Ziemia Gorzowska&#8221;.<br \/>\nJest autorem licznych publikacji: wierszy, opowiada\u0144, recenzji, reporta\u017cy, esej\u00f3w, felieton\u00f3w, bajek, piosenek, sztuk teatralnych i s\u0142uchowisk.<br \/>\nPisze po polsku i niemiecku. Od 1988 roku mieszka na sta\u0142e w <a href=\"http:\/\/pl.wikipedia.org\/wiki\/Hanower\">Hanowerze<\/a>.<\/p>\n<p>&nbsp;<\/p>\n<p><b>Proza<\/b><\/p>\n<ul>\n<li><em>Ba\u015bnie norweskie opowiedzia\u0142 Dariusz Muszer, tom 2<\/em>. Szczecin 2022<\/li>\n<li><em>C\u00f3rka m\u0119\u017ca i c\u00f3rka \u017cony<\/em>. Szczecin 2020<\/li>\n<li><a href=\"https:\/\/dariusz-muszer.de\/pl\/proza\/czlowiek-z-kowadlem\/\"><em>Cz\u0142owiek z kowad\u0142em<\/em>. Szczecin 2019<\/a><\/li>\n<li><a href=\"https:\/\/dariusz-muszer.de\/pl\/proza\/basnie-norweskie\/\"><em>Ba\u015bnie norweskie opowiedzia\u0142 Dariusz Muszer<\/em>. Szczecin 2018<\/a><\/li>\n<li><a href=\"https:\/\/dariusz-muszer.de\/pl\/proza\/pole-czaszek\/\"><em>Pole Czaszek<\/em>. Szczecin 2017<\/a><\/li>\n<li><a href=\"http:\/\/dariusz-muszer.de\/buecher\/schaedelfeld\/\"><em>Sch\u00e4delfeld<\/em>. M\u00fcnchen 2015<\/a><\/li>\n<li><a href=\"https:\/\/dariusz-muszer.de\/pl\/proza\/homepage-boga\/\"><em>Homepage Boga<\/em>. Szczecin 2013<\/a><\/li>\n<li><a href=\"https:\/\/dariusz-muszer.de\/pl\/proza\/lummick\/\"><em>Lummick<\/em>. Olsztyn 2009<\/a><\/li>\n<li><a href=\"https:\/\/dariusz-muszer.de\/pl\/proza\/wolnosc-pachnie-wanilia\/\"><em>Wolno\u015b\u0107 pachnie wanili\u0105<\/em>. Szczecin 2008<\/a><\/li>\n<li><a href=\"http:\/\/dariusz-muszer.de\/buecher\/gottes-homepage\"><em>Gottes Homepage<\/em>. M\u00fcnchen 2007<\/a><\/li>\n<li><a href=\"https:\/\/dariusz-muszer.de\/pl\/proza\/niebieski\/\"><em>Niebieski<\/em>. Szczecin 2006<\/a><\/li>\n<li><a href=\"http:\/\/dariusz-muszer.de\/buecher\/der-echsenmann\"><em>Der Echsenmann<\/em>. M\u00fcnchen 2001<\/a><\/li>\n<li><a href=\"http:\/\/dariusz-muszer.de\/buecher\/die-freiheit-riecht-nach-vanille\"><em>Die Freiheit riecht nach Vanille<\/em>. M\u00fcnchen 1999<\/a><\/li>\n<li><a href=\"https:\/\/dariusz-muszer.de\/pl\/proza\/ludziojad\/\"><em>Lu<\/em><\/a><a href=\"https:\/\/dariusz-muszer.de\/pl\/proza\/ludziojad\/\"><em>dziojad<\/em>. Hannover 1993<\/a><\/li>\n<\/ul>\n<p><b>Poezja<\/b><\/p>\n<ul>\n<li><a href=\"https:\/\/dariusz-muszer.de\/pl\/poezja\/dzieci-krotszej-nogi-syzyfa\/\"><em>Dzieci kr\u00f3tszej nogi Syzyfa<\/em>. Szczecin 2021<\/a><\/li>\n<li><a href=\"https:\/\/dariusz-muszer.de\/pl\/poezja\/ksiega-ramion-deszczu\/\"><em>Ksi\u0119ga ramion deszczu<\/em>. Szczecin 2020<\/a><\/li>\n<li><a href=\"https:\/\/dariusz-muszer.de\/pl\/poezja\/wiersze-poniemieckie\/\"><em>Wiersze poniemieckie<\/em>. Szczecin 2019<\/a><\/li>\n<li><a href=\"https:\/\/dariusz-muszer.de\/pl\/poezja\/zapomniany-strajk\/\"><em>Zapomniany strajk<\/em>. Toronto 2012<\/a><\/li>\n<li><a href=\"https:\/\/dariusz-muszer.de\/pl\/poezja\/jestem-chlop\/\"><em>Jestem ch\u0142op<\/em>. Szczecin 2004<\/a><\/li>\n<li><a href=\"https:\/\/dariusz-muszer.de\/pl\/poezja\/wszyscy-moi-nieznajomi\/\"><em>Wszyscy moi nieznajomi<\/em>. Szczecin 2004<\/a><\/li>\n<li><a href=\"https:\/\/dariusz-muszer.de\/pl\/poezja\/ksiega-zielonej-kamizelki\/\"><em>Ksi\u0119ga zielonej kamizelki<\/em>. Sopot 1996<\/a><\/li>\n<li><a href=\"https:\/\/dariusz-muszer.de\/pl\/poezja\/panna-franciszka-pomylony-akordeon\/\"><em>Panna Franciszka, pomylony akordeon i inne wiersze<\/em>. Hannover 1995<\/a><\/li>\n<li><a href=\"http:\/\/dariusz-muszer.de\/buecher\/die-geliebten-aus-r-und-andere-gedichte\"><em>Die Geliebten aus R. und andere Gedichte<\/em>. Hannover 1990<\/a><\/li>\n<li><a href=\"https:\/\/dariusz-muszer.de\/pl\/poezja\/pestki-i-ogryzki\/\"><em>Pestki i ogryzk<\/em>i. Warszawa 1989<\/a><\/li>\n<li><a href=\"https:\/\/dariusz-muszer.de\/pl\/poezja\/zatrzymane-wersy\/\"><em>Zatrzymane wersy<\/em>. Gorz\u00f3w Wlkp. 1987<\/a><\/li>\n<li><a href=\"https:\/\/dariusz-muszer.de\/pl\/poezja\/cudowny-swiat-zepsutych-mrowek\/\"><em>Cudowny \u015bwiat zepsutych mr\u00f3wek<\/em>. Warszawa 1987<\/a><\/li>\n<\/ul>\n<p><b>E-Booki<\/b><\/p>\n<ul>\n<li><em>Ba\u015bnie norweskie opowiedzia\u0142 Dariusz Muszer, tom 2<\/em>. Szczecin 2022<\/li>\n<li><a href=\"https:\/\/dariusz-muszer.de\/pl\/poezja\/dzieci-krotszej-nogi-syzyfa\/\"><em>Dzieci kr\u00f3tszej nogi Syzyfa<\/em>. Szczecin 2021<\/a><\/li>\n<li><a href=\"https:\/\/dariusz-muszer.de\/pl\/poezja\/ksiega-ramion-deszczu\/\"><em>Ksi\u0119ga ramion deszczu<\/em>. Szczecin 2020<\/a><\/li>\n<li><a href=\"https:\/\/dariusz-muszer.de\/pl\/proza\/czlowiek-z-kowadlem\/\"><em>Cz\u0142owiek z kowad\u0142em<\/em>. Szczecin 2019<\/a><\/li>\n<li><a href=\"https:\/\/dariusz-muszer.de\/pl\/poezja\/wiersze-poniemieckie\/\"><em>Wiersze poniemieckie<\/em>. Szczecin 2019<\/a><\/li>\n<li><a href=\"https:\/\/www.amazon.de\/Dariusz-Muszer\/e\/B001JOSGFM%3Fref=dbs_a_mng_rwt_scns_share\"><em>Der Echsenmann<\/em>. Hannover 2018<\/a><\/li>\n<li><a href=\"https:\/\/dariusz-muszer.de\/pl\/proza\/basnie-norweskie\/\"><em>Ba\u015bnie norweskie opowiedzia\u0142 Dariusz Muszer<\/em>. Szczecin 2018<\/a><\/li>\n<li><a href=\"https:\/\/www.amazon.de\/Dariusz-Muszer\/e\/B001JOSGFM%3Fref=dbs_a_mng_rwt_scns_share\"><em>Die Freiheit riecht nach Vanille<\/em>. Hannover 2018<\/a><\/li>\n<li><a href=\"https:\/\/dariusz-muszer.de\/pl\/proza\/pole-czaszek\/\"><em>Pole Czaszek<\/em>. Szczecin 2017<\/a><\/li>\n<li><a href=\"https:\/\/www.amazon.de\/Sch%C3%A4delfeld-Roman-Dariusz-Muszer-ebook\/dp\/B01E7PCLYQ\/ref=sr_1_1_twi_kin_2?ie=UTF8&amp;qid=1468166816&amp;sr=8-1&amp;keywords=Sch%C3%A4delfeld\"><em>Sch\u00e4delfeld<\/em>. M\u00fcnchen 2016, Hannover 2018<\/a><\/li>\n<li><a href=\"http:\/\/www.amazon.de\/Dariusz-Muszer\/e\/B001JOSGFM\/ref=ntt_athr_dp_pel_1\" target=\"_blank\" rel=\"noopener noreferrer\"><em>Wszyscy moi nieznajomi<\/em>. Hannover 2013<\/a><\/li>\n<li><a href=\"http:\/\/www.amazon.de\/Dariusz-Muszer\/e\/B001JOSGFM\/ref=ntt_athr_dp_pel_1\" target=\"_blank\" rel=\"noopener noreferrer\"><em>Jestem ch\u0142op<\/em>. Hannover 2013<\/a><\/li>\n<li><a href=\"http:\/\/www.amazon.de\/Dariusz-Muszer\/e\/B001JOSGFM\/ref=ntt_athr_dp_pel_1\" target=\"_blank\" rel=\"noopener noreferrer\"><em>Gottes Homepage<\/em>. M\u00fcnchen 2013, Hannover 2018<\/a><\/li>\n<li><a href=\"http:\/\/www.amazon.de\/Dariusz-Muszer\/e\/B001JOSGFM\/ref=ntt_athr_dp_pel_1\" target=\"_blank\" rel=\"noopener noreferrer\"><em>Homepage Boga<\/em>. Szczecin 2013<\/a><\/li>\n<li><a href=\"http:\/\/www.amazon.de\/Dariusz-Muszer\/e\/B001JOSGFM\/ref=ntt_athr_dp_pel_1\" target=\"_blank\" rel=\"noopener noreferrer\"><em>Wolno\u015b\u0107 pachnie wanili\u0105<\/em>. Szczecin 2013<\/a><\/li>\n<li><a href=\"http:\/\/www.amazon.de\/Dariusz-Muszer\/e\/B001JOSGFM\/ref=ntt_athr_dp_pel_1\" target=\"_blank\" rel=\"noopener noreferrer\"><em>Niebieski<\/em>. Szczecin 2013<\/a><\/li>\n<li><a href=\"http:\/\/www.amazon.de\/Dariusz-Muszer\/e\/B001JOSGFM\/ref=ntt_athr_dp_pel_1\" target=\"_blank\" rel=\"noopener noreferrer\"><em>Lummick<\/em>. Hannover 2013<\/a><\/li>\n<\/ul>\n<p><b>Udzia\u0142 w antologiach (wyb\u00f3r)<\/b><\/p>\n<ul>\n<li>Lena. W: City 5. Antologia polskich opowiada\u0144 grozy. Szczecin 2021<\/li>\n<li>Op\u0142atek. W: 2020. Antologia wsp\u00f3\u0142czesnych polskich opowiada\u0144. Szczecin 2020, s. 320-344<\/li>\n<li>Gr\u0119bo\u017c. W: City 4. Antologia polskich opowiada\u0144 grozy. Szczecin 2018, s. 97-114<\/li>\n<li>Kodokushi. W: 2017. Antologia wsp\u00f3\u0142czesnych polskich opowiada\u0144. Szczecin 2017, s. 206-216<\/li>\n<li>Paj\u0105k. W: City 3. Antologia polskich opowiada\u0144 grozy. Szczecin 2016, s. 201-207<\/li>\n<li>Poranek zepsutej mr\u00f3wki, Zepsuta mr\u00f3wka m\u00f3wi, Dwa no\u017ce, \u015api\u0105cy astronauci. W: Przewodnik po zaminowanym terenie. Helikopter &#8211; antologia tekst\u00f3w z lat 2011-2015. Wroc\u0142aw 2016, s. 62, s. 442-443<\/li>\n<li>Chadid\u017ca. W: 2014. Antologia wsp\u00f3\u0142czesnych polskich opowiada\u0144. Szczecin 2014, s. 231-234<\/li>\n<li>Za zakr\u0119tem. W: 2011. Antologia wsp\u00f3\u0142czesnych polskich opowiada\u0144. Szczecin 2011, s. 80-91<\/li>\n<li>Cz\u0142owiek z kowad\u0142em. W: City 1. Antologia polskich opowiada\u0144 grozy. Szczecin 2009, s. 55-73<\/li>\n<li>Nasza klasa. W: 2008. Antologia wsp\u00f3\u0142czesnych polskich opowiada\u0144. Szczecin 2008, s. 74-87<\/li>\n<li>Norweska wigilia. W: S\u0142owa bielsze od \u015bniegu. Wroc\u0142aw 2006, s. 221-222<\/li>\n<li>Autostrada do Maz\u0142 tow, Roysgard 1, Roysagrd 2. Brzoza, Roysgard 4, Skrevatn 3. Ostatnia noc wrze\u015bnia. W: Piast\u00f3w 75. Szczecin 2005, s. 56-65<\/li>\n<li>(Czasami niebu), (Wodo, nie mrugaj). W: Antologia polskiego haiku. Warszawa 2001, s. 73<\/li>\n<li>Ogr\u00f3d Weroniki. W: Napisane w Niemczech. Jestetten\/K\u00f6ln 2000, s. 149-166<\/li>\n<li>Veronikas Garten, ins Deutsche \u00fcbers. v. Agnieszka Grzybkowska. In: Geschrieben in Deutschland. Jestetten\/K\u00f6ln 2000, S. 263-282<\/li>\n<li>Stary dziki cz\u0142owiek. W: Kiedy Ty m\u00f3wisz Odra. Wiersze z motywem rzeki. Wroc\u0142aw 1999, s. 99<\/li>\n<li>Kropni\u0119ta symfonia, Wpis 9, Wpis 13. W: Na strunie s\u0142owa. Tarn\u00f3w 1998, s. 24-26<\/li>\n<li>Der Menschenesser, ins Deutsche \u00fcbers. v. Henryk Bereska und Eva Tietz. In: Zwischen den Linien. Eine polnische Anthologie. Hannover 1996, S. 154-169<\/li>\n<li>Wigilia zepsutych mr\u00f3wek, Gwiazdka Ma\u0142ej Kingi. W: Antologia poezji wigilijnej. Warszawa 1995, s. 362-363<\/li>\n<li>Luise Melchert, Arnlold Melchert, Efraim der Schneider, Die Witwe des Eisenbahners, Der Veteran, Der Totengr\u00e4ber Johann, Die Tochter der Frau R., Die Liebenden aus R., Die Kellnerin aus der Bahnhofskneipe, Der buckelige Klezmer. In: Grenz\u00fcberschreitende Literatur. Hannover 1993, S. 40-53<\/li>\n<li>Die Geliebten aus R., Die Hunde der wei\u00dfen Gabriele, Efraim, der Schneider. In: junge lyrik dieser jahre pen-club liechtenstein. Bozen 1993, S. 61-64<\/li>\n<li>Stary dziki cz\u0142owiek, Dyptyk czterech kamieniczek z postaci\u0105. W: G\u0142ogowskie preludia. G\u0142og\u00f3w 1987, s. 17-18<\/li>\n<li>(Czasami niebu), (Snieg nie potrafi), (Wodo, nie mrugaj), (Czerwone klony), (Pod powiekami). W: Haiku. Legnica 1986<\/li>\n<li>Wdowa po kolejarzu, C\u00f3rka pani R., Kochankowie z R., Psy bia\u0142ej Gabrieli. W: Nauka ta\u0144ca. Gorz\u00f3w Wlkp. 1985, s. 50-55<\/li>\n<\/ul>\n<p><b>T\u0142umaczenia<\/b><\/p>\n<ul>\n<li>Artur Becker: Kosmopolska i Kosmopolacy. W poszukiwaniu europejskiego domu. [Kosmopolen. Auf der Suche nach einem europ\u00e4ischen Zuhause]. Krak\u00f3w 2019<\/li>\n<li><a href=\"http:\/\/www.arturbecker.de\/Prosa\/Kino_Muza\/kinopl.html\">Artur Becker: Kino Muza [Kino Muza]. Olsztyn 2009<\/a><\/li>\n<li><a href=\"http:\/\/pl.wikipedia.org\/wiki\/Galsan_Tschinag\">Galsan Tschinag: Koniec pie\u015bni [Das Ende des Liedes]. Warszawa 2008<\/a><\/li>\n<li>Corinne Hofmann: \u017begnaj Afryko [Zur\u00fcck aus Afrika]. Warszawa 2005<\/li>\n<li>Corinne Hofmann: Bia\u0142a Masajka [Die wei\u00dfe Massai]. Warszawa 2002<\/li>\n<\/ul>\n<p><b>Nagrody, stypendia i wyr\u00f3\u017cnienia (wyb\u00f3r)<\/b><\/p>\n<ul>\n<li>2011 Stypendium Ministerstwa Nauki i Kultury Dolnej Saksonii za powie\u015b\u0107 &#8222;<a href=\"http:\/\/dariusz-muszer.de\/buecher\/schaedelfeld\">Sch\u00e4delfeld<\/a>\u201d<\/li>\n<li>1999 Nagroda Zwi\u0105zku Pisarzy Niemieckich \u201eNowa ksi\u0105\u017cka w Dolnej Saksonii i Bremie&#8221; za powie\u015b\u0107 \u201e<a href=\"http:\/\/dariusz-muszer.de\/buecher\/die-freiheit-riecht-nach-vanille\">Die Freiheit riecht nach Vanille<\/a>\u201c<\/li>\n<li>1997 Literackie stypendium podr\u00f3\u017cne Ministerstwa Spraw Zagranicznych Niemiec (do Norwegii)<\/li>\n<li>1995 Stypendium Literackie Dolnej Saksonii<\/li>\n<li>1992 1. Nagroda im. Marka H\u0142asko (w kategorii poezji i prozy)<\/li>\n<li>1987 1. Nagroda w konkursie PA Interpress na reporta\u017c wsp\u00f3\u0142czesny<\/li>\n<li>1986 Nagroda G\u0142\u00f3wna w Konkursie im. Cypriana Kamila Norwida<\/li>\n<li>1986 Nagroda G\u0142\u00f3wna \u201eCzerwonej R\u00f3\u017cy\u201c<\/li>\n<li>1985 Nagroda G\u0142\u00f3wna w Konkursie im. Juliana Przybosia<\/li>\n<li>1985 Nagroda G\u0142\u00f3wna &#8222;Cz\u00f3\u0142enka Tkackiego&#8221;<\/li>\n<li>1984 Nagroda G\u0142\u00f3wna \u201e\u015awi\u0119tokrzyskiej Liry Poezji\u201d<\/li>\n<\/ul>\n<p>&nbsp;<\/p>\n","protected":false},"excerpt":{"rendered":"<p>Dariusz Muszer, ur. 1959 w G\u00f3rzycy na Ziemi Lubuskiej. Pisarz, poeta, publicysta, eseista, dramaturg i t\u0142umacz. Uko\u0144czy\u0142 studia prawnicze na Uniwersytecie im. Adama Mickiewicza w Poznaniu. Debiutowa\u0142 w 1980 roku w podziemnym pi\u015bmie studenckim &#8222;Wprost&#8221;, a w prasie oficjalnej w 1981 roku w tygodniku &#8222;Ziemia Gorzowska&#8221;. Jest autorem licznych publikacji: wierszy, opowiada\u0144, recenzji, reporta\u017cy, esej\u00f3w, [&hellip;]<\/p>\n","protected":false},"author":1,"featured_media":931,"parent":0,"menu_order":4,"comment_status":"closed","ping_status":"closed","template":"","meta":{"footnotes":""},"class_list":["post-9","page","type-page","status-publish","has-post-thumbnail","hentry"],"yoast_head":"<!-- This site is optimized with the Yoast SEO plugin v27.0 - https:\/\/yoast.com\/product\/yoast-seo-wordpress\/ -->\n<title>Vitae - Dariusz Muszer<\/title>\n<meta name=\"description\" content=\"Dariusz Muszer, ur. 1959 w G\u00f3rzycy na Ziemi Lubuskiej. Pisarz, poeta, publicysta, eseista, dramaturg i t\u0142umacz. Mieszka w Hanowerze.\" \/>\n<meta name=\"robots\" content=\"index, follow, max-snippet:-1, max-image-preview:large, max-video-preview:-1\" \/>\n<link rel=\"canonical\" href=\"https:\/\/dariusz-muszer.de\/pl\/vitae\/\" \/>\n<meta property=\"og:locale\" content=\"pl_PL\" \/>\n<meta property=\"og:type\" content=\"article\" \/>\n<meta property=\"og:title\" content=\"Vitae - Dariusz Muszer\" \/>\n<meta property=\"og:description\" content=\"Dariusz Muszer, ur. 1959 w G\u00f3rzycy na Ziemi Lubuskiej. Pisarz, poeta, publicysta, eseista, dramaturg i t\u0142umacz. Mieszka w Hanowerze.\" \/>\n<meta property=\"og:url\" content=\"https:\/\/dariusz-muszer.de\/pl\/vitae\/\" \/>\n<meta property=\"og:site_name\" content=\"Dariusz Muszer\" \/>\n<meta property=\"article:modified_time\" content=\"2022-11-19T22:36:41+00:00\" \/>\n<meta property=\"og:image\" content=\"https:\/\/dariusz-muszer.de\/pl\/wp-content\/uploads\/sites\/2\/2015\/06\/Dariusz_Muszer_BildNr9181_Fotografie_und_Copyright_Emanuela_Danielewicz_14x21cm_mN_2_mail.jpg\" \/>\n\t<meta property=\"og:image:width\" content=\"886\" \/>\n\t<meta property=\"og:image:height\" content=\"591\" \/>\n\t<meta property=\"og:image:type\" content=\"image\/jpeg\" \/>\n<meta name=\"twitter:card\" content=\"summary_large_image\" \/>\n<meta name=\"twitter:label1\" content=\"Szacowany czas czytania\" \/>\n\t<meta name=\"twitter:data1\" content=\"4 minuty\" \/>\n<script type=\"application\/ld+json\" class=\"yoast-schema-graph\">{\"@context\":\"https:\/\/schema.org\",\"@graph\":[{\"@type\":\"WebPage\",\"@id\":\"https:\/\/dariusz-muszer.de\/pl\/vitae\/\",\"url\":\"https:\/\/dariusz-muszer.de\/pl\/vitae\/\",\"name\":\"Vitae - Dariusz Muszer\",\"isPartOf\":{\"@id\":\"https:\/\/dariusz-muszer.de\/pl\/#website\"},\"primaryImageOfPage\":{\"@id\":\"https:\/\/dariusz-muszer.de\/pl\/vitae\/#primaryimage\"},\"image\":{\"@id\":\"https:\/\/dariusz-muszer.de\/pl\/vitae\/#primaryimage\"},\"thumbnailUrl\":\"https:\/\/dariusz-muszer.de\/pl\/wp-content\/uploads\/sites\/2\/2015\/06\/Dariusz_Muszer_BildNr9181_Fotografie_und_Copyright_Emanuela_Danielewicz_14x21cm_mN_2_mail.jpg\",\"datePublished\":\"2015-06-03T10:24:41+00:00\",\"dateModified\":\"2022-11-19T22:36:41+00:00\",\"description\":\"Dariusz Muszer, ur. 1959 w G\u00f3rzycy na Ziemi Lubuskiej. Pisarz, poeta, publicysta, eseista, dramaturg i t\u0142umacz. Mieszka w Hanowerze.\",\"breadcrumb\":{\"@id\":\"https:\/\/dariusz-muszer.de\/pl\/vitae\/#breadcrumb\"},\"inLanguage\":\"pl-PL\",\"potentialAction\":[{\"@type\":\"ReadAction\",\"target\":[\"https:\/\/dariusz-muszer.de\/pl\/vitae\/\"]}]},{\"@type\":\"ImageObject\",\"inLanguage\":\"pl-PL\",\"@id\":\"https:\/\/dariusz-muszer.de\/pl\/vitae\/#primaryimage\",\"url\":\"https:\/\/dariusz-muszer.de\/pl\/wp-content\/uploads\/sites\/2\/2015\/06\/Dariusz_Muszer_BildNr9181_Fotografie_und_Copyright_Emanuela_Danielewicz_14x21cm_mN_2_mail.jpg\",\"contentUrl\":\"https:\/\/dariusz-muszer.de\/pl\/wp-content\/uploads\/sites\/2\/2015\/06\/Dariusz_Muszer_BildNr9181_Fotografie_und_Copyright_Emanuela_Danielewicz_14x21cm_mN_2_mail.jpg\",\"width\":886,\"height\":591,\"caption\":\"Foto: Emanuela Danielewicz\"},{\"@type\":\"BreadcrumbList\",\"@id\":\"https:\/\/dariusz-muszer.de\/pl\/vitae\/#breadcrumb\",\"itemListElement\":[{\"@type\":\"ListItem\",\"position\":1,\"name\":\"Strona g\u0142\u00f3wna\",\"item\":\"https:\/\/dariusz-muszer.de\/pl\/\"},{\"@type\":\"ListItem\",\"position\":2,\"name\":\"Vitae\"}]},{\"@type\":\"WebSite\",\"@id\":\"https:\/\/dariusz-muszer.de\/pl\/#website\",\"url\":\"https:\/\/dariusz-muszer.de\/pl\/\",\"name\":\"Dariusz Muszer\",\"description\":\"pisarz\",\"potentialAction\":[{\"@type\":\"SearchAction\",\"target\":{\"@type\":\"EntryPoint\",\"urlTemplate\":\"https:\/\/dariusz-muszer.de\/pl\/?s={search_term_string}\"},\"query-input\":{\"@type\":\"PropertyValueSpecification\",\"valueRequired\":true,\"valueName\":\"search_term_string\"}}],\"inLanguage\":\"pl-PL\"}]}<\/script>\n<!-- \/ Yoast SEO plugin. -->","yoast_head_json":{"title":"Vitae - Dariusz Muszer","description":"Dariusz Muszer, ur. 1959 w G\u00f3rzycy na Ziemi Lubuskiej. Pisarz, poeta, publicysta, eseista, dramaturg i t\u0142umacz. Mieszka w Hanowerze.","robots":{"index":"index","follow":"follow","max-snippet":"max-snippet:-1","max-image-preview":"max-image-preview:large","max-video-preview":"max-video-preview:-1"},"canonical":"https:\/\/dariusz-muszer.de\/pl\/vitae\/","og_locale":"pl_PL","og_type":"article","og_title":"Vitae - Dariusz Muszer","og_description":"Dariusz Muszer, ur. 1959 w G\u00f3rzycy na Ziemi Lubuskiej. Pisarz, poeta, publicysta, eseista, dramaturg i t\u0142umacz. Mieszka w Hanowerze.","og_url":"https:\/\/dariusz-muszer.de\/pl\/vitae\/","og_site_name":"Dariusz Muszer","article_modified_time":"2022-11-19T22:36:41+00:00","og_image":[{"width":886,"height":591,"url":"https:\/\/dariusz-muszer.de\/pl\/wp-content\/uploads\/sites\/2\/2015\/06\/Dariusz_Muszer_BildNr9181_Fotografie_und_Copyright_Emanuela_Danielewicz_14x21cm_mN_2_mail.jpg","type":"image\/jpeg"}],"twitter_card":"summary_large_image","twitter_misc":{"Szacowany czas czytania":"4 minuty"},"schema":{"@context":"https:\/\/schema.org","@graph":[{"@type":"WebPage","@id":"https:\/\/dariusz-muszer.de\/pl\/vitae\/","url":"https:\/\/dariusz-muszer.de\/pl\/vitae\/","name":"Vitae - Dariusz Muszer","isPartOf":{"@id":"https:\/\/dariusz-muszer.de\/pl\/#website"},"primaryImageOfPage":{"@id":"https:\/\/dariusz-muszer.de\/pl\/vitae\/#primaryimage"},"image":{"@id":"https:\/\/dariusz-muszer.de\/pl\/vitae\/#primaryimage"},"thumbnailUrl":"https:\/\/dariusz-muszer.de\/pl\/wp-content\/uploads\/sites\/2\/2015\/06\/Dariusz_Muszer_BildNr9181_Fotografie_und_Copyright_Emanuela_Danielewicz_14x21cm_mN_2_mail.jpg","datePublished":"2015-06-03T10:24:41+00:00","dateModified":"2022-11-19T22:36:41+00:00","description":"Dariusz Muszer, ur. 1959 w G\u00f3rzycy na Ziemi Lubuskiej. Pisarz, poeta, publicysta, eseista, dramaturg i t\u0142umacz. Mieszka w Hanowerze.","breadcrumb":{"@id":"https:\/\/dariusz-muszer.de\/pl\/vitae\/#breadcrumb"},"inLanguage":"pl-PL","potentialAction":[{"@type":"ReadAction","target":["https:\/\/dariusz-muszer.de\/pl\/vitae\/"]}]},{"@type":"ImageObject","inLanguage":"pl-PL","@id":"https:\/\/dariusz-muszer.de\/pl\/vitae\/#primaryimage","url":"https:\/\/dariusz-muszer.de\/pl\/wp-content\/uploads\/sites\/2\/2015\/06\/Dariusz_Muszer_BildNr9181_Fotografie_und_Copyright_Emanuela_Danielewicz_14x21cm_mN_2_mail.jpg","contentUrl":"https:\/\/dariusz-muszer.de\/pl\/wp-content\/uploads\/sites\/2\/2015\/06\/Dariusz_Muszer_BildNr9181_Fotografie_und_Copyright_Emanuela_Danielewicz_14x21cm_mN_2_mail.jpg","width":886,"height":591,"caption":"Foto: Emanuela Danielewicz"},{"@type":"BreadcrumbList","@id":"https:\/\/dariusz-muszer.de\/pl\/vitae\/#breadcrumb","itemListElement":[{"@type":"ListItem","position":1,"name":"Strona g\u0142\u00f3wna","item":"https:\/\/dariusz-muszer.de\/pl\/"},{"@type":"ListItem","position":2,"name":"Vitae"}]},{"@type":"WebSite","@id":"https:\/\/dariusz-muszer.de\/pl\/#website","url":"https:\/\/dariusz-muszer.de\/pl\/","name":"Dariusz Muszer","description":"pisarz","potentialAction":[{"@type":"SearchAction","target":{"@type":"EntryPoint","urlTemplate":"https:\/\/dariusz-muszer.de\/pl\/?s={search_term_string}"},"query-input":{"@type":"PropertyValueSpecification","valueRequired":true,"valueName":"search_term_string"}}],"inLanguage":"pl-PL"}]}},"_links":{"self":[{"href":"https:\/\/dariusz-muszer.de\/pl\/wp-json\/wp\/v2\/pages\/9","targetHints":{"allow":["GET"]}}],"collection":[{"href":"https:\/\/dariusz-muszer.de\/pl\/wp-json\/wp\/v2\/pages"}],"about":[{"href":"https:\/\/dariusz-muszer.de\/pl\/wp-json\/wp\/v2\/types\/page"}],"author":[{"embeddable":true,"href":"https:\/\/dariusz-muszer.de\/pl\/wp-json\/wp\/v2\/users\/1"}],"replies":[{"embeddable":true,"href":"https:\/\/dariusz-muszer.de\/pl\/wp-json\/wp\/v2\/comments?post=9"}],"version-history":[{"count":18,"href":"https:\/\/dariusz-muszer.de\/pl\/wp-json\/wp\/v2\/pages\/9\/revisions"}],"predecessor-version":[{"id":1610,"href":"https:\/\/dariusz-muszer.de\/pl\/wp-json\/wp\/v2\/pages\/9\/revisions\/1610"}],"wp:featuredmedia":[{"embeddable":true,"href":"https:\/\/dariusz-muszer.de\/pl\/wp-json\/wp\/v2\/media\/931"}],"wp:attachment":[{"href":"https:\/\/dariusz-muszer.de\/pl\/wp-json\/wp\/v2\/media?parent=9"}],"curies":[{"name":"wp","href":"https:\/\/api.w.org\/{rel}","templated":true}]}}