{"id":799,"date":"2015-11-02T20:19:15","date_gmt":"2015-11-02T19:19:15","guid":{"rendered":"http:\/\/dariusz-muszer.de\/pl\/?page_id=799"},"modified":"2022-11-26T23:48:17","modified_gmt":"2022-11-26T22:48:17","slug":"galeria","status":"publish","type":"page","link":"https:\/\/dariusz-muszer.de\/pl\/galeria\/","title":{"rendered":"Galeria"},"content":{"rendered":"<h2>Zdj\u0119cia prasowe:<\/h2>\n<hr \/>\n<p>&nbsp;<\/p>\n\n\t\t<style type=\"text\/css\">\n\t\t\t#gallery-1 {\n\t\t\t\tmargin: auto;\n\t\t\t}\n\t\t\t#gallery-1 .gallery-item {\n\t\t\t\tfloat: left;\n\t\t\t\tmargin-top: 10px;\n\t\t\t\ttext-align: center;\n\t\t\t\twidth: 50%;\n\t\t\t}\n\t\t\t#gallery-1 img {\n\t\t\t\tborder: 2px solid #cfcfcf;\n\t\t\t}\n\t\t\t#gallery-1 .gallery-caption {\n\t\t\t\tmargin-left: 0;\n\t\t\t}\n\t\t\t\/* see gallery_shortcode() in wp-includes\/media.php *\/\n\t\t<\/style>\n\t\t<div id='gallery-1' class='gallery galleryid-799 gallery-columns-2 gallery-size-medium'><dl class='gallery-item'>\n\t\t\t<dt class='gallery-icon landscape'>\n\t\t\t\t<a href='https:\/\/dariusz-muszer.de\/pl\/vitae\/dariusz_muszer_bildnr9181_fotografie_und_copyright_emanuela_dani\/#main'><img loading=\"lazy\" decoding=\"async\" width=\"300\" height=\"200\" src=\"https:\/\/dariusz-muszer.de\/pl\/wp-content\/uploads\/sites\/2\/2015\/06\/Dariusz_Muszer_BildNr9181_Fotografie_und_Copyright_Emanuela_Danielewicz_14x21cm_mN_2_mail-300x200.jpg\" class=\"attachment-medium size-medium\" alt=\"\" aria-describedby=\"gallery-1-931\" srcset=\"https:\/\/dariusz-muszer.de\/pl\/wp-content\/uploads\/sites\/2\/2015\/06\/Dariusz_Muszer_BildNr9181_Fotografie_und_Copyright_Emanuela_Danielewicz_14x21cm_mN_2_mail-300x200.jpg 300w, https:\/\/dariusz-muszer.de\/pl\/wp-content\/uploads\/sites\/2\/2015\/06\/Dariusz_Muszer_BildNr9181_Fotografie_und_Copyright_Emanuela_Danielewicz_14x21cm_mN_2_mail-150x100.jpg 150w, https:\/\/dariusz-muszer.de\/pl\/wp-content\/uploads\/sites\/2\/2015\/06\/Dariusz_Muszer_BildNr9181_Fotografie_und_Copyright_Emanuela_Danielewicz_14x21cm_mN_2_mail-768x512.jpg 768w, https:\/\/dariusz-muszer.de\/pl\/wp-content\/uploads\/sites\/2\/2015\/06\/Dariusz_Muszer_BildNr9181_Fotografie_und_Copyright_Emanuela_Danielewicz_14x21cm_mN_2_mail.jpg 886w\" sizes=\"auto, (max-width: 300px) 100vw, 300px\" \/><\/a>\n\t\t\t<\/dt>\n\t\t\t\t<dd class='wp-caption-text gallery-caption' id='gallery-1-931'>\n\t\t\t\tFoto: Emanuela Danielewicz\n\t\t\t\t<\/dd><\/dl><dl class='gallery-item'>\n\t\t\t<dt class='gallery-icon portrait'>\n\t\t\t\t<a href='https:\/\/dariusz-muszer.de\/pl\/galeria\/dariusz_muszer_bildnr9179_fotografie_und_copyright_emanuela_dani\/#main'><img loading=\"lazy\" decoding=\"async\" width=\"200\" height=\"300\" src=\"https:\/\/dariusz-muszer.de\/pl\/wp-content\/uploads\/sites\/2\/2015\/11\/Dariusz_Muszer_BildNr9179_Fotografie_und_Copyright_Emanuela_Danielewicz_14x21cm_mN_2_mail-200x300.jpg\" class=\"attachment-medium size-medium\" alt=\"\" aria-describedby=\"gallery-1-933\" srcset=\"https:\/\/dariusz-muszer.de\/pl\/wp-content\/uploads\/sites\/2\/2015\/11\/Dariusz_Muszer_BildNr9179_Fotografie_und_Copyright_Emanuela_Danielewicz_14x21cm_mN_2_mail-200x300.jpg 200w, https:\/\/dariusz-muszer.de\/pl\/wp-content\/uploads\/sites\/2\/2015\/11\/Dariusz_Muszer_BildNr9179_Fotografie_und_Copyright_Emanuela_Danielewicz_14x21cm_mN_2_mail-100x150.jpg 100w, https:\/\/dariusz-muszer.de\/pl\/wp-content\/uploads\/sites\/2\/2015\/11\/Dariusz_Muszer_BildNr9179_Fotografie_und_Copyright_Emanuela_Danielewicz_14x21cm_mN_2_mail.jpg 394w\" sizes=\"auto, (max-width: 200px) 100vw, 200px\" \/><\/a>\n\t\t\t<\/dt>\n\t\t\t\t<dd class='wp-caption-text gallery-caption' id='gallery-1-933'>\n\t\t\t\tFoto: Emanuela Danielewicz\n\t\t\t\t<\/dd><\/dl><br style=\"clear: both\" \/>\n\t\t<\/div>\n\n<hr \/>\n<p>&nbsp;<\/p>\n<h2>Ok\u0142adki ksi\u0105\u017cek:<\/h2>\n\n\t\t<style type=\"text\/css\">\n\t\t\t#gallery-2 {\n\t\t\t\tmargin: auto;\n\t\t\t}\n\t\t\t#gallery-2 .gallery-item {\n\t\t\t\tfloat: left;\n\t\t\t\tmargin-top: 10px;\n\t\t\t\ttext-align: center;\n\t\t\t\twidth: 25%;\n\t\t\t}\n\t\t\t#gallery-2 img {\n\t\t\t\tborder: 2px solid #cfcfcf;\n\t\t\t}\n\t\t\t#gallery-2 .gallery-caption {\n\t\t\t\tmargin-left: 0;\n\t\t\t}\n\t\t\t\/* see gallery_shortcode() in wp-includes\/media.php *\/\n\t\t<\/style>\n\t\t<div id='gallery-2' class='gallery galleryid-799 gallery-columns-4 gallery-size-medium'><dl class='gallery-item'>\n\t\t\t<dt class='gallery-icon portrait'>\n\t\t\t\t<a href='https:\/\/dariusz-muszer.de\/pl\/poezja\/muszer-wiersze-poniemieckie\/#main'><img loading=\"lazy\" decoding=\"async\" width=\"229\" height=\"300\" src=\"https:\/\/dariusz-muszer.de\/pl\/wp-content\/uploads\/sites\/2\/2019\/09\/muszer-wiersze-poniemieckie-229x300.jpg\" class=\"attachment-medium size-medium\" alt=\"Muszer Wiersze poniemieckie\" srcset=\"https:\/\/dariusz-muszer.de\/pl\/wp-content\/uploads\/sites\/2\/2019\/09\/muszer-wiersze-poniemieckie-229x300.jpg 229w, https:\/\/dariusz-muszer.de\/pl\/wp-content\/uploads\/sites\/2\/2019\/09\/muszer-wiersze-poniemieckie.jpg 732w\" sizes=\"auto, (max-width: 229px) 100vw, 229px\" \/><\/a>\n\t\t\t<\/dt><\/dl><dl class='gallery-item'>\n\t\t\t<dt class='gallery-icon portrait'>\n\t\t\t\t<a href='https:\/\/dariusz-muszer.de\/pl\/poezja\/muszer-czlowiek-z-kowadlem\/#main'><img loading=\"lazy\" decoding=\"async\" width=\"229\" height=\"300\" src=\"https:\/\/dariusz-muszer.de\/pl\/wp-content\/uploads\/sites\/2\/2019\/09\/muszer-czlowiek-z-kowadlem-229x300.jpg\" class=\"attachment-medium size-medium\" alt=\"Muszer Czlowiek z kowadlem\" srcset=\"https:\/\/dariusz-muszer.de\/pl\/wp-content\/uploads\/sites\/2\/2019\/09\/muszer-czlowiek-z-kowadlem-229x300.jpg 229w, https:\/\/dariusz-muszer.de\/pl\/wp-content\/uploads\/sites\/2\/2019\/09\/muszer-czlowiek-z-kowadlem.jpg 732w\" sizes=\"auto, (max-width: 229px) 100vw, 229px\" \/><\/a>\n\t\t\t<\/dt><\/dl><dl class='gallery-item'>\n\t\t\t<dt class='gallery-icon portrait'>\n\t\t\t\t<a href='https:\/\/dariusz-muszer.de\/pl\/kobieta-pod-prad-basnie-norweskie\/basnie-norweskie_rgb\/#main'><img loading=\"lazy\" decoding=\"async\" width=\"229\" height=\"300\" src=\"https:\/\/dariusz-muszer.de\/pl\/wp-content\/uploads\/sites\/2\/2019\/02\/basnie-norweskie_rgb-229x300.jpg\" class=\"attachment-medium size-medium\" alt=\"Ba\u015bnie norweskie\" srcset=\"https:\/\/dariusz-muszer.de\/pl\/wp-content\/uploads\/sites\/2\/2019\/02\/basnie-norweskie_rgb-229x300.jpg 229w, https:\/\/dariusz-muszer.de\/pl\/wp-content\/uploads\/sites\/2\/2019\/02\/basnie-norweskie_rgb-768x1008.jpg 768w, https:\/\/dariusz-muszer.de\/pl\/wp-content\/uploads\/sites\/2\/2019\/02\/basnie-norweskie_rgb-780x1024.jpg 780w, https:\/\/dariusz-muszer.de\/pl\/wp-content\/uploads\/sites\/2\/2019\/02\/basnie-norweskie_rgb.jpg 1000w\" sizes=\"auto, (max-width: 229px) 100vw, 229px\" \/><\/a>\n\t\t\t<\/dt><\/dl><dl class='gallery-item'>\n\t\t\t<dt class='gallery-icon portrait'>\n\t\t\t\t<a href='https:\/\/dariusz-muszer.de\/pl\/proza\/pole-czaszek-muszer-web-2\/#main'><img loading=\"lazy\" decoding=\"async\" width=\"229\" height=\"300\" src=\"https:\/\/dariusz-muszer.de\/pl\/wp-content\/uploads\/sites\/2\/2018\/01\/pole-czaszek-muszer-web-229x300.jpg\" class=\"attachment-medium size-medium\" alt=\"Pole Czaszek\" srcset=\"https:\/\/dariusz-muszer.de\/pl\/wp-content\/uploads\/sites\/2\/2018\/01\/pole-czaszek-muszer-web-229x300.jpg 229w, https:\/\/dariusz-muszer.de\/pl\/wp-content\/uploads\/sites\/2\/2018\/01\/pole-czaszek-muszer-web-768x1007.jpg 768w, https:\/\/dariusz-muszer.de\/pl\/wp-content\/uploads\/sites\/2\/2018\/01\/pole-czaszek-muszer-web-781x1024.jpg 781w, https:\/\/dariusz-muszer.de\/pl\/wp-content\/uploads\/sites\/2\/2018\/01\/pole-czaszek-muszer-web.jpg 800w\" sizes=\"auto, (max-width: 229px) 100vw, 229px\" \/><\/a>\n\t\t\t<\/dt><\/dl><br style=\"clear: both\" \/><dl class='gallery-item'>\n\t\t\t<dt class='gallery-icon portrait'>\n\t\t\t\t<a href='https:\/\/dariusz-muszer.de\/pl\/galeria\/dariusz-muszer-schaedelfeld-presse\/#main'><img loading=\"lazy\" decoding=\"async\" width=\"198\" height=\"300\" src=\"https:\/\/dariusz-muszer.de\/pl\/wp-content\/uploads\/sites\/2\/2015\/11\/dariusz-muszer-schaedelfeld-presse-198x300.jpg\" class=\"attachment-medium size-medium\" alt=\"\" srcset=\"https:\/\/dariusz-muszer.de\/pl\/wp-content\/uploads\/sites\/2\/2015\/11\/dariusz-muszer-schaedelfeld-presse-198x300.jpg 198w, https:\/\/dariusz-muszer.de\/pl\/wp-content\/uploads\/sites\/2\/2015\/11\/dariusz-muszer-schaedelfeld-presse-99x150.jpg 99w, https:\/\/dariusz-muszer.de\/pl\/wp-content\/uploads\/sites\/2\/2015\/11\/dariusz-muszer-schaedelfeld-presse-676x1024.jpg 676w, https:\/\/dariusz-muszer.de\/pl\/wp-content\/uploads\/sites\/2\/2015\/11\/dariusz-muszer-schaedelfeld-presse.jpg 709w\" sizes=\"auto, (max-width: 198px) 100vw, 198px\" \/><\/a>\n\t\t\t<\/dt><\/dl><dl class='gallery-item'>\n\t\t\t<dt class='gallery-icon portrait'>\n\t\t\t\t<a href='https:\/\/dariusz-muszer.de\/pl\/krzysztof-niewrzeda-zapach-wolnosci\/gottes-homepage\/#main'><img loading=\"lazy\" decoding=\"async\" width=\"198\" height=\"300\" src=\"https:\/\/dariusz-muszer.de\/pl\/wp-content\/uploads\/sites\/2\/2015\/06\/gottes-homepage-198x300.jpg\" class=\"attachment-medium size-medium\" alt=\"\" srcset=\"https:\/\/dariusz-muszer.de\/pl\/wp-content\/uploads\/sites\/2\/2015\/06\/gottes-homepage-198x300.jpg 198w, https:\/\/dariusz-muszer.de\/pl\/wp-content\/uploads\/sites\/2\/2015\/06\/gottes-homepage-132x200.jpg 132w, https:\/\/dariusz-muszer.de\/pl\/wp-content\/uploads\/sites\/2\/2015\/06\/gottes-homepage.jpg 600w\" sizes=\"auto, (max-width: 198px) 100vw, 198px\" \/><\/a>\n\t\t\t<\/dt><\/dl><dl class='gallery-item'>\n\t\t\t<dt class='gallery-icon portrait'>\n\t\t\t\t<a href='https:\/\/dariusz-muszer.de\/pl\/krzysztof-niewrzeda-zapach-wolnosci\/der-echsenmann\/#main'><img loading=\"lazy\" decoding=\"async\" width=\"193\" height=\"300\" src=\"https:\/\/dariusz-muszer.de\/pl\/wp-content\/uploads\/sites\/2\/2015\/06\/der-echsenmann-193x300.jpg\" class=\"attachment-medium size-medium\" alt=\"\" srcset=\"https:\/\/dariusz-muszer.de\/pl\/wp-content\/uploads\/sites\/2\/2015\/06\/der-echsenmann-193x300.jpg 193w, https:\/\/dariusz-muszer.de\/pl\/wp-content\/uploads\/sites\/2\/2015\/06\/der-echsenmann-129x200.jpg 129w, https:\/\/dariusz-muszer.de\/pl\/wp-content\/uploads\/sites\/2\/2015\/06\/der-echsenmann.jpg 600w\" sizes=\"auto, (max-width: 193px) 100vw, 193px\" \/><\/a>\n\t\t\t<\/dt><\/dl><dl class='gallery-item'>\n\t\t\t<dt class='gallery-icon portrait'>\n\t\t\t\t<a href='https:\/\/dariusz-muszer.de\/pl\/krzysztof-niewrzeda-zapach-wolnosci\/die-freiheit-riecht-nach-vanille\/#main'><img loading=\"lazy\" decoding=\"async\" width=\"195\" height=\"300\" src=\"https:\/\/dariusz-muszer.de\/pl\/wp-content\/uploads\/sites\/2\/2015\/06\/die-freiheit-riecht-nach-vanille-195x300.jpg\" class=\"attachment-medium size-medium\" alt=\"\" srcset=\"https:\/\/dariusz-muszer.de\/pl\/wp-content\/uploads\/sites\/2\/2015\/06\/die-freiheit-riecht-nach-vanille-195x300.jpg 195w, https:\/\/dariusz-muszer.de\/pl\/wp-content\/uploads\/sites\/2\/2015\/06\/die-freiheit-riecht-nach-vanille-130x200.jpg 130w, https:\/\/dariusz-muszer.de\/pl\/wp-content\/uploads\/sites\/2\/2015\/06\/die-freiheit-riecht-nach-vanille.jpg 600w\" sizes=\"auto, (max-width: 195px) 100vw, 195px\" \/><\/a>\n\t\t\t<\/dt><\/dl><br style=\"clear: both\" \/><dl class='gallery-item'>\n\t\t\t<dt class='gallery-icon portrait'>\n\t\t\t\t<a href='https:\/\/dariusz-muszer.de\/pl\/galeria\/cover-2\/#main'><img loading=\"lazy\" decoding=\"async\" width=\"211\" height=\"300\" src=\"https:\/\/dariusz-muszer.de\/pl\/wp-content\/uploads\/sites\/2\/2019\/10\/cover-1-211x300.jpg\" class=\"attachment-medium size-medium\" alt=\"\" srcset=\"https:\/\/dariusz-muszer.de\/pl\/wp-content\/uploads\/sites\/2\/2019\/10\/cover-1-211x300.jpg 211w, https:\/\/dariusz-muszer.de\/pl\/wp-content\/uploads\/sites\/2\/2019\/10\/cover-1.jpg 704w\" sizes=\"auto, (max-width: 211px) 100vw, 211px\" \/><\/a>\n\t\t\t<\/dt><\/dl><dl class='gallery-item'>\n\t\t\t<dt class='gallery-icon portrait'>\n\t\t\t\t<a href='https:\/\/dariusz-muszer.de\/pl\/galeria\/cover\/#main'><img loading=\"lazy\" decoding=\"async\" width=\"211\" height=\"300\" src=\"https:\/\/dariusz-muszer.de\/pl\/wp-content\/uploads\/sites\/2\/2019\/10\/cover-211x300.jpg\" class=\"attachment-medium size-medium\" alt=\"\" srcset=\"https:\/\/dariusz-muszer.de\/pl\/wp-content\/uploads\/sites\/2\/2019\/10\/cover-211x300.jpg 211w, https:\/\/dariusz-muszer.de\/pl\/wp-content\/uploads\/sites\/2\/2019\/10\/cover.jpg 704w\" sizes=\"auto, (max-width: 211px) 100vw, 211px\" \/><\/a>\n\t\t\t<\/dt><\/dl><dl class='gallery-item'>\n\t\t\t<dt class='gallery-icon portrait'>\n\t\t\t\t<a href='https:\/\/dariusz-muszer.de\/pl\/galeria\/cover-4\/#main'><img loading=\"lazy\" decoding=\"async\" width=\"211\" height=\"300\" src=\"https:\/\/dariusz-muszer.de\/pl\/wp-content\/uploads\/sites\/2\/2019\/10\/cover-3-211x300.jpg\" class=\"attachment-medium size-medium\" alt=\"\" srcset=\"https:\/\/dariusz-muszer.de\/pl\/wp-content\/uploads\/sites\/2\/2019\/10\/cover-3-211x300.jpg 211w, https:\/\/dariusz-muszer.de\/pl\/wp-content\/uploads\/sites\/2\/2019\/10\/cover-3.jpg 704w\" sizes=\"auto, (max-width: 211px) 100vw, 211px\" \/><\/a>\n\t\t\t<\/dt><\/dl><dl class='gallery-item'>\n\t\t\t<dt class='gallery-icon portrait'>\n\t\t\t\t<a href='https:\/\/dariusz-muszer.de\/pl\/galeria\/cover-3\/#main'><img loading=\"lazy\" decoding=\"async\" width=\"211\" height=\"300\" src=\"https:\/\/dariusz-muszer.de\/pl\/wp-content\/uploads\/sites\/2\/2019\/10\/cover-2-211x300.jpg\" class=\"attachment-medium size-medium\" alt=\"\" srcset=\"https:\/\/dariusz-muszer.de\/pl\/wp-content\/uploads\/sites\/2\/2019\/10\/cover-2-211x300.jpg 211w, https:\/\/dariusz-muszer.de\/pl\/wp-content\/uploads\/sites\/2\/2019\/10\/cover-2.jpg 704w\" sizes=\"auto, (max-width: 211px) 100vw, 211px\" \/><\/a>\n\t\t\t<\/dt><\/dl><br style=\"clear: both\" \/><dl class='gallery-item'>\n\t\t\t<dt class='gallery-icon portrait'>\n\t\t\t\t<a href='https:\/\/dariusz-muszer.de\/pl\/proza\/lummick-2\/#main'><img loading=\"lazy\" decoding=\"async\" width=\"214\" height=\"300\" src=\"https:\/\/dariusz-muszer.de\/pl\/wp-content\/uploads\/sites\/2\/2015\/06\/lummick-214x300.jpg\" class=\"attachment-medium size-medium\" alt=\"Lummick\" srcset=\"https:\/\/dariusz-muszer.de\/pl\/wp-content\/uploads\/sites\/2\/2015\/06\/lummick-214x300.jpg 214w, https:\/\/dariusz-muszer.de\/pl\/wp-content\/uploads\/sites\/2\/2015\/06\/lummick-142x200.jpg 142w, https:\/\/dariusz-muszer.de\/pl\/wp-content\/uploads\/sites\/2\/2015\/06\/lummick.jpg 484w\" sizes=\"auto, (max-width: 214px) 100vw, 214px\" \/><\/a>\n\t\t\t<\/dt><\/dl><dl class='gallery-item'>\n\t\t\t<dt class='gallery-icon portrait'>\n\t\t\t\t<a href='https:\/\/dariusz-muszer.de\/pl\/poezja\/zapomniany-strajk-2\/#main'><img loading=\"lazy\" decoding=\"async\" width=\"196\" height=\"300\" src=\"https:\/\/dariusz-muszer.de\/pl\/wp-content\/uploads\/sites\/2\/2015\/06\/zapomniany-strajk-196x300.jpg\" class=\"attachment-medium size-medium\" alt=\"Zapomniany strajk\" srcset=\"https:\/\/dariusz-muszer.de\/pl\/wp-content\/uploads\/sites\/2\/2015\/06\/zapomniany-strajk-196x300.jpg 196w, https:\/\/dariusz-muszer.de\/pl\/wp-content\/uploads\/sites\/2\/2015\/06\/zapomniany-strajk-131x200.jpg 131w, https:\/\/dariusz-muszer.de\/pl\/wp-content\/uploads\/sites\/2\/2015\/06\/zapomniany-strajk.jpg 600w\" sizes=\"auto, (max-width: 196px) 100vw, 196px\" \/><\/a>\n\t\t\t<\/dt><\/dl><dl class='gallery-item'>\n\t\t\t<dt class='gallery-icon portrait'>\n\t\t\t\t<a href='https:\/\/dariusz-muszer.de\/pl\/piotr-golinski-na-tropie-biografii\/lummick-e-book\/#main'><img loading=\"lazy\" decoding=\"async\" width=\"211\" height=\"300\" src=\"https:\/\/dariusz-muszer.de\/pl\/wp-content\/uploads\/sites\/2\/2015\/06\/lummick-e-book-211x300.jpg\" class=\"attachment-medium size-medium\" alt=\"Lummick\" srcset=\"https:\/\/dariusz-muszer.de\/pl\/wp-content\/uploads\/sites\/2\/2015\/06\/lummick-e-book-211x300.jpg 211w, https:\/\/dariusz-muszer.de\/pl\/wp-content\/uploads\/sites\/2\/2015\/06\/lummick-e-book-141x200.jpg 141w, https:\/\/dariusz-muszer.de\/pl\/wp-content\/uploads\/sites\/2\/2015\/06\/lummick-e-book.jpg 704w\" sizes=\"auto, (max-width: 211px) 100vw, 211px\" \/><\/a>\n\t\t\t<\/dt><\/dl><dl class='gallery-item'>\n\t\t\t<dt class='gallery-icon landscape'>\n\t\t\t\t<a href='https:\/\/dariusz-muszer.de\/pl\/proza\/homepage-boga\/homepage-boga-2\/#main'><img loading=\"lazy\" decoding=\"async\" width=\"300\" height=\"300\" src=\"https:\/\/dariusz-muszer.de\/pl\/wp-content\/uploads\/sites\/2\/2015\/06\/homepage-boga-300x300.jpg\" class=\"attachment-medium size-medium\" alt=\"Homepage Boga\" srcset=\"https:\/\/dariusz-muszer.de\/pl\/wp-content\/uploads\/sites\/2\/2015\/06\/homepage-boga-300x300.jpg 300w, https:\/\/dariusz-muszer.de\/pl\/wp-content\/uploads\/sites\/2\/2015\/06\/homepage-boga-200x200.jpg 200w, https:\/\/dariusz-muszer.de\/pl\/wp-content\/uploads\/sites\/2\/2015\/06\/homepage-boga.jpg 600w\" sizes=\"auto, (max-width: 300px) 100vw, 300px\" \/><\/a>\n\t\t\t<\/dt><\/dl><br style=\"clear: both\" \/><dl class='gallery-item'>\n\t\t\t<dt class='gallery-icon landscape'>\n\t\t\t\t<a href='https:\/\/dariusz-muszer.de\/pl\/proza\/wolnosc-pachnie-wanilia-2\/#main'><img loading=\"lazy\" decoding=\"async\" width=\"300\" height=\"300\" src=\"https:\/\/dariusz-muszer.de\/pl\/wp-content\/uploads\/sites\/2\/2015\/06\/wolnosc-pachnie-wanilia-300x300.jpg\" class=\"attachment-medium size-medium\" alt=\"Wolno\u015b\u0107 pachnie wanili\u0105\" srcset=\"https:\/\/dariusz-muszer.de\/pl\/wp-content\/uploads\/sites\/2\/2015\/06\/wolnosc-pachnie-wanilia-300x300.jpg 300w, https:\/\/dariusz-muszer.de\/pl\/wp-content\/uploads\/sites\/2\/2015\/06\/wolnosc-pachnie-wanilia-200x200.jpg 200w, https:\/\/dariusz-muszer.de\/pl\/wp-content\/uploads\/sites\/2\/2015\/06\/wolnosc-pachnie-wanilia.jpg 600w\" sizes=\"auto, (max-width: 300px) 100vw, 300px\" \/><\/a>\n\t\t\t<\/dt><\/dl><dl class='gallery-item'>\n\t\t\t<dt class='gallery-icon landscape'>\n\t\t\t\t<a href='https:\/\/dariusz-muszer.de\/pl\/proza\/niebieski-2\/#main'><img loading=\"lazy\" decoding=\"async\" width=\"300\" height=\"300\" src=\"https:\/\/dariusz-muszer.de\/pl\/wp-content\/uploads\/sites\/2\/2015\/06\/niebieski-300x300.jpg\" class=\"attachment-medium size-medium\" alt=\"Niebieski\" srcset=\"https:\/\/dariusz-muszer.de\/pl\/wp-content\/uploads\/sites\/2\/2015\/06\/niebieski-300x300.jpg 300w, https:\/\/dariusz-muszer.de\/pl\/wp-content\/uploads\/sites\/2\/2015\/06\/niebieski-200x200.jpg 200w, https:\/\/dariusz-muszer.de\/pl\/wp-content\/uploads\/sites\/2\/2015\/06\/niebieski.jpg 600w\" sizes=\"auto, (max-width: 300px) 100vw, 300px\" \/><\/a>\n\t\t\t<\/dt><\/dl><dl class='gallery-item'>\n\t\t\t<dt class='gallery-icon portrait'>\n\t\t\t\t<a href='https:\/\/dariusz-muszer.de\/pl\/poezja\/jestem-chlop-2\/#main'><img loading=\"lazy\" decoding=\"async\" width=\"213\" height=\"300\" src=\"https:\/\/dariusz-muszer.de\/pl\/wp-content\/uploads\/sites\/2\/2015\/06\/jestem-chlop-213x300.jpg\" class=\"attachment-medium size-medium\" alt=\"Jestem ch\u0142op\" srcset=\"https:\/\/dariusz-muszer.de\/pl\/wp-content\/uploads\/sites\/2\/2015\/06\/jestem-chlop-213x300.jpg 213w, https:\/\/dariusz-muszer.de\/pl\/wp-content\/uploads\/sites\/2\/2015\/06\/jestem-chlop-142x200.jpg 142w, https:\/\/dariusz-muszer.de\/pl\/wp-content\/uploads\/sites\/2\/2015\/06\/jestem-chlop.jpg 600w\" sizes=\"auto, (max-width: 213px) 100vw, 213px\" \/><\/a>\n\t\t\t<\/dt><\/dl><dl class='gallery-item'>\n\t\t\t<dt class='gallery-icon portrait'>\n\t\t\t\t<a href='https:\/\/dariusz-muszer.de\/pl\/poezja\/wszyscy-moi-nieznajomi-2\/#main'><img loading=\"lazy\" decoding=\"async\" width=\"216\" height=\"300\" src=\"https:\/\/dariusz-muszer.de\/pl\/wp-content\/uploads\/sites\/2\/2015\/06\/wszyscy-moi-nieznajomi-216x300.jpg\" class=\"attachment-medium size-medium\" alt=\"Wszyscy moi nieznajomi\" srcset=\"https:\/\/dariusz-muszer.de\/pl\/wp-content\/uploads\/sites\/2\/2015\/06\/wszyscy-moi-nieznajomi-216x300.jpg 216w, https:\/\/dariusz-muszer.de\/pl\/wp-content\/uploads\/sites\/2\/2015\/06\/wszyscy-moi-nieznajomi-144x200.jpg 144w, https:\/\/dariusz-muszer.de\/pl\/wp-content\/uploads\/sites\/2\/2015\/06\/wszyscy-moi-nieznajomi.jpg 600w\" sizes=\"auto, (max-width: 216px) 100vw, 216px\" \/><\/a>\n\t\t\t<\/dt><\/dl><br style=\"clear: both\" \/><dl class='gallery-item'>\n\t\t\t<dt class='gallery-icon portrait'>\n\t\t\t\t<a href='https:\/\/dariusz-muszer.de\/pl\/poezja\/ksiega-zielonej-kamizelki-2\/#main'><img loading=\"lazy\" decoding=\"async\" width=\"274\" height=\"300\" src=\"https:\/\/dariusz-muszer.de\/pl\/wp-content\/uploads\/sites\/2\/2015\/06\/ksiega-zielonej-kamizelki-274x300.jpg\" class=\"attachment-medium size-medium\" alt=\"Ksi\u0119ga zielonej kamizelki\" srcset=\"https:\/\/dariusz-muszer.de\/pl\/wp-content\/uploads\/sites\/2\/2015\/06\/ksiega-zielonej-kamizelki-274x300.jpg 274w, https:\/\/dariusz-muszer.de\/pl\/wp-content\/uploads\/sites\/2\/2015\/06\/ksiega-zielonej-kamizelki-183x200.jpg 183w, https:\/\/dariusz-muszer.de\/pl\/wp-content\/uploads\/sites\/2\/2015\/06\/ksiega-zielonej-kamizelki.jpg 600w\" sizes=\"auto, (max-width: 274px) 100vw, 274px\" \/><\/a>\n\t\t\t<\/dt><\/dl><dl class='gallery-item'>\n\t\t\t<dt class='gallery-icon portrait'>\n\t\t\t\t<a href='https:\/\/dariusz-muszer.de\/pl\/poezja\/panna-franciszka-pomylony-akordeon-i-inne-wiersze\/#main'><img loading=\"lazy\" decoding=\"async\" width=\"217\" height=\"300\" src=\"https:\/\/dariusz-muszer.de\/pl\/wp-content\/uploads\/sites\/2\/2015\/06\/panna-franciszka-pomylony-akordeon-i-inne-wiersze-217x300.jpg\" class=\"attachment-medium size-medium\" alt=\"Panna Franciszka, pomylony akordeon i inne wiersze\" srcset=\"https:\/\/dariusz-muszer.de\/pl\/wp-content\/uploads\/sites\/2\/2015\/06\/panna-franciszka-pomylony-akordeon-i-inne-wiersze-217x300.jpg 217w, https:\/\/dariusz-muszer.de\/pl\/wp-content\/uploads\/sites\/2\/2015\/06\/panna-franciszka-pomylony-akordeon-i-inne-wiersze-144x200.jpg 144w, https:\/\/dariusz-muszer.de\/pl\/wp-content\/uploads\/sites\/2\/2015\/06\/panna-franciszka-pomylony-akordeon-i-inne-wiersze.jpg 600w\" sizes=\"auto, (max-width: 217px) 100vw, 217px\" \/><\/a>\n\t\t\t<\/dt><\/dl><dl class='gallery-item'>\n\t\t\t<dt class='gallery-icon portrait'>\n\t\t\t\t<a href='https:\/\/dariusz-muszer.de\/pl\/proza\/ludziojad-2\/#main'><img loading=\"lazy\" decoding=\"async\" width=\"209\" height=\"300\" src=\"https:\/\/dariusz-muszer.de\/pl\/wp-content\/uploads\/sites\/2\/2015\/06\/ludziojad-209x300.jpg\" class=\"attachment-medium size-medium\" alt=\"Ludziojad\" srcset=\"https:\/\/dariusz-muszer.de\/pl\/wp-content\/uploads\/sites\/2\/2015\/06\/ludziojad-209x300.jpg 209w, https:\/\/dariusz-muszer.de\/pl\/wp-content\/uploads\/sites\/2\/2015\/06\/ludziojad-139x200.jpg 139w, https:\/\/dariusz-muszer.de\/pl\/wp-content\/uploads\/sites\/2\/2015\/06\/ludziojad.jpg 600w\" sizes=\"auto, (max-width: 209px) 100vw, 209px\" \/><\/a>\n\t\t\t<\/dt><\/dl><dl class='gallery-item'>\n\t\t\t<dt class='gallery-icon portrait'>\n\t\t\t\t<a href='https:\/\/dariusz-muszer.de\/pl\/galeria\/die-geliebten-aus-r-und-andere-gedichte-2\/#main'><img loading=\"lazy\" decoding=\"async\" width=\"183\" height=\"300\" src=\"https:\/\/dariusz-muszer.de\/pl\/wp-content\/uploads\/sites\/2\/2015\/11\/die-geliebten-aus-r-und-andere-gedichte-183x300.jpg\" class=\"attachment-medium size-medium\" alt=\"\" srcset=\"https:\/\/dariusz-muszer.de\/pl\/wp-content\/uploads\/sites\/2\/2015\/11\/die-geliebten-aus-r-und-andere-gedichte-183x300.jpg 183w, https:\/\/dariusz-muszer.de\/pl\/wp-content\/uploads\/sites\/2\/2015\/11\/die-geliebten-aus-r-und-andere-gedichte-91x150.jpg 91w, https:\/\/dariusz-muszer.de\/pl\/wp-content\/uploads\/sites\/2\/2015\/11\/die-geliebten-aus-r-und-andere-gedichte.jpg 600w\" sizes=\"auto, (max-width: 183px) 100vw, 183px\" \/><\/a>\n\t\t\t<\/dt><\/dl><br style=\"clear: both\" \/><dl class='gallery-item'>\n\t\t\t<dt class='gallery-icon portrait'>\n\t\t\t\t<a href='https:\/\/dariusz-muszer.de\/pl\/poezja\/pestki-i-ogryzki-2\/#main'><img loading=\"lazy\" decoding=\"async\" width=\"213\" height=\"300\" src=\"https:\/\/dariusz-muszer.de\/pl\/wp-content\/uploads\/sites\/2\/2015\/06\/pestki-i-ogryzki-213x300.jpg\" class=\"attachment-medium size-medium\" alt=\"Pestki i ogryzki\" srcset=\"https:\/\/dariusz-muszer.de\/pl\/wp-content\/uploads\/sites\/2\/2015\/06\/pestki-i-ogryzki-213x300.jpg 213w, https:\/\/dariusz-muszer.de\/pl\/wp-content\/uploads\/sites\/2\/2015\/06\/pestki-i-ogryzki-142x200.jpg 142w, https:\/\/dariusz-muszer.de\/pl\/wp-content\/uploads\/sites\/2\/2015\/06\/pestki-i-ogryzki.jpg 600w\" sizes=\"auto, (max-width: 213px) 100vw, 213px\" \/><\/a>\n\t\t\t<\/dt><\/dl><dl class='gallery-item'>\n\t\t\t<dt class='gallery-icon portrait'>\n\t\t\t\t<a href='https:\/\/dariusz-muszer.de\/pl\/poezja\/zatrzymane-wersy-2\/#main'><img loading=\"lazy\" decoding=\"async\" width=\"216\" height=\"300\" src=\"https:\/\/dariusz-muszer.de\/pl\/wp-content\/uploads\/sites\/2\/2015\/06\/zatrzymane-wersy-216x300.jpg\" class=\"attachment-medium size-medium\" alt=\"Zatrzymane wersy\" srcset=\"https:\/\/dariusz-muszer.de\/pl\/wp-content\/uploads\/sites\/2\/2015\/06\/zatrzymane-wersy-216x300.jpg 216w, https:\/\/dariusz-muszer.de\/pl\/wp-content\/uploads\/sites\/2\/2015\/06\/zatrzymane-wersy-144x200.jpg 144w, https:\/\/dariusz-muszer.de\/pl\/wp-content\/uploads\/sites\/2\/2015\/06\/zatrzymane-wersy.jpg 600w\" sizes=\"auto, (max-width: 216px) 100vw, 216px\" \/><\/a>\n\t\t\t<\/dt><\/dl><dl class='gallery-item'>\n\t\t\t<dt class='gallery-icon portrait'>\n\t\t\t\t<a href='https:\/\/dariusz-muszer.de\/pl\/poezja\/cudowny-swiat-zepsutych-mrowek-2\/#main'><img loading=\"lazy\" decoding=\"async\" width=\"209\" height=\"300\" src=\"https:\/\/dariusz-muszer.de\/pl\/wp-content\/uploads\/sites\/2\/2015\/06\/cudowny-swiat-zepsutych-mrowek-209x300.jpg\" class=\"attachment-medium size-medium\" alt=\"Cudowny \u015bwiat zepsutych mr\u00f3wek\" srcset=\"https:\/\/dariusz-muszer.de\/pl\/wp-content\/uploads\/sites\/2\/2015\/06\/cudowny-swiat-zepsutych-mrowek-209x300.jpg 209w, https:\/\/dariusz-muszer.de\/pl\/wp-content\/uploads\/sites\/2\/2015\/06\/cudowny-swiat-zepsutych-mrowek-139x200.jpg 139w, https:\/\/dariusz-muszer.de\/pl\/wp-content\/uploads\/sites\/2\/2015\/06\/cudowny-swiat-zepsutych-mrowek.jpg 600w\" sizes=\"auto, (max-width: 209px) 100vw, 209px\" \/><\/a>\n\t\t\t<\/dt><\/dl>\n\t\t\t<br style='clear: both' \/>\n\t\t<\/div>\n\n","protected":false},"excerpt":{"rendered":"<p>Zdj\u0119cia prasowe: &nbsp; &nbsp; Ok\u0142adki ksi\u0105\u017cek:<\/p>\n","protected":false},"author":1,"featured_media":931,"parent":0,"menu_order":3,"comment_status":"closed","ping_status":"closed","template":"","meta":{"footnotes":""},"class_list":["post-799","page","type-page","status-publish","has-post-thumbnail","hentry"],"yoast_head":"<!-- This site is optimized with the Yoast SEO plugin v27.0 - https:\/\/yoast.com\/product\/yoast-seo-wordpress\/ -->\n<title>Galeria - Dariusz Muszer<\/title>\n<meta name=\"description\" content=\"Dariusz Muszer - Galeria zdj\u0119\u0107.\" \/>\n<meta name=\"robots\" content=\"index, follow, max-snippet:-1, max-image-preview:large, max-video-preview:-1\" \/>\n<link rel=\"canonical\" href=\"https:\/\/dariusz-muszer.de\/pl\/galeria\/\" \/>\n<meta property=\"og:locale\" content=\"pl_PL\" \/>\n<meta property=\"og:type\" content=\"article\" \/>\n<meta property=\"og:title\" content=\"Galeria - Dariusz Muszer\" \/>\n<meta property=\"og:description\" content=\"Dariusz Muszer - Galeria zdj\u0119\u0107.\" \/>\n<meta property=\"og:url\" content=\"https:\/\/dariusz-muszer.de\/pl\/galeria\/\" \/>\n<meta property=\"og:site_name\" content=\"Dariusz Muszer\" \/>\n<meta property=\"article:modified_time\" content=\"2022-11-26T22:48:17+00:00\" \/>\n<meta property=\"og:image\" content=\"https:\/\/dariusz-muszer.de\/pl\/wp-content\/uploads\/sites\/2\/2015\/06\/Dariusz_Muszer_BildNr9181_Fotografie_und_Copyright_Emanuela_Danielewicz_14x21cm_mN_2_mail.jpg\" \/>\n\t<meta property=\"og:image:width\" content=\"886\" \/>\n\t<meta property=\"og:image:height\" content=\"591\" \/>\n\t<meta property=\"og:image:type\" content=\"image\/jpeg\" \/>\n<meta name=\"twitter:card\" content=\"summary_large_image\" \/>\n<meta name=\"twitter:label1\" content=\"Szacowany czas czytania\" \/>\n\t<meta name=\"twitter:data1\" content=\"1 minuta\" \/>\n<script type=\"application\/ld+json\" class=\"yoast-schema-graph\">{\"@context\":\"https:\/\/schema.org\",\"@graph\":[{\"@type\":\"WebPage\",\"@id\":\"https:\/\/dariusz-muszer.de\/pl\/galeria\/\",\"url\":\"https:\/\/dariusz-muszer.de\/pl\/galeria\/\",\"name\":\"Galeria - Dariusz Muszer\",\"isPartOf\":{\"@id\":\"https:\/\/dariusz-muszer.de\/pl\/#website\"},\"primaryImageOfPage\":{\"@id\":\"https:\/\/dariusz-muszer.de\/pl\/galeria\/#primaryimage\"},\"image\":{\"@id\":\"https:\/\/dariusz-muszer.de\/pl\/galeria\/#primaryimage\"},\"thumbnailUrl\":\"https:\/\/dariusz-muszer.de\/pl\/wp-content\/uploads\/sites\/2\/2015\/06\/Dariusz_Muszer_BildNr9181_Fotografie_und_Copyright_Emanuela_Danielewicz_14x21cm_mN_2_mail.jpg\",\"datePublished\":\"2015-11-02T19:19:15+00:00\",\"dateModified\":\"2022-11-26T22:48:17+00:00\",\"description\":\"Dariusz Muszer - Galeria zdj\u0119\u0107.\",\"breadcrumb\":{\"@id\":\"https:\/\/dariusz-muszer.de\/pl\/galeria\/#breadcrumb\"},\"inLanguage\":\"pl-PL\",\"potentialAction\":[{\"@type\":\"ReadAction\",\"target\":[\"https:\/\/dariusz-muszer.de\/pl\/galeria\/\"]}]},{\"@type\":\"ImageObject\",\"inLanguage\":\"pl-PL\",\"@id\":\"https:\/\/dariusz-muszer.de\/pl\/galeria\/#primaryimage\",\"url\":\"https:\/\/dariusz-muszer.de\/pl\/wp-content\/uploads\/sites\/2\/2015\/06\/Dariusz_Muszer_BildNr9181_Fotografie_und_Copyright_Emanuela_Danielewicz_14x21cm_mN_2_mail.jpg\",\"contentUrl\":\"https:\/\/dariusz-muszer.de\/pl\/wp-content\/uploads\/sites\/2\/2015\/06\/Dariusz_Muszer_BildNr9181_Fotografie_und_Copyright_Emanuela_Danielewicz_14x21cm_mN_2_mail.jpg\",\"width\":886,\"height\":591,\"caption\":\"Foto: Emanuela Danielewicz\"},{\"@type\":\"BreadcrumbList\",\"@id\":\"https:\/\/dariusz-muszer.de\/pl\/galeria\/#breadcrumb\",\"itemListElement\":[{\"@type\":\"ListItem\",\"position\":1,\"name\":\"Strona g\u0142\u00f3wna\",\"item\":\"https:\/\/dariusz-muszer.de\/pl\/\"},{\"@type\":\"ListItem\",\"position\":2,\"name\":\"Galeria\"}]},{\"@type\":\"WebSite\",\"@id\":\"https:\/\/dariusz-muszer.de\/pl\/#website\",\"url\":\"https:\/\/dariusz-muszer.de\/pl\/\",\"name\":\"Dariusz Muszer\",\"description\":\"pisarz\",\"potentialAction\":[{\"@type\":\"SearchAction\",\"target\":{\"@type\":\"EntryPoint\",\"urlTemplate\":\"https:\/\/dariusz-muszer.de\/pl\/?s={search_term_string}\"},\"query-input\":{\"@type\":\"PropertyValueSpecification\",\"valueRequired\":true,\"valueName\":\"search_term_string\"}}],\"inLanguage\":\"pl-PL\"}]}<\/script>\n<!-- \/ Yoast SEO plugin. -->","yoast_head_json":{"title":"Galeria - Dariusz Muszer","description":"Dariusz Muszer - Galeria zdj\u0119\u0107.","robots":{"index":"index","follow":"follow","max-snippet":"max-snippet:-1","max-image-preview":"max-image-preview:large","max-video-preview":"max-video-preview:-1"},"canonical":"https:\/\/dariusz-muszer.de\/pl\/galeria\/","og_locale":"pl_PL","og_type":"article","og_title":"Galeria - Dariusz Muszer","og_description":"Dariusz Muszer - Galeria zdj\u0119\u0107.","og_url":"https:\/\/dariusz-muszer.de\/pl\/galeria\/","og_site_name":"Dariusz Muszer","article_modified_time":"2022-11-26T22:48:17+00:00","og_image":[{"width":886,"height":591,"url":"https:\/\/dariusz-muszer.de\/pl\/wp-content\/uploads\/sites\/2\/2015\/06\/Dariusz_Muszer_BildNr9181_Fotografie_und_Copyright_Emanuela_Danielewicz_14x21cm_mN_2_mail.jpg","type":"image\/jpeg"}],"twitter_card":"summary_large_image","twitter_misc":{"Szacowany czas czytania":"1 minuta"},"schema":{"@context":"https:\/\/schema.org","@graph":[{"@type":"WebPage","@id":"https:\/\/dariusz-muszer.de\/pl\/galeria\/","url":"https:\/\/dariusz-muszer.de\/pl\/galeria\/","name":"Galeria - Dariusz Muszer","isPartOf":{"@id":"https:\/\/dariusz-muszer.de\/pl\/#website"},"primaryImageOfPage":{"@id":"https:\/\/dariusz-muszer.de\/pl\/galeria\/#primaryimage"},"image":{"@id":"https:\/\/dariusz-muszer.de\/pl\/galeria\/#primaryimage"},"thumbnailUrl":"https:\/\/dariusz-muszer.de\/pl\/wp-content\/uploads\/sites\/2\/2015\/06\/Dariusz_Muszer_BildNr9181_Fotografie_und_Copyright_Emanuela_Danielewicz_14x21cm_mN_2_mail.jpg","datePublished":"2015-11-02T19:19:15+00:00","dateModified":"2022-11-26T22:48:17+00:00","description":"Dariusz Muszer - Galeria zdj\u0119\u0107.","breadcrumb":{"@id":"https:\/\/dariusz-muszer.de\/pl\/galeria\/#breadcrumb"},"inLanguage":"pl-PL","potentialAction":[{"@type":"ReadAction","target":["https:\/\/dariusz-muszer.de\/pl\/galeria\/"]}]},{"@type":"ImageObject","inLanguage":"pl-PL","@id":"https:\/\/dariusz-muszer.de\/pl\/galeria\/#primaryimage","url":"https:\/\/dariusz-muszer.de\/pl\/wp-content\/uploads\/sites\/2\/2015\/06\/Dariusz_Muszer_BildNr9181_Fotografie_und_Copyright_Emanuela_Danielewicz_14x21cm_mN_2_mail.jpg","contentUrl":"https:\/\/dariusz-muszer.de\/pl\/wp-content\/uploads\/sites\/2\/2015\/06\/Dariusz_Muszer_BildNr9181_Fotografie_und_Copyright_Emanuela_Danielewicz_14x21cm_mN_2_mail.jpg","width":886,"height":591,"caption":"Foto: Emanuela Danielewicz"},{"@type":"BreadcrumbList","@id":"https:\/\/dariusz-muszer.de\/pl\/galeria\/#breadcrumb","itemListElement":[{"@type":"ListItem","position":1,"name":"Strona g\u0142\u00f3wna","item":"https:\/\/dariusz-muszer.de\/pl\/"},{"@type":"ListItem","position":2,"name":"Galeria"}]},{"@type":"WebSite","@id":"https:\/\/dariusz-muszer.de\/pl\/#website","url":"https:\/\/dariusz-muszer.de\/pl\/","name":"Dariusz Muszer","description":"pisarz","potentialAction":[{"@type":"SearchAction","target":{"@type":"EntryPoint","urlTemplate":"https:\/\/dariusz-muszer.de\/pl\/?s={search_term_string}"},"query-input":{"@type":"PropertyValueSpecification","valueRequired":true,"valueName":"search_term_string"}}],"inLanguage":"pl-PL"}]}},"_links":{"self":[{"href":"https:\/\/dariusz-muszer.de\/pl\/wp-json\/wp\/v2\/pages\/799","targetHints":{"allow":["GET"]}}],"collection":[{"href":"https:\/\/dariusz-muszer.de\/pl\/wp-json\/wp\/v2\/pages"}],"about":[{"href":"https:\/\/dariusz-muszer.de\/pl\/wp-json\/wp\/v2\/types\/page"}],"author":[{"embeddable":true,"href":"https:\/\/dariusz-muszer.de\/pl\/wp-json\/wp\/v2\/users\/1"}],"replies":[{"embeddable":true,"href":"https:\/\/dariusz-muszer.de\/pl\/wp-json\/wp\/v2\/comments?post=799"}],"version-history":[{"count":14,"href":"https:\/\/dariusz-muszer.de\/pl\/wp-json\/wp\/v2\/pages\/799\/revisions"}],"predecessor-version":[{"id":1636,"href":"https:\/\/dariusz-muszer.de\/pl\/wp-json\/wp\/v2\/pages\/799\/revisions\/1636"}],"wp:featuredmedia":[{"embeddable":true,"href":"https:\/\/dariusz-muszer.de\/pl\/wp-json\/wp\/v2\/media\/931"}],"wp:attachment":[{"href":"https:\/\/dariusz-muszer.de\/pl\/wp-json\/wp\/v2\/media?parent=799"}],"curies":[{"name":"wp","href":"https:\/\/api.w.org\/{rel}","templated":true}]}}