{"id":5,"date":"2015-06-01T12:31:55","date_gmt":"2015-06-01T10:31:55","guid":{"rendered":"http:\/\/dariusz-muszer.de\/pl\/?page_id=5"},"modified":"2021-05-11T15:27:21","modified_gmt":"2021-05-11T13:27:21","slug":"poezja","status":"publish","type":"page","link":"https:\/\/dariusz-muszer.de\/pl\/poezja\/","title":{"rendered":"Poezja"},"content":{"rendered":"<table class=\" alignleft\" style=\"height: 1965px; width: 100%; border-collapse: collapse;\">\n<tbody>\n<tr>\n<td style=\"width: 24.9355%;\"><img loading=\"lazy\" decoding=\"async\" class=\"alignleft wp-image-1511\" src=\"https:\/\/dariusz-muszer.de\/pl\/wp-content\/uploads\/sites\/2\/2021\/05\/dzieci-krotszej-nogi-Syzyfa-Muszer-229x300.jpg\" alt=\"Dzieci kr\u00f3tszej nogi Syzyfa - Dariusz Muszer\" width=\"145\" height=\"190\" srcset=\"https:\/\/dariusz-muszer.de\/pl\/wp-content\/uploads\/sites\/2\/2021\/05\/dzieci-krotszej-nogi-Syzyfa-Muszer-229x300.jpg 229w, https:\/\/dariusz-muszer.de\/pl\/wp-content\/uploads\/sites\/2\/2021\/05\/dzieci-krotszej-nogi-Syzyfa-Muszer.jpg 500w\" sizes=\"auto, (max-width: 145px) 100vw, 145px\" \/><\/td>\n<td style=\"width: 75.0645%; text-align: left; vertical-align: middle;\">\n<h3><a href=\"https:\/\/dariusz-muszer.de\/pl\/poezja\/dzieci-krotszej-nogi-syzyfa\/\">Dzieci kr\u00f3tszej nogi Syzyfa<\/a><\/h3>\n<\/td>\n<\/tr>\n<tr>\n<td style=\"width: 24.9355%;\"><img loading=\"lazy\" decoding=\"async\" class=\"alignleft wp-image-1512\" src=\"https:\/\/dariusz-muszer.de\/pl\/wp-content\/uploads\/sites\/2\/2021\/05\/ksiega-ramion-deszczu-229x300.jpg\" alt=\"Ksi\u0119ga ramion deszczu - Dariusz Muszer\" width=\"145\" height=\"190\" srcset=\"https:\/\/dariusz-muszer.de\/pl\/wp-content\/uploads\/sites\/2\/2021\/05\/ksiega-ramion-deszczu-229x300.jpg 229w, https:\/\/dariusz-muszer.de\/pl\/wp-content\/uploads\/sites\/2\/2021\/05\/ksiega-ramion-deszczu.jpg 488w\" sizes=\"auto, (max-width: 145px) 100vw, 145px\" \/><\/td>\n<td style=\"width: 75.0645%; text-align: left; vertical-align: middle;\">\n<h3><a href=\"https:\/\/dariusz-muszer.de\/pl\/poezja\/ksiega-ramion-deszczu\/\">Ksi\u0119ga ramion deszczu. Haiku<\/a><\/h3>\n<\/td>\n<\/tr>\n<tr style=\"height: 199px;\">\n<td style=\"width: 24.9355%; height: 199px;\"><a href=\"https:\/\/dariusz-muszer.de\/pl\/poezja\/wiersze-poniemieckie\/\"><img loading=\"lazy\" decoding=\"async\" class=\"alignleft wp-image-1308\" src=\"https:\/\/dariusz-muszer.de\/pl\/wp-content\/uploads\/sites\/2\/2019\/09\/muszer-wiersze-poniemieckie-229x300.jpg\" alt=\"Muszer Wiersze poniemieckie\" width=\"145\" height=\"190\" srcset=\"https:\/\/dariusz-muszer.de\/pl\/wp-content\/uploads\/sites\/2\/2019\/09\/muszer-wiersze-poniemieckie-229x300.jpg 229w, https:\/\/dariusz-muszer.de\/pl\/wp-content\/uploads\/sites\/2\/2019\/09\/muszer-wiersze-poniemieckie.jpg 732w\" sizes=\"auto, (max-width: 145px) 100vw, 145px\" \/><\/a><\/td>\n<td style=\"width: 75.0645%; text-align: left; vertical-align: middle; height: 199px;\">\n<h3><a href=\"https:\/\/dariusz-muszer.de\/pl\/poezja\/wiersze-poniemieckie\/\">Wiersze poniemieckie<\/a><\/h3>\n<\/td>\n<\/tr>\n<tr style=\"height: 216px;\">\n<td style=\"width: 24.9355%; height: 216px;\"><a href=\"https:\/\/dariusz-muszer.de\/pl\/wp-content\/uploads\/sites\/2\/2015\/06\/zapomniany-strajk.jpg\" rel=\"lightbox[5]\"><img loading=\"lazy\" decoding=\"async\" class=\"alignleft wp-image-444\" src=\"https:\/\/dariusz-muszer.de\/pl\/wp-content\/uploads\/sites\/2\/2015\/06\/zapomniany-strajk-131x200.jpg\" alt=\"Zapomniany strajk\" width=\"131\" height=\"200\" srcset=\"https:\/\/dariusz-muszer.de\/pl\/wp-content\/uploads\/sites\/2\/2015\/06\/zapomniany-strajk-131x200.jpg 131w, https:\/\/dariusz-muszer.de\/pl\/wp-content\/uploads\/sites\/2\/2015\/06\/zapomniany-strajk-196x300.jpg 196w, https:\/\/dariusz-muszer.de\/pl\/wp-content\/uploads\/sites\/2\/2015\/06\/zapomniany-strajk.jpg 600w\" sizes=\"auto, (max-width: 131px) 100vw, 131px\" \/><\/a><\/td>\n<td style=\"width: 75.0645%; text-align: left; vertical-align: middle; height: 216px;\">\n<h3><a href=\"https:\/\/dariusz-muszer.de\/pl\/poezja\/zapomniany-strajk\/\">Zapomniany strajk<\/a><\/h3>\n<p><a href=\"https:\/\/dariusz-muszer.de\/pl\/poezja\/zapomniany-strajk\/\"><strong>(Pozna\u0144, 29 stycznia &#8211; 19 lutego 1981)<\/strong><\/a><\/td>\n<\/tr>\n<tr style=\"height: 218px;\">\n<td style=\"width: 24.9355%; height: 218px;\"><a href=\"https:\/\/dariusz-muszer.de\/pl\/wp-content\/uploads\/sites\/2\/2015\/06\/wszyscy-moi-nieznajomi.jpg\" rel=\"lightbox[5]\"><img loading=\"lazy\" decoding=\"async\" class=\"alignleft wp-image-442\" src=\"https:\/\/dariusz-muszer.de\/pl\/wp-content\/uploads\/sites\/2\/2015\/06\/wszyscy-moi-nieznajomi-144x200.jpg\" alt=\"Wszyscy moi nieznajomi\" width=\"144\" height=\"200\" srcset=\"https:\/\/dariusz-muszer.de\/pl\/wp-content\/uploads\/sites\/2\/2015\/06\/wszyscy-moi-nieznajomi-144x200.jpg 144w, https:\/\/dariusz-muszer.de\/pl\/wp-content\/uploads\/sites\/2\/2015\/06\/wszyscy-moi-nieznajomi-216x300.jpg 216w, https:\/\/dariusz-muszer.de\/pl\/wp-content\/uploads\/sites\/2\/2015\/06\/wszyscy-moi-nieznajomi.jpg 600w\" sizes=\"auto, (max-width: 144px) 100vw, 144px\" \/><\/a><\/td>\n<td style=\"width: 75.0645%; height: 218px; text-align: left; vertical-align: middle;\">\n<h3><a href=\"https:\/\/dariusz-muszer.de\/pl\/poezja\/wszyscy-moi-nieznajomi\/\">Wszyscy moi nieznajomi<\/a><\/h3>\n<\/td>\n<\/tr>\n<tr style=\"height: 216px;\">\n<td style=\"width: 24.9355%; height: 216px;\"><img loading=\"lazy\" decoding=\"async\" class=\"alignleft size-thumbnail wp-image-437\" src=\"https:\/\/dariusz-muszer.de\/pl\/wp-content\/uploads\/sites\/2\/2015\/06\/jestem-chlop-142x200.jpg\" alt=\"Jestem ch\u0142op\" width=\"142\" height=\"200\" srcset=\"https:\/\/dariusz-muszer.de\/pl\/wp-content\/uploads\/sites\/2\/2015\/06\/jestem-chlop-142x200.jpg 142w, https:\/\/dariusz-muszer.de\/pl\/wp-content\/uploads\/sites\/2\/2015\/06\/jestem-chlop-213x300.jpg 213w, https:\/\/dariusz-muszer.de\/pl\/wp-content\/uploads\/sites\/2\/2015\/06\/jestem-chlop.jpg 600w\" sizes=\"auto, (max-width: 142px) 100vw, 142px\" \/><\/td>\n<td style=\"width: 75.0645%; height: 216px; text-align: left; vertical-align: middle;\">\n<h3><a href=\"https:\/\/dariusz-muszer.de\/pl\/poezja\/jestem-chlop\/\">Jestem ch\u0142op<\/a><\/h3>\n<p>&nbsp;<\/td>\n<\/tr>\n<tr style=\"height: 216px;\">\n<td style=\"width: 24.9355%; height: 216px;\"><img loading=\"lazy\" decoding=\"async\" class=\"alignleft size-thumbnail wp-image-438\" src=\"https:\/\/dariusz-muszer.de\/pl\/wp-content\/uploads\/sites\/2\/2015\/06\/ksiega-zielonej-kamizelki-183x200.jpg\" alt=\"Ksi\u0119ga zielonej kamizelki\" width=\"183\" height=\"200\" srcset=\"https:\/\/dariusz-muszer.de\/pl\/wp-content\/uploads\/sites\/2\/2015\/06\/ksiega-zielonej-kamizelki-183x200.jpg 183w, https:\/\/dariusz-muszer.de\/pl\/wp-content\/uploads\/sites\/2\/2015\/06\/ksiega-zielonej-kamizelki-274x300.jpg 274w, https:\/\/dariusz-muszer.de\/pl\/wp-content\/uploads\/sites\/2\/2015\/06\/ksiega-zielonej-kamizelki.jpg 600w\" sizes=\"auto, (max-width: 183px) 100vw, 183px\" \/><\/td>\n<td style=\"width: 75.0645%; height: 216px; text-align: left; vertical-align: middle;\">\n<h3><a href=\"https:\/\/dariusz-muszer.de\/pl\/poezja\/ksiega-zielonej-kamizelki\/\">Ksi\u0119ga zielonej kamizelki<\/a><\/h3>\n<p><a href=\"https:\/\/dariusz-muszer.de\/pl\/poezja\/ksiega-zielonej-kamizelki\/\"><strong>Liryczne zapiski z w\u0119dr\u00f3wek po Norwegii w latach 1992 \u2013 1994<\/strong><\/a><\/td>\n<\/tr>\n<tr style=\"height: 217px;\">\n<td style=\"width: 24.9355%; height: 217px;\"><img loading=\"lazy\" decoding=\"async\" class=\"alignleft size-thumbnail wp-image-440\" src=\"https:\/\/dariusz-muszer.de\/pl\/wp-content\/uploads\/sites\/2\/2015\/06\/panna-franciszka-pomylony-akordeon-i-inne-wiersze-144x200.jpg\" alt=\"Panna Franciszka, pomylony akordeon i inne wiersze\" width=\"144\" height=\"200\" srcset=\"https:\/\/dariusz-muszer.de\/pl\/wp-content\/uploads\/sites\/2\/2015\/06\/panna-franciszka-pomylony-akordeon-i-inne-wiersze-144x200.jpg 144w, https:\/\/dariusz-muszer.de\/pl\/wp-content\/uploads\/sites\/2\/2015\/06\/panna-franciszka-pomylony-akordeon-i-inne-wiersze-217x300.jpg 217w, https:\/\/dariusz-muszer.de\/pl\/wp-content\/uploads\/sites\/2\/2015\/06\/panna-franciszka-pomylony-akordeon-i-inne-wiersze.jpg 600w\" sizes=\"auto, (max-width: 144px) 100vw, 144px\" \/><\/td>\n<td style=\"width: 75.0645%; height: 217px; text-align: left; vertical-align: middle;\">\n<h3><a href=\"https:\/\/dariusz-muszer.de\/pl\/poezja\/panna-franciszka-pomylony-akordeon\/\">Panna Franciszka, pomylony akordeon<\/a><\/h3>\n<p><a href=\"https:\/\/dariusz-muszer.de\/pl\/poezja\/panna-franciszka-pomylony-akordeon\/\"><strong>i inne wiersze z lat 1983 \u2013 1987<\/strong><\/a><\/p>\n<p>&nbsp;<\/td>\n<\/tr>\n<tr style=\"height: 216px;\">\n<td style=\"width: 24.9355%; height: 216px;\"><img loading=\"lazy\" decoding=\"async\" class=\"alignleft size-thumbnail wp-image-441\" src=\"https:\/\/dariusz-muszer.de\/pl\/wp-content\/uploads\/sites\/2\/2015\/06\/pestki-i-ogryzki-142x200.jpg\" alt=\"Pestki i ogryzki\" width=\"142\" height=\"200\" srcset=\"https:\/\/dariusz-muszer.de\/pl\/wp-content\/uploads\/sites\/2\/2015\/06\/pestki-i-ogryzki-142x200.jpg 142w, https:\/\/dariusz-muszer.de\/pl\/wp-content\/uploads\/sites\/2\/2015\/06\/pestki-i-ogryzki-213x300.jpg 213w, https:\/\/dariusz-muszer.de\/pl\/wp-content\/uploads\/sites\/2\/2015\/06\/pestki-i-ogryzki.jpg 600w\" sizes=\"auto, (max-width: 142px) 100vw, 142px\" \/><\/td>\n<td style=\"width: 75.0645%; height: 216px; text-align: left; vertical-align: middle;\">\n<h3><a href=\"https:\/\/dariusz-muszer.de\/pl\/poezja\/pestki-i-ogryzki\/\">Pestki i ogryzki<\/a><\/h3>\n<\/td>\n<\/tr>\n<tr style=\"height: 216px;\">\n<td style=\"width: 24.9355%; height: 216px;\"><img loading=\"lazy\" decoding=\"async\" class=\"alignleft size-thumbnail wp-image-443\" src=\"https:\/\/dariusz-muszer.de\/pl\/wp-content\/uploads\/sites\/2\/2015\/06\/zatrzymane-wersy-144x200.jpg\" alt=\"Zatrzymane wersy\" width=\"144\" height=\"200\" srcset=\"https:\/\/dariusz-muszer.de\/pl\/wp-content\/uploads\/sites\/2\/2015\/06\/zatrzymane-wersy-144x200.jpg 144w, https:\/\/dariusz-muszer.de\/pl\/wp-content\/uploads\/sites\/2\/2015\/06\/zatrzymane-wersy-216x300.jpg 216w, https:\/\/dariusz-muszer.de\/pl\/wp-content\/uploads\/sites\/2\/2015\/06\/zatrzymane-wersy.jpg 600w\" sizes=\"auto, (max-width: 144px) 100vw, 144px\" \/><\/td>\n<td style=\"width: 75.0645%; height: 216px; text-align: left; vertical-align: middle;\">\n<h3><a href=\"https:\/\/dariusz-muszer.de\/pl\/poezja\/zatrzymane-wersy\/\">Zatrzymane wersy<\/a><\/h3>\n<\/td>\n<\/tr>\n<tr style=\"height: 216px;\">\n<td style=\"width: 24.9355%; height: 216px;\"><img loading=\"lazy\" decoding=\"async\" class=\"alignleft size-thumbnail wp-image-436\" src=\"https:\/\/dariusz-muszer.de\/pl\/wp-content\/uploads\/sites\/2\/2015\/06\/cudowny-swiat-zepsutych-mrowek-139x200.jpg\" alt=\"Cudowny \u015bwiat zepsutych mr\u00f3wek\" width=\"139\" height=\"200\" srcset=\"https:\/\/dariusz-muszer.de\/pl\/wp-content\/uploads\/sites\/2\/2015\/06\/cudowny-swiat-zepsutych-mrowek-139x200.jpg 139w, https:\/\/dariusz-muszer.de\/pl\/wp-content\/uploads\/sites\/2\/2015\/06\/cudowny-swiat-zepsutych-mrowek-209x300.jpg 209w, https:\/\/dariusz-muszer.de\/pl\/wp-content\/uploads\/sites\/2\/2015\/06\/cudowny-swiat-zepsutych-mrowek.jpg 600w\" sizes=\"auto, (max-width: 139px) 100vw, 139px\" \/><\/td>\n<td style=\"width: 75.0645%; height: 216px; text-align: left; vertical-align: middle;\">\n<h3><a href=\"https:\/\/dariusz-muszer.de\/pl\/poezja\/cudowny-swiat-zepsutych-mrowek\/\">Cudowny \u015bwiat zepsutych mr\u00f3wek<\/a><\/h3>\n<\/td>\n<\/tr>\n<\/tbody>\n<\/table>\n<p>&nbsp;<\/p>\n","protected":false},"excerpt":{"rendered":"<p>Dzieci kr\u00f3tszej nogi Syzyfa Ksi\u0119ga ramion deszczu. Haiku Wiersze poniemieckie Zapomniany strajk (Pozna\u0144, 29 stycznia &#8211; 19 lutego 1981) Wszyscy moi nieznajomi Jestem ch\u0142op &nbsp; Ksi\u0119ga zielonej kamizelki Liryczne zapiski z w\u0119dr\u00f3wek po Norwegii w latach 1992 \u2013 1994 Panna Franciszka, pomylony akordeon i inne wiersze z lat 1983 \u2013 1987 &nbsp; Pestki i ogryzki [&hellip;]<\/p>\n","protected":false},"author":1,"featured_media":0,"parent":0,"menu_order":2,"comment_status":"closed","ping_status":"closed","template":"","meta":{"footnotes":""},"class_list":["post-5","page","type-page","status-publish","hentry"],"yoast_head":"<!-- This site is optimized with the Yoast SEO plugin v27.0 - https:\/\/yoast.com\/product\/yoast-seo-wordpress\/ -->\n<title>Poezja - Dariusz Muszer<\/title>\n<meta name=\"description\" content=\"Dariusz Muszer: Wiersze poniemieckie, Zapomniany strajk, Wszyscy moi nieznajomi, Jestem ch\u0142op, Ksi\u0119ga zielonej kamizelki, Panna Franciszka, pomylony\" \/>\n<meta name=\"robots\" content=\"index, follow, max-snippet:-1, max-image-preview:large, max-video-preview:-1\" \/>\n<link rel=\"canonical\" href=\"https:\/\/dariusz-muszer.de\/pl\/poezja\/\" \/>\n<meta property=\"og:locale\" content=\"pl_PL\" \/>\n<meta property=\"og:type\" content=\"article\" \/>\n<meta property=\"og:title\" content=\"Poezja - Dariusz Muszer\" \/>\n<meta property=\"og:description\" content=\"Dariusz Muszer: Wiersze poniemieckie, Zapomniany strajk, Wszyscy moi nieznajomi, Jestem ch\u0142op, Ksi\u0119ga zielonej kamizelki, Panna Franciszka, pomylony\" \/>\n<meta property=\"og:url\" content=\"https:\/\/dariusz-muszer.de\/pl\/poezja\/\" \/>\n<meta property=\"og:site_name\" content=\"Dariusz Muszer\" \/>\n<meta property=\"article:modified_time\" content=\"2021-05-11T13:27:21+00:00\" \/>\n<meta property=\"og:image\" content=\"http:\/\/dariusz-muszer.de\/pl\/wp-content\/uploads\/sites\/2\/2021\/05\/dzieci-krotszej-nogi-Syzyfa-Muszer-229x300.jpg\" \/>\n<meta name=\"twitter:card\" content=\"summary_large_image\" \/>\n<meta name=\"twitter:label1\" content=\"Szacowany czas czytania\" \/>\n\t<meta name=\"twitter:data1\" content=\"3 minuty\" \/>\n<script type=\"application\/ld+json\" class=\"yoast-schema-graph\">{\"@context\":\"https:\/\/schema.org\",\"@graph\":[{\"@type\":\"WebPage\",\"@id\":\"https:\/\/dariusz-muszer.de\/pl\/poezja\/\",\"url\":\"https:\/\/dariusz-muszer.de\/pl\/poezja\/\",\"name\":\"Poezja - Dariusz Muszer\",\"isPartOf\":{\"@id\":\"https:\/\/dariusz-muszer.de\/pl\/#website\"},\"primaryImageOfPage\":{\"@id\":\"https:\/\/dariusz-muszer.de\/pl\/poezja\/#primaryimage\"},\"image\":{\"@id\":\"https:\/\/dariusz-muszer.de\/pl\/poezja\/#primaryimage\"},\"thumbnailUrl\":\"http:\/\/dariusz-muszer.de\/pl\/wp-content\/uploads\/sites\/2\/2021\/05\/dzieci-krotszej-nogi-Syzyfa-Muszer-229x300.jpg\",\"datePublished\":\"2015-06-01T10:31:55+00:00\",\"dateModified\":\"2021-05-11T13:27:21+00:00\",\"description\":\"Dariusz Muszer: Wiersze poniemieckie, Zapomniany strajk, Wszyscy moi nieznajomi, Jestem ch\u0142op, Ksi\u0119ga zielonej kamizelki, Panna Franciszka, pomylony\",\"breadcrumb\":{\"@id\":\"https:\/\/dariusz-muszer.de\/pl\/poezja\/#breadcrumb\"},\"inLanguage\":\"pl-PL\",\"potentialAction\":[{\"@type\":\"ReadAction\",\"target\":[\"https:\/\/dariusz-muszer.de\/pl\/poezja\/\"]}]},{\"@type\":\"ImageObject\",\"inLanguage\":\"pl-PL\",\"@id\":\"https:\/\/dariusz-muszer.de\/pl\/poezja\/#primaryimage\",\"url\":\"https:\/\/dariusz-muszer.de\/pl\/wp-content\/uploads\/sites\/2\/2021\/05\/dzieci-krotszej-nogi-Syzyfa-Muszer.jpg\",\"contentUrl\":\"https:\/\/dariusz-muszer.de\/pl\/wp-content\/uploads\/sites\/2\/2021\/05\/dzieci-krotszej-nogi-Syzyfa-Muszer.jpg\",\"width\":500,\"height\":656,\"caption\":\"Dzieci kr\u00f3tszej nogi Syzyfa - Dariusz Muszer\"},{\"@type\":\"BreadcrumbList\",\"@id\":\"https:\/\/dariusz-muszer.de\/pl\/poezja\/#breadcrumb\",\"itemListElement\":[{\"@type\":\"ListItem\",\"position\":1,\"name\":\"Strona g\u0142\u00f3wna\",\"item\":\"https:\/\/dariusz-muszer.de\/pl\/\"},{\"@type\":\"ListItem\",\"position\":2,\"name\":\"Poezja\"}]},{\"@type\":\"WebSite\",\"@id\":\"https:\/\/dariusz-muszer.de\/pl\/#website\",\"url\":\"https:\/\/dariusz-muszer.de\/pl\/\",\"name\":\"Dariusz Muszer\",\"description\":\"pisarz\",\"potentialAction\":[{\"@type\":\"SearchAction\",\"target\":{\"@type\":\"EntryPoint\",\"urlTemplate\":\"https:\/\/dariusz-muszer.de\/pl\/?s={search_term_string}\"},\"query-input\":{\"@type\":\"PropertyValueSpecification\",\"valueRequired\":true,\"valueName\":\"search_term_string\"}}],\"inLanguage\":\"pl-PL\"}]}<\/script>\n<!-- \/ Yoast SEO plugin. -->","yoast_head_json":{"title":"Poezja - Dariusz Muszer","description":"Dariusz Muszer: Wiersze poniemieckie, Zapomniany strajk, Wszyscy moi nieznajomi, Jestem ch\u0142op, Ksi\u0119ga zielonej kamizelki, Panna Franciszka, pomylony","robots":{"index":"index","follow":"follow","max-snippet":"max-snippet:-1","max-image-preview":"max-image-preview:large","max-video-preview":"max-video-preview:-1"},"canonical":"https:\/\/dariusz-muszer.de\/pl\/poezja\/","og_locale":"pl_PL","og_type":"article","og_title":"Poezja - Dariusz Muszer","og_description":"Dariusz Muszer: Wiersze poniemieckie, Zapomniany strajk, Wszyscy moi nieznajomi, Jestem ch\u0142op, Ksi\u0119ga zielonej kamizelki, Panna Franciszka, pomylony","og_url":"https:\/\/dariusz-muszer.de\/pl\/poezja\/","og_site_name":"Dariusz Muszer","article_modified_time":"2021-05-11T13:27:21+00:00","og_image":[{"url":"http:\/\/dariusz-muszer.de\/pl\/wp-content\/uploads\/sites\/2\/2021\/05\/dzieci-krotszej-nogi-Syzyfa-Muszer-229x300.jpg","type":"","width":"","height":""}],"twitter_card":"summary_large_image","twitter_misc":{"Szacowany czas czytania":"3 minuty"},"schema":{"@context":"https:\/\/schema.org","@graph":[{"@type":"WebPage","@id":"https:\/\/dariusz-muszer.de\/pl\/poezja\/","url":"https:\/\/dariusz-muszer.de\/pl\/poezja\/","name":"Poezja - Dariusz Muszer","isPartOf":{"@id":"https:\/\/dariusz-muszer.de\/pl\/#website"},"primaryImageOfPage":{"@id":"https:\/\/dariusz-muszer.de\/pl\/poezja\/#primaryimage"},"image":{"@id":"https:\/\/dariusz-muszer.de\/pl\/poezja\/#primaryimage"},"thumbnailUrl":"http:\/\/dariusz-muszer.de\/pl\/wp-content\/uploads\/sites\/2\/2021\/05\/dzieci-krotszej-nogi-Syzyfa-Muszer-229x300.jpg","datePublished":"2015-06-01T10:31:55+00:00","dateModified":"2021-05-11T13:27:21+00:00","description":"Dariusz Muszer: Wiersze poniemieckie, Zapomniany strajk, Wszyscy moi nieznajomi, Jestem ch\u0142op, Ksi\u0119ga zielonej kamizelki, Panna Franciszka, pomylony","breadcrumb":{"@id":"https:\/\/dariusz-muszer.de\/pl\/poezja\/#breadcrumb"},"inLanguage":"pl-PL","potentialAction":[{"@type":"ReadAction","target":["https:\/\/dariusz-muszer.de\/pl\/poezja\/"]}]},{"@type":"ImageObject","inLanguage":"pl-PL","@id":"https:\/\/dariusz-muszer.de\/pl\/poezja\/#primaryimage","url":"https:\/\/dariusz-muszer.de\/pl\/wp-content\/uploads\/sites\/2\/2021\/05\/dzieci-krotszej-nogi-Syzyfa-Muszer.jpg","contentUrl":"https:\/\/dariusz-muszer.de\/pl\/wp-content\/uploads\/sites\/2\/2021\/05\/dzieci-krotszej-nogi-Syzyfa-Muszer.jpg","width":500,"height":656,"caption":"Dzieci kr\u00f3tszej nogi Syzyfa - Dariusz Muszer"},{"@type":"BreadcrumbList","@id":"https:\/\/dariusz-muszer.de\/pl\/poezja\/#breadcrumb","itemListElement":[{"@type":"ListItem","position":1,"name":"Strona g\u0142\u00f3wna","item":"https:\/\/dariusz-muszer.de\/pl\/"},{"@type":"ListItem","position":2,"name":"Poezja"}]},{"@type":"WebSite","@id":"https:\/\/dariusz-muszer.de\/pl\/#website","url":"https:\/\/dariusz-muszer.de\/pl\/","name":"Dariusz Muszer","description":"pisarz","potentialAction":[{"@type":"SearchAction","target":{"@type":"EntryPoint","urlTemplate":"https:\/\/dariusz-muszer.de\/pl\/?s={search_term_string}"},"query-input":{"@type":"PropertyValueSpecification","valueRequired":true,"valueName":"search_term_string"}}],"inLanguage":"pl-PL"}]}},"_links":{"self":[{"href":"https:\/\/dariusz-muszer.de\/pl\/wp-json\/wp\/v2\/pages\/5","targetHints":{"allow":["GET"]}}],"collection":[{"href":"https:\/\/dariusz-muszer.de\/pl\/wp-json\/wp\/v2\/pages"}],"about":[{"href":"https:\/\/dariusz-muszer.de\/pl\/wp-json\/wp\/v2\/types\/page"}],"author":[{"embeddable":true,"href":"https:\/\/dariusz-muszer.de\/pl\/wp-json\/wp\/v2\/users\/1"}],"replies":[{"embeddable":true,"href":"https:\/\/dariusz-muszer.de\/pl\/wp-json\/wp\/v2\/comments?post=5"}],"version-history":[{"count":6,"href":"https:\/\/dariusz-muszer.de\/pl\/wp-json\/wp\/v2\/pages\/5\/revisions"}],"predecessor-version":[{"id":1528,"href":"https:\/\/dariusz-muszer.de\/pl\/wp-json\/wp\/v2\/pages\/5\/revisions\/1528"}],"wp:attachment":[{"href":"https:\/\/dariusz-muszer.de\/pl\/wp-json\/wp\/v2\/media?parent=5"}],"curies":[{"name":"wp","href":"https:\/\/api.w.org\/{rel}","templated":true}]}}