{"id":49,"date":"2015-06-01T16:25:24","date_gmt":"2015-06-01T14:25:24","guid":{"rendered":"http:\/\/dariusz-muszer.de\/pl\/?page_id=49"},"modified":"2015-06-07T11:41:58","modified_gmt":"2015-06-07T09:41:58","slug":"panna-franciszka-pomylony-akordeon","status":"publish","type":"page","link":"https:\/\/dariusz-muszer.de\/pl\/poezja\/panna-franciszka-pomylony-akordeon\/","title":{"rendered":"Panna Franciszka, pomylony akordeon"},"content":{"rendered":"<p><a href=\"https:\/\/dariusz-muszer.de\/pl\/wp-content\/uploads\/sites\/2\/2015\/06\/panna-franciszka-pomylony-akordeon-i-inne-wiersze.jpg\" rel=\"lightbox[49]\"><img loading=\"lazy\" decoding=\"async\" class=\"alignleft wp-image-440 size-medium\" src=\"https:\/\/dariusz-muszer.de\/pl\/wp-content\/uploads\/sites\/2\/2015\/06\/panna-franciszka-pomylony-akordeon-i-inne-wiersze-217x300.jpg\" alt=\"Panna Franciszka, pomylony akordeon i inne wiersze\" width=\"217\" height=\"300\" srcset=\"https:\/\/dariusz-muszer.de\/pl\/wp-content\/uploads\/sites\/2\/2015\/06\/panna-franciszka-pomylony-akordeon-i-inne-wiersze-217x300.jpg 217w, https:\/\/dariusz-muszer.de\/pl\/wp-content\/uploads\/sites\/2\/2015\/06\/panna-franciszka-pomylony-akordeon-i-inne-wiersze-144x200.jpg 144w, https:\/\/dariusz-muszer.de\/pl\/wp-content\/uploads\/sites\/2\/2015\/06\/panna-franciszka-pomylony-akordeon-i-inne-wiersze.jpg 600w\" sizes=\"auto, (max-width: 217px) 100vw, 217px\" \/><\/a>Dariusz Muszer<br \/>\n<strong>Panna Franciszka, pomylony akordeon<br \/>\ni inne wiersze z lat 1983 \u2013 1987<\/strong><\/p>\n<p>Erulier Verlag<br \/>\nHannover 1995<br \/>\n86 stron<\/p>\n<p>&nbsp;<\/p>\n<p>Nak\u0142ad wyczerpany<\/p>\n<p>&nbsp;<\/p>\n<p>&nbsp;<\/p>\n<hr \/>\n<h2>G\u0142osy krytyki:<\/h2>\n<blockquote><p>&#8230;bardzo dobra poezja, \u015bwietna w swej z\u0142o\u015bci zdzierania z \u017cycia r\u00f3\u017cowych masek. Po takim zabiegu pozostaje tylko szaro\u015b\u0107, brud. Wszystko jest ska\u017cone, nieczyste, bardziej zwierz\u0119ce ani\u017celi ludzkie. Bezmiernie smutne. Muszer wykorzystuje rozbudowane obrazy obyczajowe \u2013 gwa\u0142t, ucieczk\u0119 kochank\u00f3w, \u017cycie wdowy po kolejarzu i krawca Efraima \u2013 na zasadzie przytoczonej anegdoty, uzupe\u0142nionej lub na tej podstawie zbudowanej \u2013 esencji filozoficznej upozorowanej na autentyczne prze\u017cycia bohater\u00f3w. Dzi\u0119ki temu wiersze s\u0105 bardzo prawdziwe. Stajemy si\u0119 \u015bwiadkami \u017cycia Bia\u0142ej Gabrieli, Efraima, rozpustnej dziewczyny i poddajemy si\u0119 jego szarzy\u017anie i zarazem wielkiemu urokowi, melanchlolii, maj\u0105c \u015bwiadomo\u015b\u0107 zag\u0142ady tego \u015bwiata \u2013 jego zjawiskowo\u015bci. Nie ma w tych wierszach momentu upi\u0119kszenia: Kr\u00f3l jest nagi, odra\u017caj\u0105cy, ale bardzo interesuj\u0105cy \u2013 w\u0142a\u015bnie poprzez swoj\u0105 odmienno\u015b\u0107.<br \/>\n<strong>Ma\u0142gorzata Kowalska-Mas\u0142owska, NADODRZE<\/strong><\/p>\n<p>Muszer wieszczy nam zag\u0142ad\u0119, ale nie chce by\u0107 naszym wybawc\u0105.<br \/>\n<strong>Jacek Lewinson, KRZYWE KO\u0141O LITERATURY<\/strong><\/p>\n<p>Wiersze Dariusza Muszera z brutalno\u015bci\u0105 negli\u017cuj\u0105 rzeczywisto\u015b\u0107, s\u0105 ostre w swej demaskatorskiej intencji, niekiedy prze\u015bmiewcze i szydercze. Poeta szokuje swoj\u0105 wizj\u0105 \u015bwiata, u\u017cywa mocnych, niekiedy wr\u0119cz antyestetycznych \u015brodk\u00f3w ekspresji. Kreuje \u015bwiat jakby wyj\u0119ty z prozy Brunona Schulza, \u015bwiat dziwny, niepoj\u0119ty, nieszablonowy.<br \/>\n<strong>Zenon \u0141ukaszewicz<\/strong><\/p>\n<p>Czytelnik tych wierszy zetknie si\u0119 z poezj\u0105 czerpi\u0105c\u0105 z jednego \u017ar\u00f3d\u0142a \u2013 \u017ar\u00f3d\u0142a zm\u0119tnia\u0142ego, brudnego, leniwie p\u0142yn\u0105cego. Tym \u017ar\u00f3d\u0142em s\u0105 trafne, niestety, obserwacje zwyk\u0142ego, biednego i nieszcz\u0119snego \u017cycia. \u017bycia powszedniego. Czyta si\u0119 czasami te wiersze z przykro\u015bci\u0105. Wywo\u0142uj\u0105 uczucie ci\u0119\u017caru, smutku, nawet beznadziejno\u015bci. Ale od czego jest poezja? Czy jej zadaniem jest tylko opis pi\u0119kna tego \u015bwiata i rado\u015b\u0107 \u017cycia? Poezja jest po to, aby o naszym \u015bwiecie m\u00f3wi\u0142a prawd\u0119. A \u017ce ten \u015bwiat \u2013 co najmniej w po\u0142owie \u2013 pi\u0119kny i radosny nie jest&#8230; C\u00f3\u017c, to ju\u017c nie poezji wina.<br \/>\nNie mog\u0119 wi\u0119c obieca\u0107 czytelnikowi wierszy Dariusza Muszera radosnej ektury. Ale mog\u0119 go zapewni\u0107, \u017ce spotka si\u0119 z poezj\u0105.<br \/>\n<strong>Marek Wawrzkiewicz<\/strong><\/p>\n<p>Muszer dr\u0105\u017cy problematyk\u0119 wn\u0119trza cz\u0142owieczego, lecz czyni to nie z dystansu teoretycznych uog\u00f3lnie\u0144 i filozoficznych refleksji, tylko pokazuj\u0105c j\u0105 na konkretnych, wzi\u0119tych z \u017cycia przyk\u0142adach. Konwencjonaln\u0105 form\u0119 ballady umiej\u0119tnie krzy\u017cuje z poetyckim reporta\u017cem. Ten przekaz nie jest w \u017cadnym wypadku brutalny. Stwierdzi\u0142bym odwrotnie: Muszer fakty brutalizmu \u017cycia stara si\u0119 prze\u0142o\u017cy\u0107 na autentyczny liryzm przekazu. &#8230; Muszer ods\u0142ania n\u0119dz\u0119 upadku ludzkiego, ale r\u00f3wnocze\u015bnie pochyla si\u0119 nad ni\u0105 pe\u0142en zrozumienia i wsp\u00f3\u0142czucia dla s\u0142abo\u015bci p\u0119kni\u0119tej ludzkiej natury. Godnym podkre\u015blenia jest poetyckie obrazowanie Muszera zderzaj\u0105ce liryczne wizje z werystycznym opisem naturalistycznych reali\u00f3w.<br \/>\n<strong>Tadeusz Czarwid-Grabowski, ZIEMIA GORZOWSKA<\/strong><\/p><\/blockquote>\n","protected":false},"excerpt":{"rendered":"<p>Dariusz Muszer Panna Franciszka, pomylony akordeon i inne wiersze z lat 1983 \u2013 1987 Erulier Verlag Hannover 1995 86 stron &nbsp; Nak\u0142ad wyczerpany &nbsp; &nbsp; G\u0142osy krytyki: &#8230;bardzo dobra poezja, \u015bwietna w swej z\u0142o\u015bci zdzierania z \u017cycia r\u00f3\u017cowych masek. Po takim zabiegu pozostaje tylko szaro\u015b\u0107, brud. Wszystko jest ska\u017cone, nieczyste, bardziej zwierz\u0119ce ani\u017celi ludzkie. Bezmiernie [&hellip;]<\/p>\n","protected":false},"author":1,"featured_media":0,"parent":5,"menu_order":5,"comment_status":"closed","ping_status":"closed","template":"","meta":{"footnotes":""},"class_list":["post-49","page","type-page","status-publish","hentry"],"yoast_head":"<!-- This site is optimized with the Yoast SEO plugin v27.0 - https:\/\/yoast.com\/product\/yoast-seo-wordpress\/ -->\n<title>Panna Franciszka, pomylony akordeon - Dariusz Muszer<\/title>\n<meta name=\"description\" content=\"Panna Franciszka, pomylony akordeon i inne wiersze z lat 1983 \u2013 1987. Muszer wieszczy nam zag\u0142ad\u0119, ale nie chce by\u0107 naszym wybawc\u0105.\" \/>\n<meta name=\"robots\" content=\"index, follow, max-snippet:-1, max-image-preview:large, max-video-preview:-1\" \/>\n<link rel=\"canonical\" href=\"https:\/\/dariusz-muszer.de\/pl\/poezja\/panna-franciszka-pomylony-akordeon\/\" \/>\n<meta property=\"og:locale\" content=\"pl_PL\" \/>\n<meta property=\"og:type\" content=\"article\" \/>\n<meta property=\"og:title\" content=\"Panna Franciszka, pomylony akordeon - Dariusz Muszer\" \/>\n<meta property=\"og:description\" content=\"Panna Franciszka, pomylony akordeon i inne wiersze z lat 1983 \u2013 1987. Muszer wieszczy nam zag\u0142ad\u0119, ale nie chce by\u0107 naszym wybawc\u0105.\" \/>\n<meta property=\"og:url\" content=\"https:\/\/dariusz-muszer.de\/pl\/poezja\/panna-franciszka-pomylony-akordeon\/\" \/>\n<meta property=\"og:site_name\" content=\"Dariusz Muszer\" \/>\n<meta property=\"article:modified_time\" content=\"2015-06-07T09:41:58+00:00\" \/>\n<meta property=\"og:image\" content=\"http:\/\/dariusz-muszer.de\/pl\/wp-content\/uploads\/sites\/2\/2015\/06\/panna-franciszka-pomylony-akordeon-i-inne-wiersze-217x300.jpg\" \/>\n<meta name=\"twitter:card\" content=\"summary_large_image\" \/>\n<meta name=\"twitter:label1\" content=\"Szacowany czas czytania\" \/>\n\t<meta name=\"twitter:data1\" content=\"2 minuty\" \/>\n<script type=\"application\/ld+json\" class=\"yoast-schema-graph\">{\"@context\":\"https:\/\/schema.org\",\"@graph\":[{\"@type\":\"WebPage\",\"@id\":\"https:\/\/dariusz-muszer.de\/pl\/poezja\/panna-franciszka-pomylony-akordeon\/\",\"url\":\"https:\/\/dariusz-muszer.de\/pl\/poezja\/panna-franciszka-pomylony-akordeon\/\",\"name\":\"Panna Franciszka, pomylony akordeon - Dariusz Muszer\",\"isPartOf\":{\"@id\":\"https:\/\/dariusz-muszer.de\/pl\/#website\"},\"primaryImageOfPage\":{\"@id\":\"https:\/\/dariusz-muszer.de\/pl\/poezja\/panna-franciszka-pomylony-akordeon\/#primaryimage\"},\"image\":{\"@id\":\"https:\/\/dariusz-muszer.de\/pl\/poezja\/panna-franciszka-pomylony-akordeon\/#primaryimage\"},\"thumbnailUrl\":\"http:\/\/dariusz-muszer.de\/pl\/wp-content\/uploads\/sites\/2\/2015\/06\/panna-franciszka-pomylony-akordeon-i-inne-wiersze-217x300.jpg\",\"datePublished\":\"2015-06-01T14:25:24+00:00\",\"dateModified\":\"2015-06-07T09:41:58+00:00\",\"description\":\"Panna Franciszka, pomylony akordeon i inne wiersze z lat 1983 \u2013 1987. Muszer wieszczy nam zag\u0142ad\u0119, ale nie chce by\u0107 naszym wybawc\u0105.\",\"breadcrumb\":{\"@id\":\"https:\/\/dariusz-muszer.de\/pl\/poezja\/panna-franciszka-pomylony-akordeon\/#breadcrumb\"},\"inLanguage\":\"pl-PL\",\"potentialAction\":[{\"@type\":\"ReadAction\",\"target\":[\"https:\/\/dariusz-muszer.de\/pl\/poezja\/panna-franciszka-pomylony-akordeon\/\"]}]},{\"@type\":\"ImageObject\",\"inLanguage\":\"pl-PL\",\"@id\":\"https:\/\/dariusz-muszer.de\/pl\/poezja\/panna-franciszka-pomylony-akordeon\/#primaryimage\",\"url\":\"http:\/\/dariusz-muszer.de\/pl\/wp-content\/uploads\/sites\/2\/2015\/06\/panna-franciszka-pomylony-akordeon-i-inne-wiersze-217x300.jpg\",\"contentUrl\":\"http:\/\/dariusz-muszer.de\/pl\/wp-content\/uploads\/sites\/2\/2015\/06\/panna-franciszka-pomylony-akordeon-i-inne-wiersze-217x300.jpg\"},{\"@type\":\"BreadcrumbList\",\"@id\":\"https:\/\/dariusz-muszer.de\/pl\/poezja\/panna-franciszka-pomylony-akordeon\/#breadcrumb\",\"itemListElement\":[{\"@type\":\"ListItem\",\"position\":1,\"name\":\"Strona g\u0142\u00f3wna\",\"item\":\"https:\/\/dariusz-muszer.de\/pl\/\"},{\"@type\":\"ListItem\",\"position\":2,\"name\":\"Poezja\",\"item\":\"https:\/\/dariusz-muszer.de\/pl\/poezja\/\"},{\"@type\":\"ListItem\",\"position\":3,\"name\":\"Panna Franciszka, pomylony akordeon\"}]},{\"@type\":\"WebSite\",\"@id\":\"https:\/\/dariusz-muszer.de\/pl\/#website\",\"url\":\"https:\/\/dariusz-muszer.de\/pl\/\",\"name\":\"Dariusz Muszer\",\"description\":\"pisarz\",\"potentialAction\":[{\"@type\":\"SearchAction\",\"target\":{\"@type\":\"EntryPoint\",\"urlTemplate\":\"https:\/\/dariusz-muszer.de\/pl\/?s={search_term_string}\"},\"query-input\":{\"@type\":\"PropertyValueSpecification\",\"valueRequired\":true,\"valueName\":\"search_term_string\"}}],\"inLanguage\":\"pl-PL\"}]}<\/script>\n<!-- \/ Yoast SEO plugin. -->","yoast_head_json":{"title":"Panna Franciszka, pomylony akordeon - Dariusz Muszer","description":"Panna Franciszka, pomylony akordeon i inne wiersze z lat 1983 \u2013 1987. Muszer wieszczy nam zag\u0142ad\u0119, ale nie chce by\u0107 naszym wybawc\u0105.","robots":{"index":"index","follow":"follow","max-snippet":"max-snippet:-1","max-image-preview":"max-image-preview:large","max-video-preview":"max-video-preview:-1"},"canonical":"https:\/\/dariusz-muszer.de\/pl\/poezja\/panna-franciszka-pomylony-akordeon\/","og_locale":"pl_PL","og_type":"article","og_title":"Panna Franciszka, pomylony akordeon - Dariusz Muszer","og_description":"Panna Franciszka, pomylony akordeon i inne wiersze z lat 1983 \u2013 1987. Muszer wieszczy nam zag\u0142ad\u0119, ale nie chce by\u0107 naszym wybawc\u0105.","og_url":"https:\/\/dariusz-muszer.de\/pl\/poezja\/panna-franciszka-pomylony-akordeon\/","og_site_name":"Dariusz Muszer","article_modified_time":"2015-06-07T09:41:58+00:00","og_image":[{"url":"http:\/\/dariusz-muszer.de\/pl\/wp-content\/uploads\/sites\/2\/2015\/06\/panna-franciszka-pomylony-akordeon-i-inne-wiersze-217x300.jpg","type":"","width":"","height":""}],"twitter_card":"summary_large_image","twitter_misc":{"Szacowany czas czytania":"2 minuty"},"schema":{"@context":"https:\/\/schema.org","@graph":[{"@type":"WebPage","@id":"https:\/\/dariusz-muszer.de\/pl\/poezja\/panna-franciszka-pomylony-akordeon\/","url":"https:\/\/dariusz-muszer.de\/pl\/poezja\/panna-franciszka-pomylony-akordeon\/","name":"Panna Franciszka, pomylony akordeon - Dariusz Muszer","isPartOf":{"@id":"https:\/\/dariusz-muszer.de\/pl\/#website"},"primaryImageOfPage":{"@id":"https:\/\/dariusz-muszer.de\/pl\/poezja\/panna-franciszka-pomylony-akordeon\/#primaryimage"},"image":{"@id":"https:\/\/dariusz-muszer.de\/pl\/poezja\/panna-franciszka-pomylony-akordeon\/#primaryimage"},"thumbnailUrl":"http:\/\/dariusz-muszer.de\/pl\/wp-content\/uploads\/sites\/2\/2015\/06\/panna-franciszka-pomylony-akordeon-i-inne-wiersze-217x300.jpg","datePublished":"2015-06-01T14:25:24+00:00","dateModified":"2015-06-07T09:41:58+00:00","description":"Panna Franciszka, pomylony akordeon i inne wiersze z lat 1983 \u2013 1987. Muszer wieszczy nam zag\u0142ad\u0119, ale nie chce by\u0107 naszym wybawc\u0105.","breadcrumb":{"@id":"https:\/\/dariusz-muszer.de\/pl\/poezja\/panna-franciszka-pomylony-akordeon\/#breadcrumb"},"inLanguage":"pl-PL","potentialAction":[{"@type":"ReadAction","target":["https:\/\/dariusz-muszer.de\/pl\/poezja\/panna-franciszka-pomylony-akordeon\/"]}]},{"@type":"ImageObject","inLanguage":"pl-PL","@id":"https:\/\/dariusz-muszer.de\/pl\/poezja\/panna-franciszka-pomylony-akordeon\/#primaryimage","url":"http:\/\/dariusz-muszer.de\/pl\/wp-content\/uploads\/sites\/2\/2015\/06\/panna-franciszka-pomylony-akordeon-i-inne-wiersze-217x300.jpg","contentUrl":"http:\/\/dariusz-muszer.de\/pl\/wp-content\/uploads\/sites\/2\/2015\/06\/panna-franciszka-pomylony-akordeon-i-inne-wiersze-217x300.jpg"},{"@type":"BreadcrumbList","@id":"https:\/\/dariusz-muszer.de\/pl\/poezja\/panna-franciszka-pomylony-akordeon\/#breadcrumb","itemListElement":[{"@type":"ListItem","position":1,"name":"Strona g\u0142\u00f3wna","item":"https:\/\/dariusz-muszer.de\/pl\/"},{"@type":"ListItem","position":2,"name":"Poezja","item":"https:\/\/dariusz-muszer.de\/pl\/poezja\/"},{"@type":"ListItem","position":3,"name":"Panna Franciszka, pomylony akordeon"}]},{"@type":"WebSite","@id":"https:\/\/dariusz-muszer.de\/pl\/#website","url":"https:\/\/dariusz-muszer.de\/pl\/","name":"Dariusz Muszer","description":"pisarz","potentialAction":[{"@type":"SearchAction","target":{"@type":"EntryPoint","urlTemplate":"https:\/\/dariusz-muszer.de\/pl\/?s={search_term_string}"},"query-input":{"@type":"PropertyValueSpecification","valueRequired":true,"valueName":"search_term_string"}}],"inLanguage":"pl-PL"}]}},"_links":{"self":[{"href":"https:\/\/dariusz-muszer.de\/pl\/wp-json\/wp\/v2\/pages\/49","targetHints":{"allow":["GET"]}}],"collection":[{"href":"https:\/\/dariusz-muszer.de\/pl\/wp-json\/wp\/v2\/pages"}],"about":[{"href":"https:\/\/dariusz-muszer.de\/pl\/wp-json\/wp\/v2\/types\/page"}],"author":[{"embeddable":true,"href":"https:\/\/dariusz-muszer.de\/pl\/wp-json\/wp\/v2\/users\/1"}],"replies":[{"embeddable":true,"href":"https:\/\/dariusz-muszer.de\/pl\/wp-json\/wp\/v2\/comments?post=49"}],"version-history":[{"count":0,"href":"https:\/\/dariusz-muszer.de\/pl\/wp-json\/wp\/v2\/pages\/49\/revisions"}],"up":[{"embeddable":true,"href":"https:\/\/dariusz-muszer.de\/pl\/wp-json\/wp\/v2\/pages\/5"}],"wp:attachment":[{"href":"https:\/\/dariusz-muszer.de\/pl\/wp-json\/wp\/v2\/media?parent=49"}],"curies":[{"name":"wp","href":"https:\/\/api.w.org\/{rel}","templated":true}]}}