{"id":27,"date":"2015-06-01T12:54:23","date_gmt":"2015-06-01T10:54:23","guid":{"rendered":"http:\/\/dariusz-muszer.de\/pl\/?page_id=27"},"modified":"2015-06-07T11:40:50","modified_gmt":"2015-06-07T09:40:50","slug":"ksiega-zielonej-kamizelki","status":"publish","type":"page","link":"https:\/\/dariusz-muszer.de\/pl\/poezja\/ksiega-zielonej-kamizelki\/","title":{"rendered":"Ksi\u0119ga zielonej kamizelki"},"content":{"rendered":"<p><a href=\"https:\/\/dariusz-muszer.de\/pl\/wp-content\/uploads\/sites\/2\/2015\/06\/ksiega-zielonej-kamizelki.jpg\" rel=\"lightbox[27]\"><img loading=\"lazy\" decoding=\"async\" class=\"alignleft wp-image-438 size-medium\" src=\"https:\/\/dariusz-muszer.de\/pl\/wp-content\/uploads\/sites\/2\/2015\/06\/ksiega-zielonej-kamizelki-274x300.jpg\" alt=\"Ksi\u0119ga zielonej kamizelki\" width=\"274\" height=\"300\" srcset=\"https:\/\/dariusz-muszer.de\/pl\/wp-content\/uploads\/sites\/2\/2015\/06\/ksiega-zielonej-kamizelki-274x300.jpg 274w, https:\/\/dariusz-muszer.de\/pl\/wp-content\/uploads\/sites\/2\/2015\/06\/ksiega-zielonej-kamizelki-183x200.jpg 183w, https:\/\/dariusz-muszer.de\/pl\/wp-content\/uploads\/sites\/2\/2015\/06\/ksiega-zielonej-kamizelki.jpg 600w\" sizes=\"auto, (max-width: 274px) 100vw, 274px\" \/><\/a>Dariusz Muszer<br \/>\n<strong>Ksi\u0119ga zielonej kamizelki<\/strong><br \/>\nLiryczne zapiski z w\u0119dr\u00f3wek po Norwegii<br \/>\nw latach 1992 \u2013 1994<\/p>\n<p>80 stron<br \/>\nOpracowanie graficzne: Tomasz Paczewski<br \/>\nTopos \u2013 Erulier Verlag<br \/>\nSopot \u2013 Hannover 1996<br \/>\nSeria: Biblioteka Toposu<br \/>\nISBN 83-901403-3-0<\/p>\n<p>Nak\u0142ad wyczerpany<\/p>\n<hr \/>\n<p><strong>G\u0142osy krytyki:<\/strong><\/p>\n<blockquote><p>Tomik wierszy Muszera jest zjawiskiem szczeg\u00f3lnym na tle wsp\u00f3\u0142cze\u015bnie panuj\u0105cych tendencji poetyckich, nie tylko ze wzgl\u0119du na dob\u00f3r tematyki, a co za tym idzie \u2013 poetyk\u0119, lecz przede wszystkim z uwagi na specyficzny klimat jego tw\u00f3rczo\u015bci.<br \/>\n<strong>Maria Kaczmarczyk, STUDIUM<\/strong><\/p>\n<p>Z wierszy emanuje dobro\u0107 i spok\u00f3j cz\u0142owieka, kt\u00f3ry zna swoj\u0105 si\u0142\u0119 i wie o wiele wi\u0119cej, ni\u017c by by\u0142o warto o tym m\u00f3wi\u0107. Dlatego tak oszcz\u0119dna i celna bywa jego metafora.<br \/>\n<strong>Ireneusz K. Szmidt, ARSENA\u0141<\/strong><\/p>\n<p>Poeta stara si\u0119 jak najmocniej otworzy\u0107 na otaczaj\u0105c\u0105 go rzeczywisto\u015b\u0107: s\u0142ucha chmur i kamieni, nasi\u0105ka \u015bwiat\u0142em r\u00f3\u017cnych p\u00f3r roku, barwami wzg\u00f3rz i li\u015bci, smakiem p\u00f3\u017anych jesiennych jag\u00f3d.<br \/>\n<strong>Piotr W. Lorkowski, TOPOS<\/strong><\/p>\n<p>Autor, jako wra\u017cliwy obserwator \u015bwiata, ma du\u017co nowego do powiedzenia.<br \/>\n<strong>Kazimierz Ivosse, DZIENNIK POLSKI<\/strong><\/p>\n<p>15 lat \u015bni\u0142 Dariusz Muszer o podr\u00f3\u017cy w samotno\u015b\u0107 Norwegii, zanim w ko\u0144cu marzenie jego mog\u0142o si\u0119 spe\u0142ni\u0107. \u201cLudzie tacy jak ja potrzebuj\u0105 P\u00f3\u0142nocy. Tam znalaz\u0142em to, czego szuka\u0142em\u201c. Literat \u015bwiadomie nie pragn\u0105\u0142 wydoby\u0107 z si\u0142y ciszy ci\u0105gu my\u015bli o ludziach: \u201eTych spotykam tutaj do\u015b\u0107\u201c. Z jego eksperymentu Natura powsta\u0142y wiersze bez kultury. Pe\u0142nymi wyrazu slajdami opisuje swoj\u0105 przygod\u0119, \u201eKsi\u0119g\u0119 zielonej kamizelki\u201c.<br \/>\n<strong>SCHAUMBURGER WOCHENBLATT<\/strong><\/p>\n<p>Mi\u0119dzynarodowa liryka w najlepszym sensie tego s\u0142owa. Muszer jest szelm\u0105. Jego zwykle kr\u00f3tkie, dowcipnie trafne b\u0142yskotliwe my\u015bli traktuj\u0105 o trolach i drzewach, o niebie za dziurami w chmurach kr\u00f3tko: o wszystkim tym, co komu\u015b obserwuj\u0105cemu natur\u0119 mo\u017ce przelecie\u0107 przez g\u0142ow\u0119.<br \/>\n<strong>Sabine Tholund, KIELER NACHRICHTEN<\/strong><\/p>\n<p>Zapachnia\u0142o ryb\u0105, p\u00f3\u0142nocnym lasem, strumieniem i fiordem. Pot\u0119\u017cna dawka koj\u0105cej, ekologiczno-filozoficznej poezji.<br \/>\n<strong>Grzegorz Grali\u0144ski, ZIEMIA STRZELECKA<\/strong><\/p><\/blockquote>\n","protected":false},"excerpt":{"rendered":"<p>Dariusz Muszer Ksi\u0119ga zielonej kamizelki Liryczne zapiski z w\u0119dr\u00f3wek po Norwegii w latach 1992 \u2013 1994 80 stron Opracowanie graficzne: Tomasz Paczewski Topos \u2013 Erulier Verlag Sopot \u2013 Hannover 1996 Seria: Biblioteka Toposu ISBN 83-901403-3-0 Nak\u0142ad wyczerpany G\u0142osy krytyki: Tomik wierszy Muszera jest zjawiskiem szczeg\u00f3lnym na tle wsp\u00f3\u0142cze\u015bnie panuj\u0105cych tendencji poetyckich, nie tylko ze wzgl\u0119du [&hellip;]<\/p>\n","protected":false},"author":1,"featured_media":0,"parent":5,"menu_order":4,"comment_status":"closed","ping_status":"closed","template":"","meta":{"footnotes":""},"class_list":["post-27","page","type-page","status-publish","hentry"],"yoast_head":"<!-- This site is optimized with the Yoast SEO plugin v27.0 - https:\/\/yoast.com\/product\/yoast-seo-wordpress\/ -->\n<title>Ksi\u0119ga zielonej kamizelki - Dariusz Muszer<\/title>\n<meta name=\"description\" content=\"Dariusz Muszer - Ksi\u0119ga zielonej kamizelki. Liryczne zapiski z w\u0119dr\u00f3wek po Norwegii. Opracowanie graficzne: Tomasz Paczewski. Topos \u2013 Erulier Verlag.\" \/>\n<meta name=\"robots\" content=\"index, follow, max-snippet:-1, max-image-preview:large, max-video-preview:-1\" \/>\n<link rel=\"canonical\" href=\"https:\/\/dariusz-muszer.de\/pl\/poezja\/ksiega-zielonej-kamizelki\/\" \/>\n<meta property=\"og:locale\" content=\"pl_PL\" \/>\n<meta property=\"og:type\" content=\"article\" \/>\n<meta property=\"og:title\" content=\"Ksi\u0119ga zielonej kamizelki - Dariusz Muszer\" \/>\n<meta property=\"og:description\" content=\"Dariusz Muszer - Ksi\u0119ga zielonej kamizelki. Liryczne zapiski z w\u0119dr\u00f3wek po Norwegii. Opracowanie graficzne: Tomasz Paczewski. Topos \u2013 Erulier Verlag.\" \/>\n<meta property=\"og:url\" content=\"https:\/\/dariusz-muszer.de\/pl\/poezja\/ksiega-zielonej-kamizelki\/\" \/>\n<meta property=\"og:site_name\" content=\"Dariusz Muszer\" \/>\n<meta property=\"article:modified_time\" content=\"2015-06-07T09:40:50+00:00\" \/>\n<meta property=\"og:image\" content=\"http:\/\/dariusz-muszer.de\/pl\/wp-content\/uploads\/sites\/2\/2015\/06\/ksiega-zielonej-kamizelki-274x300.jpg\" \/>\n<meta name=\"twitter:card\" content=\"summary_large_image\" \/>\n<meta name=\"twitter:label1\" content=\"Szacowany czas czytania\" \/>\n\t<meta name=\"twitter:data1\" content=\"2 minuty\" \/>\n<script type=\"application\/ld+json\" class=\"yoast-schema-graph\">{\"@context\":\"https:\/\/schema.org\",\"@graph\":[{\"@type\":\"WebPage\",\"@id\":\"https:\/\/dariusz-muszer.de\/pl\/poezja\/ksiega-zielonej-kamizelki\/\",\"url\":\"https:\/\/dariusz-muszer.de\/pl\/poezja\/ksiega-zielonej-kamizelki\/\",\"name\":\"Ksi\u0119ga zielonej kamizelki - Dariusz Muszer\",\"isPartOf\":{\"@id\":\"https:\/\/dariusz-muszer.de\/pl\/#website\"},\"primaryImageOfPage\":{\"@id\":\"https:\/\/dariusz-muszer.de\/pl\/poezja\/ksiega-zielonej-kamizelki\/#primaryimage\"},\"image\":{\"@id\":\"https:\/\/dariusz-muszer.de\/pl\/poezja\/ksiega-zielonej-kamizelki\/#primaryimage\"},\"thumbnailUrl\":\"http:\/\/dariusz-muszer.de\/pl\/wp-content\/uploads\/sites\/2\/2015\/06\/ksiega-zielonej-kamizelki-274x300.jpg\",\"datePublished\":\"2015-06-01T10:54:23+00:00\",\"dateModified\":\"2015-06-07T09:40:50+00:00\",\"description\":\"Dariusz Muszer - Ksi\u0119ga zielonej kamizelki. Liryczne zapiski z w\u0119dr\u00f3wek po Norwegii. Opracowanie graficzne: Tomasz Paczewski. Topos \u2013 Erulier Verlag.\",\"breadcrumb\":{\"@id\":\"https:\/\/dariusz-muszer.de\/pl\/poezja\/ksiega-zielonej-kamizelki\/#breadcrumb\"},\"inLanguage\":\"pl-PL\",\"potentialAction\":[{\"@type\":\"ReadAction\",\"target\":[\"https:\/\/dariusz-muszer.de\/pl\/poezja\/ksiega-zielonej-kamizelki\/\"]}]},{\"@type\":\"ImageObject\",\"inLanguage\":\"pl-PL\",\"@id\":\"https:\/\/dariusz-muszer.de\/pl\/poezja\/ksiega-zielonej-kamizelki\/#primaryimage\",\"url\":\"http:\/\/dariusz-muszer.de\/pl\/wp-content\/uploads\/sites\/2\/2015\/06\/ksiega-zielonej-kamizelki-274x300.jpg\",\"contentUrl\":\"http:\/\/dariusz-muszer.de\/pl\/wp-content\/uploads\/sites\/2\/2015\/06\/ksiega-zielonej-kamizelki-274x300.jpg\"},{\"@type\":\"BreadcrumbList\",\"@id\":\"https:\/\/dariusz-muszer.de\/pl\/poezja\/ksiega-zielonej-kamizelki\/#breadcrumb\",\"itemListElement\":[{\"@type\":\"ListItem\",\"position\":1,\"name\":\"Strona g\u0142\u00f3wna\",\"item\":\"https:\/\/dariusz-muszer.de\/pl\/\"},{\"@type\":\"ListItem\",\"position\":2,\"name\":\"Poezja\",\"item\":\"https:\/\/dariusz-muszer.de\/pl\/poezja\/\"},{\"@type\":\"ListItem\",\"position\":3,\"name\":\"Ksi\u0119ga zielonej kamizelki\"}]},{\"@type\":\"WebSite\",\"@id\":\"https:\/\/dariusz-muszer.de\/pl\/#website\",\"url\":\"https:\/\/dariusz-muszer.de\/pl\/\",\"name\":\"Dariusz Muszer\",\"description\":\"pisarz\",\"potentialAction\":[{\"@type\":\"SearchAction\",\"target\":{\"@type\":\"EntryPoint\",\"urlTemplate\":\"https:\/\/dariusz-muszer.de\/pl\/?s={search_term_string}\"},\"query-input\":{\"@type\":\"PropertyValueSpecification\",\"valueRequired\":true,\"valueName\":\"search_term_string\"}}],\"inLanguage\":\"pl-PL\"}]}<\/script>\n<!-- \/ Yoast SEO plugin. -->","yoast_head_json":{"title":"Ksi\u0119ga zielonej kamizelki - Dariusz Muszer","description":"Dariusz Muszer - Ksi\u0119ga zielonej kamizelki. Liryczne zapiski z w\u0119dr\u00f3wek po Norwegii. Opracowanie graficzne: Tomasz Paczewski. Topos \u2013 Erulier Verlag.","robots":{"index":"index","follow":"follow","max-snippet":"max-snippet:-1","max-image-preview":"max-image-preview:large","max-video-preview":"max-video-preview:-1"},"canonical":"https:\/\/dariusz-muszer.de\/pl\/poezja\/ksiega-zielonej-kamizelki\/","og_locale":"pl_PL","og_type":"article","og_title":"Ksi\u0119ga zielonej kamizelki - Dariusz Muszer","og_description":"Dariusz Muszer - Ksi\u0119ga zielonej kamizelki. Liryczne zapiski z w\u0119dr\u00f3wek po Norwegii. Opracowanie graficzne: Tomasz Paczewski. Topos \u2013 Erulier Verlag.","og_url":"https:\/\/dariusz-muszer.de\/pl\/poezja\/ksiega-zielonej-kamizelki\/","og_site_name":"Dariusz Muszer","article_modified_time":"2015-06-07T09:40:50+00:00","og_image":[{"url":"http:\/\/dariusz-muszer.de\/pl\/wp-content\/uploads\/sites\/2\/2015\/06\/ksiega-zielonej-kamizelki-274x300.jpg","type":"","width":"","height":""}],"twitter_card":"summary_large_image","twitter_misc":{"Szacowany czas czytania":"2 minuty"},"schema":{"@context":"https:\/\/schema.org","@graph":[{"@type":"WebPage","@id":"https:\/\/dariusz-muszer.de\/pl\/poezja\/ksiega-zielonej-kamizelki\/","url":"https:\/\/dariusz-muszer.de\/pl\/poezja\/ksiega-zielonej-kamizelki\/","name":"Ksi\u0119ga zielonej kamizelki - Dariusz Muszer","isPartOf":{"@id":"https:\/\/dariusz-muszer.de\/pl\/#website"},"primaryImageOfPage":{"@id":"https:\/\/dariusz-muszer.de\/pl\/poezja\/ksiega-zielonej-kamizelki\/#primaryimage"},"image":{"@id":"https:\/\/dariusz-muszer.de\/pl\/poezja\/ksiega-zielonej-kamizelki\/#primaryimage"},"thumbnailUrl":"http:\/\/dariusz-muszer.de\/pl\/wp-content\/uploads\/sites\/2\/2015\/06\/ksiega-zielonej-kamizelki-274x300.jpg","datePublished":"2015-06-01T10:54:23+00:00","dateModified":"2015-06-07T09:40:50+00:00","description":"Dariusz Muszer - Ksi\u0119ga zielonej kamizelki. Liryczne zapiski z w\u0119dr\u00f3wek po Norwegii. Opracowanie graficzne: Tomasz Paczewski. Topos \u2013 Erulier Verlag.","breadcrumb":{"@id":"https:\/\/dariusz-muszer.de\/pl\/poezja\/ksiega-zielonej-kamizelki\/#breadcrumb"},"inLanguage":"pl-PL","potentialAction":[{"@type":"ReadAction","target":["https:\/\/dariusz-muszer.de\/pl\/poezja\/ksiega-zielonej-kamizelki\/"]}]},{"@type":"ImageObject","inLanguage":"pl-PL","@id":"https:\/\/dariusz-muszer.de\/pl\/poezja\/ksiega-zielonej-kamizelki\/#primaryimage","url":"http:\/\/dariusz-muszer.de\/pl\/wp-content\/uploads\/sites\/2\/2015\/06\/ksiega-zielonej-kamizelki-274x300.jpg","contentUrl":"http:\/\/dariusz-muszer.de\/pl\/wp-content\/uploads\/sites\/2\/2015\/06\/ksiega-zielonej-kamizelki-274x300.jpg"},{"@type":"BreadcrumbList","@id":"https:\/\/dariusz-muszer.de\/pl\/poezja\/ksiega-zielonej-kamizelki\/#breadcrumb","itemListElement":[{"@type":"ListItem","position":1,"name":"Strona g\u0142\u00f3wna","item":"https:\/\/dariusz-muszer.de\/pl\/"},{"@type":"ListItem","position":2,"name":"Poezja","item":"https:\/\/dariusz-muszer.de\/pl\/poezja\/"},{"@type":"ListItem","position":3,"name":"Ksi\u0119ga zielonej kamizelki"}]},{"@type":"WebSite","@id":"https:\/\/dariusz-muszer.de\/pl\/#website","url":"https:\/\/dariusz-muszer.de\/pl\/","name":"Dariusz Muszer","description":"pisarz","potentialAction":[{"@type":"SearchAction","target":{"@type":"EntryPoint","urlTemplate":"https:\/\/dariusz-muszer.de\/pl\/?s={search_term_string}"},"query-input":{"@type":"PropertyValueSpecification","valueRequired":true,"valueName":"search_term_string"}}],"inLanguage":"pl-PL"}]}},"_links":{"self":[{"href":"https:\/\/dariusz-muszer.de\/pl\/wp-json\/wp\/v2\/pages\/27","targetHints":{"allow":["GET"]}}],"collection":[{"href":"https:\/\/dariusz-muszer.de\/pl\/wp-json\/wp\/v2\/pages"}],"about":[{"href":"https:\/\/dariusz-muszer.de\/pl\/wp-json\/wp\/v2\/types\/page"}],"author":[{"embeddable":true,"href":"https:\/\/dariusz-muszer.de\/pl\/wp-json\/wp\/v2\/users\/1"}],"replies":[{"embeddable":true,"href":"https:\/\/dariusz-muszer.de\/pl\/wp-json\/wp\/v2\/comments?post=27"}],"version-history":[{"count":0,"href":"https:\/\/dariusz-muszer.de\/pl\/wp-json\/wp\/v2\/pages\/27\/revisions"}],"up":[{"embeddable":true,"href":"https:\/\/dariusz-muszer.de\/pl\/wp-json\/wp\/v2\/pages\/5"}],"wp:attachment":[{"href":"https:\/\/dariusz-muszer.de\/pl\/wp-json\/wp\/v2\/media?parent=27"}],"curies":[{"name":"wp","href":"https:\/\/api.w.org\/{rel}","templated":true}]}}