{"id":1523,"date":"2021-05-11T15:23:57","date_gmt":"2021-05-11T13:23:57","guid":{"rendered":"http:\/\/dariusz-muszer.de\/pl\/?page_id=1523"},"modified":"2021-05-12T12:05:03","modified_gmt":"2021-05-12T10:05:03","slug":"dzieci-krotszej-nogi-syzyfa","status":"publish","type":"page","link":"https:\/\/dariusz-muszer.de\/pl\/poezja\/dzieci-krotszej-nogi-syzyfa\/","title":{"rendered":"Dzieci kr\u00f3tszej nogi Syzyfa"},"content":{"rendered":"<p><img loading=\"lazy\" decoding=\"async\" class=\"alignleft size-medium wp-image-1511\" src=\"https:\/\/dariusz-muszer.de\/pl\/wp-content\/uploads\/sites\/2\/2021\/05\/dzieci-krotszej-nogi-Syzyfa-Muszer-229x300.jpg\" alt=\"\" width=\"229\" height=\"300\" srcset=\"https:\/\/dariusz-muszer.de\/pl\/wp-content\/uploads\/sites\/2\/2021\/05\/dzieci-krotszej-nogi-Syzyfa-Muszer-229x300.jpg 229w, https:\/\/dariusz-muszer.de\/pl\/wp-content\/uploads\/sites\/2\/2021\/05\/dzieci-krotszej-nogi-Syzyfa-Muszer.jpg 500w\" sizes=\"auto, (max-width: 229px) 100vw, 229px\" \/>Dariusz Muszer<br \/>\n<strong>Dzieci kr\u00f3tszej nogi Syzyfa<\/strong><\/p>\n<p>96 stron<\/p>\n<p>obraz na ok\u0142adce: Aleksandra Sikorska<br \/>\nzdj\u0119cie autora: Hanna Rex<\/p>\n<p>Wydawnictwo Forma<br \/>\nSzczecin 2021<\/p>\n<p>ISBN 978-83-66759-04-6<\/p>\n<p>&nbsp;<\/p>\n<hr \/>\n<h1>Od autora:<\/h1>\n<p class=\"western\" lang=\"pl-PL\">Niniejszy tom by\u0142 gotowy do druku w 1987 roku. Z przyczyn niezale\u017cnych ode mnie ukazuje si\u0119 jednak 34 lat p\u00f3\u017aniej. Pod niezmienionym tytu\u0142em, za to w nieco zmodyfikowanej postaci. Powi\u0119kszony zosta\u0142 o siedem wierszy z cyklu &#8222;<i>Zapomniany strajk&#8221;<\/i>, powsta\u0142ych w 1981 roku, kr\u00f3tko po zako\u0144czeniu trwaj\u0105cego 21 dni strajku okupacyjnego student\u00f3w Uniwersytetu im. Adama Mickiewicza w Poznaniu, kt\u00f3rego by\u0142em uczestnikiem. Cykl ten r\u00f3wnie\u017c nie doczeka\u0142 si\u0119 publikacji w zwartej formie na terenie Polski. W edycji bibliofilskiej zaprezentowa\u0142a go w 2012 roku w nak\u0142adzie 30 numerowanych egzemplarzy emigracyjna Oficyna FJ, Toronto, Kanada.<\/p>\n<p class=\"western\" lang=\"pl-PL\">Przedstawione wiersze zdoby\u0142y szereg laur\u00f3w literackich, m.in. Nagrod\u0119 G\u0142\u00f3wn\u0105 \u201e\u015awi\u0119tokrzyskiej Liry Poezji\u201d (1984), Nagrod\u0119 G\u0142\u00f3wn\u0105 \u201eCz\u00f3\u0142enka Tkackiego\u201d (1985), Nagrod\u0119 G\u0142\u00f3wna w Konkursie im. Juliana Przybosia (1985), Nagrod\u0119 G\u0142\u00f3wn\u0105 w Konkursie im. Cypriana Kamila Norwida (1986), Nagrod\u0119 G\u0142\u00f3wn\u0105 \u201eCzerwonej R\u00f3\u017cy\u201c (1986) oraz Pierwsz\u0105 Nagrod\u0119 w Wiede\u0144skim Konkursie Literackim im. Marka H\u0142aski (1992).<\/p>\n<p class=\"western\" lang=\"pl-PL\">Z biegiem lat cz\u0119\u015b\u0107 liryk\u00f3w z tomu &#8222;<i>Dzieci kr\u00f3tszej nogi Syzyfa&#8221;<\/i> doczeka\u0142y si\u0119 publikacji na \u0142amach polskoj\u0119zycznej prasy za granic\u0105 i w Kraju. By\u0142y te\u017c t\u0142umaczone na r\u00f3\u017cne j\u0119zyki.<\/p>\n<p class=\"western\" lang=\"pl-PL\">W 1995 roku ukaza\u0142 si\u0119 w hanowerskim Erulier Verlag tom &#8222;<i>Panna Franciszka, pomylony akordeon i inne wiersze z lat 1983-1987&#8243;<\/i>, w kt\u00f3rym pomieszczone zosta\u0142y niekt\u00f3re utwory z prezentowanego obecnie po raz pierwszy czytelnikowi krajowemu tomu.<\/p>\n<p>&nbsp;<\/p>\n<hr \/>\n<h1>G\u0142osy krytyki:<\/h1>\n<blockquote><p>Jest to bardzo dobra poezja, \u015bwietna w swej z\u0142o\u015bci zdzierania z \u017cycia r\u00f3\u017cowych masek. Po takim zabiegu pozostaje tylko szaro\u015b\u0107, brud. Wszystko jest ska\u017cone, nieczyste, bardziej zwierz\u0119ce ani\u017celi ludzkie. Bezmiernie smutne. Muszer wykorzystuje rozbudowane obrazy obyczajowe \u2013 gwa\u0142t, ucieczk\u0119 kochank\u00f3w, \u017cycie wdowy po kolejarzu i krawca Efraima \u2013 na zasadzie przytoczonej anegdoty, uzupe\u0142nionej lub na tej podstawie zbudowanej \u2013 esencji filozoficznej upozorowanej na autentyczne prze\u017cycia bohater\u00f3w. Dzi\u0119ki temu wiersze s\u0105 bardzo prawdziwe. Stajemy si\u0119 \u015bwiadkami \u017cycia Bia\u0142ej Gabrieli, Efraima, rozpustnej dziewczyny i poddajemy si\u0119 jego szarzy\u017anie i zarazem wielkiemu urokowi, melancholii, maj\u0105c \u015bwiadomo\u015b\u0107 zag\u0142ady tego \u015bwiata \u2013 jego zjawiskowo\u015bci. Nie ma w tych wierszach momentu upi\u0119kszenia: Kr\u00f3l jest nagi, odra\u017caj\u0105cy, ale bardzo interesuj\u0105cy \u2013 w\u0142a\u015bnie poprzez swoj\u0105 odmienno\u015b\u0107.<br \/>\n<strong>Ma\u0142gorzata Kowalska-Mas\u0142owska, Nadodrze<\/strong><\/p>\n<p>Muszer wieszczy nam zag\u0142ad\u0119, ale nie chce by\u0107 naszym wybawc\u0105.<br \/>\n<strong>Jacek Lewinson, Krzywe Ko\u0142o Literatury<\/strong><\/p>\n<p>Wiersze Dariusza Muszera z brutalno\u015bci\u0105 negli\u017cuj\u0105 rzeczywisto\u015b\u0107, s\u0105 ostre w swej demaskatorskiej intencji, niekiedy prze\u015bmiewcze i szydercze. Poeta szokuje swoj\u0105 wizj\u0105 \u015bwiata, u\u017cywa mocnych, wr\u0119cz antyestetycznych \u015brodk\u00f3w ekspresji. Kreuje \u015bwiat jakby wyj\u0119ty z prozy Brunona Schulza, \u015bwiat dziwny, niepoj\u0119ty, nieszablonowy.<br \/>\n<strong>Zenon \u0141ukaszewicz<\/strong><\/p>\n<p>Czytelnik tych wierszy zetknie si\u0119 z poezj\u0105 czerpi\u0105c\u0105 z jednego \u017ar\u00f3d\u0142a \u2013 \u017ar\u00f3d\u0142a zm\u0119tnia\u0142ego, brudnego, leniwie p\u0142yn\u0105cego. Tym \u017ar\u00f3d\u0142em s\u0105 trafne, niestety, obserwacje zwyk\u0142ego, biednego i nieszcz\u0119snego \u017cycia. \u017bycia powszedniego. Czyta si\u0119 czasami te wiersze z przykro\u015bci\u0105. Wywo\u0142uj\u0105 uczucie ci\u0119\u017caru, smutku, nawet beznadziejno\u015bci. Ale od czego jest poezja? Czy jej zadaniem jest tylko opis pi\u0119kna tego \u015bwiata i rado\u015b\u0107 \u017cycia? Poezja jest po to, aby o naszym \u015bwiecie m\u00f3wi\u0142a prawd\u0119. A \u017ce ten \u015bwiat \u2013 co najmniej w po\u0142owie \u2013 pi\u0119kny i radosny nie jest&#8230; C\u00f3\u017c, to ju\u017c nie poezji wina. Nie mog\u0119 wi\u0119c obieca\u0107 czytelnikowi wierszy Dariusza Muszera radosnej lektury. Ale mog\u0119 go zapewni\u0107, \u017ce spotka si\u0119 z poezj\u0105.<br \/>\n<strong>Marek Wawrzkiewicz<\/strong><\/p>\n<p>Muszer dr\u0105\u017cy problematyk\u0119 wn\u0119trza cz\u0142owieczego, lecz czyni to nie z dystansu teoretycznych uog\u00f3lnie\u0144 i filozoficznych refleksji, tylko pokazuj\u0105c j\u0105 na konkretnych, wzi\u0119tych z \u017cycia przyk\u0142adach. Konwencjonaln\u0105 form\u0119 ballady umiej\u0119tnie krzy\u017cuje z poetyckim reporta\u017cem. Ten przekaz nie jest w \u017cadnym wypadku brutalny. Stwierdzi\u0142bym odwrotnie: Muszer fakty brutalizmu \u017cycia stara si\u0119 prze\u0142o\u017cy\u0107 na autentyczny liryzm przekazu. (&#8230;) Muszer ods\u0142ania n\u0119dz\u0119 upadku ludzkiego, ale r\u00f3wnocze\u015bnie pochyla si\u0119 nad ni\u0105 pe\u0142en zrozumienia i wsp\u00f3\u0142czucia dla s\u0142abo\u015bci p\u0119kni\u0119tej ludzkiej natury. Godnym podkre\u015blenia jest poetyckie obrazowanie Muszera zderzaj\u0105ce liryczne wizje z werystycznym opisem naturalistycznych reali\u00f3w.<br \/>\n<strong>Tadeusz Czarwid-Grabowski, Ziemia Gorzowska<\/strong><\/p><\/blockquote>\n<p>&nbsp;<\/p>\n","protected":false},"excerpt":{"rendered":"<p>Dariusz Muszer Dzieci kr\u00f3tszej nogi Syzyfa 96 stron obraz na ok\u0142adce: Aleksandra Sikorska zdj\u0119cie autora: Hanna Rex Wydawnictwo Forma Szczecin 2021 ISBN 978-83-66759-04-6 &nbsp; Od autora: Niniejszy tom by\u0142 gotowy do druku w 1987 roku. Z przyczyn niezale\u017cnych ode mnie ukazuje si\u0119 jednak 34 lat p\u00f3\u017aniej. Pod niezmienionym tytu\u0142em, za to w nieco zmodyfikowanej postaci. [&hellip;]<\/p>\n","protected":false},"author":1,"featured_media":0,"parent":5,"menu_order":0,"comment_status":"closed","ping_status":"closed","template":"","meta":{"footnotes":""},"class_list":["post-1523","page","type-page","status-publish","hentry"],"yoast_head":"<!-- This site is optimized with the Yoast SEO plugin v27.0 - https:\/\/yoast.com\/product\/yoast-seo-wordpress\/ -->\n<title>Dzieci kr\u00f3tszej nogi Syzyfa - Dariusz Muszer<\/title>\n<meta name=\"robots\" content=\"index, follow, max-snippet:-1, max-image-preview:large, max-video-preview:-1\" \/>\n<link rel=\"canonical\" href=\"https:\/\/dariusz-muszer.de\/pl\/poezja\/dzieci-krotszej-nogi-syzyfa\/\" \/>\n<meta property=\"og:locale\" content=\"pl_PL\" \/>\n<meta property=\"og:type\" content=\"article\" \/>\n<meta property=\"og:title\" content=\"Dzieci kr\u00f3tszej nogi Syzyfa - Dariusz Muszer\" \/>\n<meta property=\"og:description\" content=\"Dariusz Muszer Dzieci kr\u00f3tszej nogi Syzyfa 96 stron obraz na ok\u0142adce: Aleksandra Sikorska zdj\u0119cie autora: Hanna Rex Wydawnictwo Forma Szczecin 2021 ISBN 978-83-66759-04-6 &nbsp; Od autora: Niniejszy tom by\u0142 gotowy do druku w 1987 roku. Z przyczyn niezale\u017cnych ode mnie ukazuje si\u0119 jednak 34 lat p\u00f3\u017aniej. Pod niezmienionym tytu\u0142em, za to w nieco zmodyfikowanej postaci. [&hellip;]\" \/>\n<meta property=\"og:url\" content=\"https:\/\/dariusz-muszer.de\/pl\/poezja\/dzieci-krotszej-nogi-syzyfa\/\" \/>\n<meta property=\"og:site_name\" content=\"Dariusz Muszer\" \/>\n<meta property=\"article:modified_time\" content=\"2021-05-12T10:05:03+00:00\" \/>\n<meta property=\"og:image\" content=\"http:\/\/dariusz-muszer.de\/pl\/wp-content\/uploads\/sites\/2\/2021\/05\/dzieci-krotszej-nogi-Syzyfa-Muszer-229x300.jpg\" \/>\n<meta name=\"twitter:card\" content=\"summary_large_image\" \/>\n<meta name=\"twitter:label1\" content=\"Szacowany czas czytania\" \/>\n\t<meta name=\"twitter:data1\" content=\"3 minuty\" \/>\n<script type=\"application\/ld+json\" class=\"yoast-schema-graph\">{\"@context\":\"https:\/\/schema.org\",\"@graph\":[{\"@type\":\"WebPage\",\"@id\":\"https:\/\/dariusz-muszer.de\/pl\/poezja\/dzieci-krotszej-nogi-syzyfa\/\",\"url\":\"https:\/\/dariusz-muszer.de\/pl\/poezja\/dzieci-krotszej-nogi-syzyfa\/\",\"name\":\"Dzieci kr\u00f3tszej nogi Syzyfa - Dariusz Muszer\",\"isPartOf\":{\"@id\":\"https:\/\/dariusz-muszer.de\/pl\/#website\"},\"primaryImageOfPage\":{\"@id\":\"https:\/\/dariusz-muszer.de\/pl\/poezja\/dzieci-krotszej-nogi-syzyfa\/#primaryimage\"},\"image\":{\"@id\":\"https:\/\/dariusz-muszer.de\/pl\/poezja\/dzieci-krotszej-nogi-syzyfa\/#primaryimage\"},\"thumbnailUrl\":\"http:\/\/dariusz-muszer.de\/pl\/wp-content\/uploads\/sites\/2\/2021\/05\/dzieci-krotszej-nogi-Syzyfa-Muszer-229x300.jpg\",\"datePublished\":\"2021-05-11T13:23:57+00:00\",\"dateModified\":\"2021-05-12T10:05:03+00:00\",\"breadcrumb\":{\"@id\":\"https:\/\/dariusz-muszer.de\/pl\/poezja\/dzieci-krotszej-nogi-syzyfa\/#breadcrumb\"},\"inLanguage\":\"pl-PL\",\"potentialAction\":[{\"@type\":\"ReadAction\",\"target\":[\"https:\/\/dariusz-muszer.de\/pl\/poezja\/dzieci-krotszej-nogi-syzyfa\/\"]}]},{\"@type\":\"ImageObject\",\"inLanguage\":\"pl-PL\",\"@id\":\"https:\/\/dariusz-muszer.de\/pl\/poezja\/dzieci-krotszej-nogi-syzyfa\/#primaryimage\",\"url\":\"https:\/\/dariusz-muszer.de\/pl\/wp-content\/uploads\/sites\/2\/2021\/05\/dzieci-krotszej-nogi-Syzyfa-Muszer.jpg\",\"contentUrl\":\"https:\/\/dariusz-muszer.de\/pl\/wp-content\/uploads\/sites\/2\/2021\/05\/dzieci-krotszej-nogi-Syzyfa-Muszer.jpg\",\"width\":500,\"height\":656,\"caption\":\"Dzieci kr\u00f3tszej nogi Syzyfa - Dariusz Muszer\"},{\"@type\":\"BreadcrumbList\",\"@id\":\"https:\/\/dariusz-muszer.de\/pl\/poezja\/dzieci-krotszej-nogi-syzyfa\/#breadcrumb\",\"itemListElement\":[{\"@type\":\"ListItem\",\"position\":1,\"name\":\"Strona g\u0142\u00f3wna\",\"item\":\"https:\/\/dariusz-muszer.de\/pl\/\"},{\"@type\":\"ListItem\",\"position\":2,\"name\":\"Poezja\",\"item\":\"https:\/\/dariusz-muszer.de\/pl\/poezja\/\"},{\"@type\":\"ListItem\",\"position\":3,\"name\":\"Dzieci kr\u00f3tszej nogi Syzyfa\"}]},{\"@type\":\"WebSite\",\"@id\":\"https:\/\/dariusz-muszer.de\/pl\/#website\",\"url\":\"https:\/\/dariusz-muszer.de\/pl\/\",\"name\":\"Dariusz Muszer\",\"description\":\"pisarz\",\"potentialAction\":[{\"@type\":\"SearchAction\",\"target\":{\"@type\":\"EntryPoint\",\"urlTemplate\":\"https:\/\/dariusz-muszer.de\/pl\/?s={search_term_string}\"},\"query-input\":{\"@type\":\"PropertyValueSpecification\",\"valueRequired\":true,\"valueName\":\"search_term_string\"}}],\"inLanguage\":\"pl-PL\"}]}<\/script>\n<!-- \/ Yoast SEO plugin. -->","yoast_head_json":{"title":"Dzieci kr\u00f3tszej nogi Syzyfa - Dariusz Muszer","robots":{"index":"index","follow":"follow","max-snippet":"max-snippet:-1","max-image-preview":"max-image-preview:large","max-video-preview":"max-video-preview:-1"},"canonical":"https:\/\/dariusz-muszer.de\/pl\/poezja\/dzieci-krotszej-nogi-syzyfa\/","og_locale":"pl_PL","og_type":"article","og_title":"Dzieci kr\u00f3tszej nogi Syzyfa - Dariusz Muszer","og_description":"Dariusz Muszer Dzieci kr\u00f3tszej nogi Syzyfa 96 stron obraz na ok\u0142adce: Aleksandra Sikorska zdj\u0119cie autora: Hanna Rex Wydawnictwo Forma Szczecin 2021 ISBN 978-83-66759-04-6 &nbsp; Od autora: Niniejszy tom by\u0142 gotowy do druku w 1987 roku. Z przyczyn niezale\u017cnych ode mnie ukazuje si\u0119 jednak 34 lat p\u00f3\u017aniej. Pod niezmienionym tytu\u0142em, za to w nieco zmodyfikowanej postaci. [&hellip;]","og_url":"https:\/\/dariusz-muszer.de\/pl\/poezja\/dzieci-krotszej-nogi-syzyfa\/","og_site_name":"Dariusz Muszer","article_modified_time":"2021-05-12T10:05:03+00:00","og_image":[{"url":"http:\/\/dariusz-muszer.de\/pl\/wp-content\/uploads\/sites\/2\/2021\/05\/dzieci-krotszej-nogi-Syzyfa-Muszer-229x300.jpg","type":"","width":"","height":""}],"twitter_card":"summary_large_image","twitter_misc":{"Szacowany czas czytania":"3 minuty"},"schema":{"@context":"https:\/\/schema.org","@graph":[{"@type":"WebPage","@id":"https:\/\/dariusz-muszer.de\/pl\/poezja\/dzieci-krotszej-nogi-syzyfa\/","url":"https:\/\/dariusz-muszer.de\/pl\/poezja\/dzieci-krotszej-nogi-syzyfa\/","name":"Dzieci kr\u00f3tszej nogi Syzyfa - Dariusz Muszer","isPartOf":{"@id":"https:\/\/dariusz-muszer.de\/pl\/#website"},"primaryImageOfPage":{"@id":"https:\/\/dariusz-muszer.de\/pl\/poezja\/dzieci-krotszej-nogi-syzyfa\/#primaryimage"},"image":{"@id":"https:\/\/dariusz-muszer.de\/pl\/poezja\/dzieci-krotszej-nogi-syzyfa\/#primaryimage"},"thumbnailUrl":"http:\/\/dariusz-muszer.de\/pl\/wp-content\/uploads\/sites\/2\/2021\/05\/dzieci-krotszej-nogi-Syzyfa-Muszer-229x300.jpg","datePublished":"2021-05-11T13:23:57+00:00","dateModified":"2021-05-12T10:05:03+00:00","breadcrumb":{"@id":"https:\/\/dariusz-muszer.de\/pl\/poezja\/dzieci-krotszej-nogi-syzyfa\/#breadcrumb"},"inLanguage":"pl-PL","potentialAction":[{"@type":"ReadAction","target":["https:\/\/dariusz-muszer.de\/pl\/poezja\/dzieci-krotszej-nogi-syzyfa\/"]}]},{"@type":"ImageObject","inLanguage":"pl-PL","@id":"https:\/\/dariusz-muszer.de\/pl\/poezja\/dzieci-krotszej-nogi-syzyfa\/#primaryimage","url":"https:\/\/dariusz-muszer.de\/pl\/wp-content\/uploads\/sites\/2\/2021\/05\/dzieci-krotszej-nogi-Syzyfa-Muszer.jpg","contentUrl":"https:\/\/dariusz-muszer.de\/pl\/wp-content\/uploads\/sites\/2\/2021\/05\/dzieci-krotszej-nogi-Syzyfa-Muszer.jpg","width":500,"height":656,"caption":"Dzieci kr\u00f3tszej nogi Syzyfa - Dariusz Muszer"},{"@type":"BreadcrumbList","@id":"https:\/\/dariusz-muszer.de\/pl\/poezja\/dzieci-krotszej-nogi-syzyfa\/#breadcrumb","itemListElement":[{"@type":"ListItem","position":1,"name":"Strona g\u0142\u00f3wna","item":"https:\/\/dariusz-muszer.de\/pl\/"},{"@type":"ListItem","position":2,"name":"Poezja","item":"https:\/\/dariusz-muszer.de\/pl\/poezja\/"},{"@type":"ListItem","position":3,"name":"Dzieci kr\u00f3tszej nogi Syzyfa"}]},{"@type":"WebSite","@id":"https:\/\/dariusz-muszer.de\/pl\/#website","url":"https:\/\/dariusz-muszer.de\/pl\/","name":"Dariusz Muszer","description":"pisarz","potentialAction":[{"@type":"SearchAction","target":{"@type":"EntryPoint","urlTemplate":"https:\/\/dariusz-muszer.de\/pl\/?s={search_term_string}"},"query-input":{"@type":"PropertyValueSpecification","valueRequired":true,"valueName":"search_term_string"}}],"inLanguage":"pl-PL"}]}},"_links":{"self":[{"href":"https:\/\/dariusz-muszer.de\/pl\/wp-json\/wp\/v2\/pages\/1523","targetHints":{"allow":["GET"]}}],"collection":[{"href":"https:\/\/dariusz-muszer.de\/pl\/wp-json\/wp\/v2\/pages"}],"about":[{"href":"https:\/\/dariusz-muszer.de\/pl\/wp-json\/wp\/v2\/types\/page"}],"author":[{"embeddable":true,"href":"https:\/\/dariusz-muszer.de\/pl\/wp-json\/wp\/v2\/users\/1"}],"replies":[{"embeddable":true,"href":"https:\/\/dariusz-muszer.de\/pl\/wp-json\/wp\/v2\/comments?post=1523"}],"version-history":[{"count":5,"href":"https:\/\/dariusz-muszer.de\/pl\/wp-json\/wp\/v2\/pages\/1523\/revisions"}],"predecessor-version":[{"id":1533,"href":"https:\/\/dariusz-muszer.de\/pl\/wp-json\/wp\/v2\/pages\/1523\/revisions\/1533"}],"up":[{"embeddable":true,"href":"https:\/\/dariusz-muszer.de\/pl\/wp-json\/wp\/v2\/pages\/5"}],"wp:attachment":[{"href":"https:\/\/dariusz-muszer.de\/pl\/wp-json\/wp\/v2\/media?parent=1523"}],"curies":[{"name":"wp","href":"https:\/\/api.w.org\/{rel}","templated":true}]}}