{"id":1323,"date":"2019-09-11T22:39:58","date_gmt":"2019-09-11T20:39:58","guid":{"rendered":"http:\/\/dariusz-muszer.de\/pl\/?page_id=1323"},"modified":"2019-09-11T22:47:51","modified_gmt":"2019-09-11T20:47:51","slug":"czlowiek-z-kowadlem","status":"publish","type":"page","link":"https:\/\/dariusz-muszer.de\/pl\/proza\/czlowiek-z-kowadlem\/","title":{"rendered":"Cz\u0142owiek z kowad\u0142em"},"content":{"rendered":"<p><img loading=\"lazy\" decoding=\"async\" class=\"alignleft size-medium wp-image-1307\" src=\"https:\/\/dariusz-muszer.de\/pl\/wp-content\/uploads\/sites\/2\/2019\/09\/muszer-czlowiek-z-kowadlem-229x300.jpg\" alt=\"Muszer Czlowiek z kowadlem\" width=\"229\" height=\"300\" srcset=\"https:\/\/dariusz-muszer.de\/pl\/wp-content\/uploads\/sites\/2\/2019\/09\/muszer-czlowiek-z-kowadlem-229x300.jpg 229w, https:\/\/dariusz-muszer.de\/pl\/wp-content\/uploads\/sites\/2\/2019\/09\/muszer-czlowiek-z-kowadlem.jpg 732w\" sizes=\"auto, (max-width: 229px) 100vw, 229px\" \/>Dariusz Muszer<br \/>\n<strong>Cz\u0142owiek z kowad\u0142em<\/strong><\/p>\n<p>214 stron<br \/>\nobraz na ok\u0142adce: Nina Zieli\u0144ska-Krudysz<\/p>\n<p>Wydawnictwo Forma<br \/>\nSzczecin 2019<\/p>\n<p>ISBN 978-83-66180-24-6<\/p>\n<p>&nbsp;<\/p>\n<p>&nbsp;<\/p>\n<hr \/>\n<h1>O ksi\u0105\u017cce:<\/h1>\n<p>W opowiadaniach ze zbioru\u00a0<em>Cz\u0142owiek z kowad\u0142em<\/em>, Dariusz Muszer poszukuje przyczyn kryzysu europejskiej to\u017csamo\u015bci. Realia polsko-niemieckie opowiedziane zosta\u0142y ze swobod\u0105 znawcy tematu: ich bohaterowie utkn\u0119li w pu\u0142apkach braku przynale\u017cno\u015bci, obco\u015bci, alienacji. Niemcy wyobcowani w Niemczech, Polacy wyobcowani w Polsce, wszyscy zap\u0119tleni w antagonizmie oczekiwa\u0144 i rzeczywisto\u015bci. Muszer z cierpkim humorem eksploruje pu\u0142apki, kt\u00f3re ludzie zastawiaj\u0105 sami na siebie. I \u015bwietnie si\u0119 to czyta.<br \/>\n<a href=\"http:\/\/www.wforma.eu\/suskiewicz-lukasz,67.html\"><strong>\u0141ukasz Suskiewicz<\/strong><\/a><\/p>\n<hr \/>\n<h1>G\u0142osy krytyki:<\/h1>\n<blockquote><p>\u201eCz\u0142owiek z kowad\u0142em\u201d to ksi\u0105\u017cka pe\u0142na m\u0119\u017cczyzn uwi\u0119zionych po\u015br\u00f3d demon\u00f3w przesz\u0142o\u015bci i tera\u017aniejszo\u015bci. Nawet, kiedy wydaje nam si\u0119, \u017ce to kobiety graj\u0105 w opowiadaniach g\u0142\u00f3wne skrzypce. Zawsze jednak s\u0105 w nich m\u0119\u017cczy\u017ani uwi\u0119zieni w swoich b\u0142\u0119dach przesz\u0142o\u015bci, pe\u0142ni u\u0142omno\u015bci, nieradz\u0105cy sobie z \u017cyciem i \u015bwiatem, wymaganiami spo\u0142ecznymi, bezrobotni lub pracuj\u0105cy za najni\u017csze stawki, wykluczeni przez spo\u0142ecze\u0144stwo, bo nigdy do niego nienale\u017c\u0105cy, zniewoleni przez system, w kt\u00f3rym nie ma ludzi wolnych w \u015bwiecie, w kt\u00f3rym ka\u017cdego co\u015b zniewala: podstawowe potrzeby, wykreowane przekonanie o konieczno\u015bci bogacenia, zaciskaj\u0105ca si\u0119 p\u0119tla zobowi\u0105za\u0144.<br \/>\n<strong>Anna Sikorska, <a href=\"http:\/\/annasikorska.blogspot.com\">G\u00d3ROWIANKA<\/a><\/strong><\/p>\n<p>Najsilniej uwiod\u0142y mnie dwa opowiadania: tytu\u0142owe \u201eCz\u0142owiek z kowad\u0142em\u201d i \u201eTylko woda pami\u0119ta\u201d. Mamy w nich m\u0119\u017cczyzn uwi\u0119zionych po\u015br\u00f3d demon\u00f3w przesz\u0142o\u015bci i tera\u017aniejszo\u015bci. Nikt nie jest bowiem wolny. Nie tylko system nas zniewala, robimy to sobie sami. Bo gdy nie mamy pracy, jeste\u015bmy gotowi zrobi\u0107 wszystko, by mie\u0107 pieni\u0105dze, nawet je\u015bli oznacza to z\u0142amanie prawa. A kiedy powodzi nam si\u0119 zawodowo, to potykamy si\u0119 o niepokorn\u0105 mi\u0142o\u015b\u0107, o w\u0142adcze, niewolnicze \u201enaduczucie\u201d matki.<br \/>\n<strong>Jarek Holden, <a href=\"https:\/\/czytanieisluchanie.blogspot.com\">BOOKS JARKA HOLDENA G.<\/a><\/strong><\/p>\n<p>&nbsp;<\/p><\/blockquote>\n","protected":false},"excerpt":{"rendered":"<p>Dariusz Muszer Cz\u0142owiek z kowad\u0142em 214 stron obraz na ok\u0142adce: Nina Zieli\u0144ska-Krudysz Wydawnictwo Forma Szczecin 2019 ISBN 978-83-66180-24-6 &nbsp; &nbsp; O ksi\u0105\u017cce: W opowiadaniach ze zbioru\u00a0Cz\u0142owiek z kowad\u0142em, Dariusz Muszer poszukuje przyczyn kryzysu europejskiej to\u017csamo\u015bci. Realia polsko-niemieckie opowiedziane zosta\u0142y ze swobod\u0105 znawcy tematu: ich bohaterowie utkn\u0119li w pu\u0142apkach braku przynale\u017cno\u015bci, obco\u015bci, alienacji. Niemcy wyobcowani w [&hellip;]<\/p>\n","protected":false},"author":1,"featured_media":0,"parent":92,"menu_order":1,"comment_status":"closed","ping_status":"closed","template":"","meta":{"footnotes":""},"class_list":["post-1323","page","type-page","status-publish","hentry"],"yoast_head":"<!-- This site is optimized with the Yoast SEO plugin v27.0 - https:\/\/yoast.com\/product\/yoast-seo-wordpress\/ -->\n<title>Cz\u0142owiek z kowad\u0142em - Dariusz Muszer<\/title>\n<meta name=\"description\" content=\"Dariusz Muszer Cz\u0142owiek z kowad\u0142em 214 stron obraz na ok\u0142adce: Nina Zieli\u0144ska-Krudysz Wydawnictwo Forma Szczecin 2019 ISBN 978-83-66180-24-6\" \/>\n<meta name=\"robots\" content=\"index, follow, max-snippet:-1, max-image-preview:large, max-video-preview:-1\" \/>\n<link rel=\"canonical\" href=\"https:\/\/dariusz-muszer.de\/pl\/proza\/czlowiek-z-kowadlem\/\" \/>\n<meta property=\"og:locale\" content=\"pl_PL\" \/>\n<meta property=\"og:type\" content=\"article\" \/>\n<meta property=\"og:title\" content=\"Cz\u0142owiek z kowad\u0142em - Dariusz Muszer\" \/>\n<meta property=\"og:description\" content=\"Dariusz Muszer Cz\u0142owiek z kowad\u0142em 214 stron obraz na ok\u0142adce: Nina Zieli\u0144ska-Krudysz Wydawnictwo Forma Szczecin 2019 ISBN 978-83-66180-24-6\" \/>\n<meta property=\"og:url\" content=\"https:\/\/dariusz-muszer.de\/pl\/proza\/czlowiek-z-kowadlem\/\" \/>\n<meta property=\"og:site_name\" content=\"Dariusz Muszer\" \/>\n<meta property=\"article:modified_time\" content=\"2019-09-11T20:47:51+00:00\" \/>\n<meta property=\"og:image\" content=\"http:\/\/dariusz-muszer.de\/pl\/wp-content\/uploads\/sites\/2\/2019\/09\/muszer-czlowiek-z-kowadlem-229x300.jpg\" \/>\n<meta name=\"twitter:card\" content=\"summary_large_image\" \/>\n<meta name=\"twitter:label1\" content=\"Szacowany czas czytania\" \/>\n\t<meta name=\"twitter:data1\" content=\"2 minuty\" \/>\n<script type=\"application\/ld+json\" class=\"yoast-schema-graph\">{\"@context\":\"https:\/\/schema.org\",\"@graph\":[{\"@type\":\"WebPage\",\"@id\":\"https:\/\/dariusz-muszer.de\/pl\/proza\/czlowiek-z-kowadlem\/\",\"url\":\"https:\/\/dariusz-muszer.de\/pl\/proza\/czlowiek-z-kowadlem\/\",\"name\":\"Cz\u0142owiek z kowad\u0142em - Dariusz Muszer\",\"isPartOf\":{\"@id\":\"https:\/\/dariusz-muszer.de\/pl\/#website\"},\"primaryImageOfPage\":{\"@id\":\"https:\/\/dariusz-muszer.de\/pl\/proza\/czlowiek-z-kowadlem\/#primaryimage\"},\"image\":{\"@id\":\"https:\/\/dariusz-muszer.de\/pl\/proza\/czlowiek-z-kowadlem\/#primaryimage\"},\"thumbnailUrl\":\"http:\/\/dariusz-muszer.de\/pl\/wp-content\/uploads\/sites\/2\/2019\/09\/muszer-czlowiek-z-kowadlem-229x300.jpg\",\"datePublished\":\"2019-09-11T20:39:58+00:00\",\"dateModified\":\"2019-09-11T20:47:51+00:00\",\"description\":\"Dariusz Muszer Cz\u0142owiek z kowad\u0142em 214 stron obraz na ok\u0142adce: Nina Zieli\u0144ska-Krudysz Wydawnictwo Forma Szczecin 2019 ISBN 978-83-66180-24-6\",\"breadcrumb\":{\"@id\":\"https:\/\/dariusz-muszer.de\/pl\/proza\/czlowiek-z-kowadlem\/#breadcrumb\"},\"inLanguage\":\"pl-PL\",\"potentialAction\":[{\"@type\":\"ReadAction\",\"target\":[\"https:\/\/dariusz-muszer.de\/pl\/proza\/czlowiek-z-kowadlem\/\"]}]},{\"@type\":\"ImageObject\",\"inLanguage\":\"pl-PL\",\"@id\":\"https:\/\/dariusz-muszer.de\/pl\/proza\/czlowiek-z-kowadlem\/#primaryimage\",\"url\":\"http:\/\/dariusz-muszer.de\/pl\/wp-content\/uploads\/sites\/2\/2019\/09\/muszer-czlowiek-z-kowadlem-229x300.jpg\",\"contentUrl\":\"http:\/\/dariusz-muszer.de\/pl\/wp-content\/uploads\/sites\/2\/2019\/09\/muszer-czlowiek-z-kowadlem-229x300.jpg\"},{\"@type\":\"BreadcrumbList\",\"@id\":\"https:\/\/dariusz-muszer.de\/pl\/proza\/czlowiek-z-kowadlem\/#breadcrumb\",\"itemListElement\":[{\"@type\":\"ListItem\",\"position\":1,\"name\":\"Strona g\u0142\u00f3wna\",\"item\":\"https:\/\/dariusz-muszer.de\/pl\/\"},{\"@type\":\"ListItem\",\"position\":2,\"name\":\"Proza\",\"item\":\"https:\/\/dariusz-muszer.de\/pl\/proza\/\"},{\"@type\":\"ListItem\",\"position\":3,\"name\":\"Cz\u0142owiek z kowad\u0142em\"}]},{\"@type\":\"WebSite\",\"@id\":\"https:\/\/dariusz-muszer.de\/pl\/#website\",\"url\":\"https:\/\/dariusz-muszer.de\/pl\/\",\"name\":\"Dariusz Muszer\",\"description\":\"pisarz\",\"potentialAction\":[{\"@type\":\"SearchAction\",\"target\":{\"@type\":\"EntryPoint\",\"urlTemplate\":\"https:\/\/dariusz-muszer.de\/pl\/?s={search_term_string}\"},\"query-input\":{\"@type\":\"PropertyValueSpecification\",\"valueRequired\":true,\"valueName\":\"search_term_string\"}}],\"inLanguage\":\"pl-PL\"}]}<\/script>\n<!-- \/ Yoast SEO plugin. -->","yoast_head_json":{"title":"Cz\u0142owiek z kowad\u0142em - Dariusz Muszer","description":"Dariusz Muszer Cz\u0142owiek z kowad\u0142em 214 stron obraz na ok\u0142adce: Nina Zieli\u0144ska-Krudysz Wydawnictwo Forma Szczecin 2019 ISBN 978-83-66180-24-6","robots":{"index":"index","follow":"follow","max-snippet":"max-snippet:-1","max-image-preview":"max-image-preview:large","max-video-preview":"max-video-preview:-1"},"canonical":"https:\/\/dariusz-muszer.de\/pl\/proza\/czlowiek-z-kowadlem\/","og_locale":"pl_PL","og_type":"article","og_title":"Cz\u0142owiek z kowad\u0142em - Dariusz Muszer","og_description":"Dariusz Muszer Cz\u0142owiek z kowad\u0142em 214 stron obraz na ok\u0142adce: Nina Zieli\u0144ska-Krudysz Wydawnictwo Forma Szczecin 2019 ISBN 978-83-66180-24-6","og_url":"https:\/\/dariusz-muszer.de\/pl\/proza\/czlowiek-z-kowadlem\/","og_site_name":"Dariusz Muszer","article_modified_time":"2019-09-11T20:47:51+00:00","og_image":[{"url":"http:\/\/dariusz-muszer.de\/pl\/wp-content\/uploads\/sites\/2\/2019\/09\/muszer-czlowiek-z-kowadlem-229x300.jpg","type":"","width":"","height":""}],"twitter_card":"summary_large_image","twitter_misc":{"Szacowany czas czytania":"2 minuty"},"schema":{"@context":"https:\/\/schema.org","@graph":[{"@type":"WebPage","@id":"https:\/\/dariusz-muszer.de\/pl\/proza\/czlowiek-z-kowadlem\/","url":"https:\/\/dariusz-muszer.de\/pl\/proza\/czlowiek-z-kowadlem\/","name":"Cz\u0142owiek z kowad\u0142em - Dariusz Muszer","isPartOf":{"@id":"https:\/\/dariusz-muszer.de\/pl\/#website"},"primaryImageOfPage":{"@id":"https:\/\/dariusz-muszer.de\/pl\/proza\/czlowiek-z-kowadlem\/#primaryimage"},"image":{"@id":"https:\/\/dariusz-muszer.de\/pl\/proza\/czlowiek-z-kowadlem\/#primaryimage"},"thumbnailUrl":"http:\/\/dariusz-muszer.de\/pl\/wp-content\/uploads\/sites\/2\/2019\/09\/muszer-czlowiek-z-kowadlem-229x300.jpg","datePublished":"2019-09-11T20:39:58+00:00","dateModified":"2019-09-11T20:47:51+00:00","description":"Dariusz Muszer Cz\u0142owiek z kowad\u0142em 214 stron obraz na ok\u0142adce: Nina Zieli\u0144ska-Krudysz Wydawnictwo Forma Szczecin 2019 ISBN 978-83-66180-24-6","breadcrumb":{"@id":"https:\/\/dariusz-muszer.de\/pl\/proza\/czlowiek-z-kowadlem\/#breadcrumb"},"inLanguage":"pl-PL","potentialAction":[{"@type":"ReadAction","target":["https:\/\/dariusz-muszer.de\/pl\/proza\/czlowiek-z-kowadlem\/"]}]},{"@type":"ImageObject","inLanguage":"pl-PL","@id":"https:\/\/dariusz-muszer.de\/pl\/proza\/czlowiek-z-kowadlem\/#primaryimage","url":"http:\/\/dariusz-muszer.de\/pl\/wp-content\/uploads\/sites\/2\/2019\/09\/muszer-czlowiek-z-kowadlem-229x300.jpg","contentUrl":"http:\/\/dariusz-muszer.de\/pl\/wp-content\/uploads\/sites\/2\/2019\/09\/muszer-czlowiek-z-kowadlem-229x300.jpg"},{"@type":"BreadcrumbList","@id":"https:\/\/dariusz-muszer.de\/pl\/proza\/czlowiek-z-kowadlem\/#breadcrumb","itemListElement":[{"@type":"ListItem","position":1,"name":"Strona g\u0142\u00f3wna","item":"https:\/\/dariusz-muszer.de\/pl\/"},{"@type":"ListItem","position":2,"name":"Proza","item":"https:\/\/dariusz-muszer.de\/pl\/proza\/"},{"@type":"ListItem","position":3,"name":"Cz\u0142owiek z kowad\u0142em"}]},{"@type":"WebSite","@id":"https:\/\/dariusz-muszer.de\/pl\/#website","url":"https:\/\/dariusz-muszer.de\/pl\/","name":"Dariusz Muszer","description":"pisarz","potentialAction":[{"@type":"SearchAction","target":{"@type":"EntryPoint","urlTemplate":"https:\/\/dariusz-muszer.de\/pl\/?s={search_term_string}"},"query-input":{"@type":"PropertyValueSpecification","valueRequired":true,"valueName":"search_term_string"}}],"inLanguage":"pl-PL"}]}},"_links":{"self":[{"href":"https:\/\/dariusz-muszer.de\/pl\/wp-json\/wp\/v2\/pages\/1323","targetHints":{"allow":["GET"]}}],"collection":[{"href":"https:\/\/dariusz-muszer.de\/pl\/wp-json\/wp\/v2\/pages"}],"about":[{"href":"https:\/\/dariusz-muszer.de\/pl\/wp-json\/wp\/v2\/types\/page"}],"author":[{"embeddable":true,"href":"https:\/\/dariusz-muszer.de\/pl\/wp-json\/wp\/v2\/users\/1"}],"replies":[{"embeddable":true,"href":"https:\/\/dariusz-muszer.de\/pl\/wp-json\/wp\/v2\/comments?post=1323"}],"version-history":[{"count":5,"href":"https:\/\/dariusz-muszer.de\/pl\/wp-json\/wp\/v2\/pages\/1323\/revisions"}],"predecessor-version":[{"id":1332,"href":"https:\/\/dariusz-muszer.de\/pl\/wp-json\/wp\/v2\/pages\/1323\/revisions\/1332"}],"up":[{"embeddable":true,"href":"https:\/\/dariusz-muszer.de\/pl\/wp-json\/wp\/v2\/pages\/92"}],"wp:attachment":[{"href":"https:\/\/dariusz-muszer.de\/pl\/wp-json\/wp\/v2\/media?parent=1323"}],"curies":[{"name":"wp","href":"https:\/\/api.w.org\/{rel}","templated":true}]}}