{"id":13,"date":"2015-06-01T12:31:35","date_gmt":"2015-06-01T10:31:35","guid":{"rendered":"http:\/\/dariusz-muszer.de\/pl\/?page_id=13"},"modified":"2015-06-08T09:28:10","modified_gmt":"2015-06-08T07:28:10","slug":"zatrzymane-wersy","status":"publish","type":"page","link":"https:\/\/dariusz-muszer.de\/pl\/poezja\/zatrzymane-wersy\/","title":{"rendered":"Zatrzymane wersy"},"content":{"rendered":"<p><a href=\"https:\/\/dariusz-muszer.de\/pl\/wp-content\/uploads\/sites\/2\/2015\/06\/zatrzymane-wersy.jpg\" rel=\"lightbox[13]\"><img loading=\"lazy\" decoding=\"async\" class=\"alignleft wp-image-443 size-medium\" src=\"https:\/\/dariusz-muszer.de\/pl\/wp-content\/uploads\/sites\/2\/2015\/06\/zatrzymane-wersy-216x300.jpg\" alt=\"Zatrzymane wersy\" width=\"216\" height=\"300\" srcset=\"https:\/\/dariusz-muszer.de\/pl\/wp-content\/uploads\/sites\/2\/2015\/06\/zatrzymane-wersy-216x300.jpg 216w, https:\/\/dariusz-muszer.de\/pl\/wp-content\/uploads\/sites\/2\/2015\/06\/zatrzymane-wersy-144x200.jpg 144w, https:\/\/dariusz-muszer.de\/pl\/wp-content\/uploads\/sites\/2\/2015\/06\/zatrzymane-wersy.jpg 600w\" sizes=\"auto, (max-width: 216px) 100vw, 216px\" \/><\/a>Dariusz Muszer<br \/>\n<strong>Zatrzymane wersy<\/strong><\/p>\n<p>Grafiki: Marek Grobelny<br \/>\nBiblioteka Literacka GTK<br \/>\nGorz\u00f3w 1987<\/p>\n<p>Nak\u0142ad wyczerpany<\/p>\n<p>&nbsp;<\/p>\n<p>&nbsp;<\/p>\n<p>&nbsp;<\/p>\n<hr \/>\n<p>&nbsp;<\/p>\n<p><b>G\u0142osy krytyki:<\/b><\/p>\n<blockquote><p>Z tymi wierszami mo\u017cna dyskutowa\u0107, rozmawia\u0107, dochodzi\u0107 do jaki\u015b og\u00f3lniejszych wniosk\u00f3w. Du\u017co w nich ironii, bezsilno\u015bci, du\u017co wiedzy, \u017ce ju\u017c nic wielkiego, o czym mo\u017cna by\u0142oby patetycznie powiedzie\u0107, nas nie spotka. To wyzbycie si\u0119 z\u0142udze\u0144 najbardziej zbli\u017ca do wierszy Dariusza Muszera.<br \/>\n<b>Czes\u0142aw Sobkowiak<\/b>, NADODRZE<\/p>\n<p>Dobry to tomik czy z\u0142y? Na pewno kontrowersyjny.<br \/>\n<b>Krzysztof\u00a0 \u015awierkosz<\/b><\/p><\/blockquote>\n<p>&nbsp;<\/p>\n<p>*\u00a0 *\u00a0 *<br \/>\nOcala\u0142em<br \/>\ntylko dlatego ocala\u0142em<br \/>\n\u017ce nikomu<br \/>\nnie chcia\u0142o si\u0119 jeszcze<br \/>\npoprowadzi\u0107 mnie na<br \/>\nrze\u017a<br \/>\nkiedy\u015b ludzie nie byli tak leniwi<br \/>\nkiedy\u015b to si\u0119 r\u017cn\u0119li<br \/>\ni dlatego mam<br \/>\nna pewno mam<br \/>\nte<br \/>\ndwadzie\u015bcia cztery lata<br \/>\ni \u017cadnej nadziei na pomnik<\/p>\n<p>Druk: NURT, nr 5\/1984<\/p>\n<p>&nbsp;<\/p>\n<p>*\u00a0 *\u00a0 *<br \/>\nPingwiny s\u0105 podobne do<br \/>\nzakonnic<br \/>\nale tylko podobne<br \/>\nje\u015bli kto\u015b m\u00f3g\u0142by si\u0119<br \/>\npomyli\u0107<br \/>\nto tylko badacz polarny<br \/>\nbo normalnie nie<br \/>\nspotyka si\u0119<br \/>\npingwin\u00f3w w s\u0105siedztwie<br \/>\nzakonnic<\/p>\n<p>Druk: Tygodnik Kulturalny, nr 31\/1982<\/p>\n<p>&nbsp;<\/p>\n<p>*\u00a0 *\u00a0 *<br \/>\nCzasami czuj\u0119 w sobie<br \/>\nwra\u017cliwo\u015b\u0107 masaja<br \/>\not stan\u0105\u0107 na jednej nodze<br \/>\nz dzid\u0105<br \/>\npodeprze\u0107 si\u0119<br \/>\ni patrze\u0107 na zach\u00f3d s\u0142o\u0144ca<br \/>\ni tak przez dziesi\u0119\u0107 minut<\/p>\n<p>&nbsp;<\/p>\n<p>*\u00a0 *\u00a0 *<br \/>\nPusty korytarz<br \/>\njest<br \/>\nlepszy od pustego brzucha<br \/>\ndlatego<br \/>\nlubi\u0119<br \/>\npuste korytarze<\/p>\n<p>Druk: Tygodnik Kulturalny, nr 31\/1982<\/p>\n<p>&nbsp;<\/p>\n<p>*\u00a0 *\u00a0 *<br \/>\nW naszym bloku powiesi\u0142 si\u0119 ch\u0142opak<br \/>\nmia\u0142 czterna\u015bcie lat akwarium i psa<br \/>\nchodzi\u0142 do szko\u0142y z torb\u0105 na ramieniu<br \/>\nuczy\u0142 si\u0119 wieczorami ogl\u0105da\u0142 telewizj\u0119<br \/>\nlubi\u0142 westerny manam i p\u0105czki z d\u017cemem<br \/>\nw zimie je\u017adzi\u0142 na sankach<br \/>\na latem p\u0142ywa\u0142 na odkrytym basenie<br \/>\nksi\u0105dz pochowa\u0142 go za dziewi\u0119\u0107 tysi\u0119cy<br \/>\nna cmentarzu dla wszystkich<br \/>\nojciec b\u0119dzie sp\u0142aca\u0142 po\u017cyczk\u0119 zaci\u0105gni\u0119t\u0105<br \/>\nw ci\u0105gu dziewi\u0119ciu miesi\u0119cy<\/p>\n<p>Druk: Nadodrze, nr 7\/1983<\/p>\n<p>&nbsp;<\/p>\n<p>*\u00a0 *\u00a0 *<br \/>\nJe\u015bli dziennikarz<br \/>\nprzeprowadzaj\u0105c wywiad z syzyfem<br \/>\nzapyta\u0142by o to<br \/>\njak si\u0119 pracuje<br \/>\nsyzyf opar\u0142by lew\u0105 r\u0119k\u0119<br \/>\nna g\u0142azie<br \/>\ni machaj\u0105c praw\u0105<br \/>\nwywrzeszcza\u0142by w mikrofon<br \/>\ntu jest zbocze<br \/>\ntam jest szczyt<br \/>\npo zboczu do szczytu<br \/>\njak dojd\u0119<br \/>\nto ustal\u0105 now\u0105 norm\u0119<\/p>\n","protected":false},"excerpt":{"rendered":"<p>Dariusz Muszer Zatrzymane wersy Grafiki: Marek Grobelny Biblioteka Literacka GTK Gorz\u00f3w 1987 Nak\u0142ad wyczerpany &nbsp; &nbsp; &nbsp; &nbsp; G\u0142osy krytyki: Z tymi wierszami mo\u017cna dyskutowa\u0107, rozmawia\u0107, dochodzi\u0107 do jaki\u015b og\u00f3lniejszych wniosk\u00f3w. Du\u017co w nich ironii, bezsilno\u015bci, du\u017co wiedzy, \u017ce ju\u017c nic wielkiego, o czym mo\u017cna by\u0142oby patetycznie powiedzie\u0107, nas nie spotka. To wyzbycie si\u0119 z\u0142udze\u0144 [&hellip;]<\/p>\n","protected":false},"author":1,"featured_media":0,"parent":5,"menu_order":7,"comment_status":"closed","ping_status":"closed","template":"","meta":{"footnotes":""},"class_list":["post-13","page","type-page","status-publish","hentry"],"yoast_head":"<!-- This site is optimized with the Yoast SEO plugin v27.0 - https:\/\/yoast.com\/product\/yoast-seo-wordpress\/ -->\n<title>Zatrzymane wersy - Dariusz Muszer<\/title>\n<meta name=\"description\" content=\"Dariusz Muszer - Zatrzymane wersy. Grafiki: Marek Grobelny. Biblioteka Literacka GTK. Gorz\u00f3w 1987. Nak\u0142ad wyczerpany.\" \/>\n<meta name=\"robots\" content=\"index, follow, max-snippet:-1, max-image-preview:large, max-video-preview:-1\" \/>\n<link rel=\"canonical\" href=\"https:\/\/dariusz-muszer.de\/pl\/poezja\/zatrzymane-wersy\/\" \/>\n<meta property=\"og:locale\" content=\"pl_PL\" \/>\n<meta property=\"og:type\" content=\"article\" \/>\n<meta property=\"og:title\" content=\"Zatrzymane wersy - Dariusz Muszer\" \/>\n<meta property=\"og:description\" content=\"Dariusz Muszer - Zatrzymane wersy. Grafiki: Marek Grobelny. Biblioteka Literacka GTK. Gorz\u00f3w 1987. Nak\u0142ad wyczerpany.\" \/>\n<meta property=\"og:url\" content=\"https:\/\/dariusz-muszer.de\/pl\/poezja\/zatrzymane-wersy\/\" \/>\n<meta property=\"og:site_name\" content=\"Dariusz Muszer\" \/>\n<meta property=\"article:modified_time\" content=\"2015-06-08T07:28:10+00:00\" \/>\n<meta property=\"og:image\" content=\"http:\/\/dariusz-muszer.de\/pl\/wp-content\/uploads\/sites\/2\/2015\/06\/zatrzymane-wersy-216x300.jpg\" \/>\n<meta name=\"twitter:card\" content=\"summary_large_image\" \/>\n<meta name=\"twitter:label1\" content=\"Szacowany czas czytania\" \/>\n\t<meta name=\"twitter:data1\" content=\"2 minuty\" \/>\n<script type=\"application\/ld+json\" class=\"yoast-schema-graph\">{\"@context\":\"https:\/\/schema.org\",\"@graph\":[{\"@type\":\"WebPage\",\"@id\":\"https:\/\/dariusz-muszer.de\/pl\/poezja\/zatrzymane-wersy\/\",\"url\":\"https:\/\/dariusz-muszer.de\/pl\/poezja\/zatrzymane-wersy\/\",\"name\":\"Zatrzymane wersy - Dariusz Muszer\",\"isPartOf\":{\"@id\":\"https:\/\/dariusz-muszer.de\/pl\/#website\"},\"primaryImageOfPage\":{\"@id\":\"https:\/\/dariusz-muszer.de\/pl\/poezja\/zatrzymane-wersy\/#primaryimage\"},\"image\":{\"@id\":\"https:\/\/dariusz-muszer.de\/pl\/poezja\/zatrzymane-wersy\/#primaryimage\"},\"thumbnailUrl\":\"http:\/\/dariusz-muszer.de\/pl\/wp-content\/uploads\/sites\/2\/2015\/06\/zatrzymane-wersy-216x300.jpg\",\"datePublished\":\"2015-06-01T10:31:35+00:00\",\"dateModified\":\"2015-06-08T07:28:10+00:00\",\"description\":\"Dariusz Muszer - Zatrzymane wersy. Grafiki: Marek Grobelny. Biblioteka Literacka GTK. Gorz\u00f3w 1987. Nak\u0142ad wyczerpany.\",\"breadcrumb\":{\"@id\":\"https:\/\/dariusz-muszer.de\/pl\/poezja\/zatrzymane-wersy\/#breadcrumb\"},\"inLanguage\":\"pl-PL\",\"potentialAction\":[{\"@type\":\"ReadAction\",\"target\":[\"https:\/\/dariusz-muszer.de\/pl\/poezja\/zatrzymane-wersy\/\"]}]},{\"@type\":\"ImageObject\",\"inLanguage\":\"pl-PL\",\"@id\":\"https:\/\/dariusz-muszer.de\/pl\/poezja\/zatrzymane-wersy\/#primaryimage\",\"url\":\"http:\/\/dariusz-muszer.de\/pl\/wp-content\/uploads\/sites\/2\/2015\/06\/zatrzymane-wersy-216x300.jpg\",\"contentUrl\":\"http:\/\/dariusz-muszer.de\/pl\/wp-content\/uploads\/sites\/2\/2015\/06\/zatrzymane-wersy-216x300.jpg\"},{\"@type\":\"BreadcrumbList\",\"@id\":\"https:\/\/dariusz-muszer.de\/pl\/poezja\/zatrzymane-wersy\/#breadcrumb\",\"itemListElement\":[{\"@type\":\"ListItem\",\"position\":1,\"name\":\"Strona g\u0142\u00f3wna\",\"item\":\"https:\/\/dariusz-muszer.de\/pl\/\"},{\"@type\":\"ListItem\",\"position\":2,\"name\":\"Poezja\",\"item\":\"https:\/\/dariusz-muszer.de\/pl\/poezja\/\"},{\"@type\":\"ListItem\",\"position\":3,\"name\":\"Zatrzymane wersy\"}]},{\"@type\":\"WebSite\",\"@id\":\"https:\/\/dariusz-muszer.de\/pl\/#website\",\"url\":\"https:\/\/dariusz-muszer.de\/pl\/\",\"name\":\"Dariusz Muszer\",\"description\":\"pisarz\",\"potentialAction\":[{\"@type\":\"SearchAction\",\"target\":{\"@type\":\"EntryPoint\",\"urlTemplate\":\"https:\/\/dariusz-muszer.de\/pl\/?s={search_term_string}\"},\"query-input\":{\"@type\":\"PropertyValueSpecification\",\"valueRequired\":true,\"valueName\":\"search_term_string\"}}],\"inLanguage\":\"pl-PL\"}]}<\/script>\n<!-- \/ Yoast SEO plugin. -->","yoast_head_json":{"title":"Zatrzymane wersy - Dariusz Muszer","description":"Dariusz Muszer - Zatrzymane wersy. Grafiki: Marek Grobelny. Biblioteka Literacka GTK. Gorz\u00f3w 1987. Nak\u0142ad wyczerpany.","robots":{"index":"index","follow":"follow","max-snippet":"max-snippet:-1","max-image-preview":"max-image-preview:large","max-video-preview":"max-video-preview:-1"},"canonical":"https:\/\/dariusz-muszer.de\/pl\/poezja\/zatrzymane-wersy\/","og_locale":"pl_PL","og_type":"article","og_title":"Zatrzymane wersy - Dariusz Muszer","og_description":"Dariusz Muszer - Zatrzymane wersy. Grafiki: Marek Grobelny. Biblioteka Literacka GTK. Gorz\u00f3w 1987. Nak\u0142ad wyczerpany.","og_url":"https:\/\/dariusz-muszer.de\/pl\/poezja\/zatrzymane-wersy\/","og_site_name":"Dariusz Muszer","article_modified_time":"2015-06-08T07:28:10+00:00","og_image":[{"url":"http:\/\/dariusz-muszer.de\/pl\/wp-content\/uploads\/sites\/2\/2015\/06\/zatrzymane-wersy-216x300.jpg","type":"","width":"","height":""}],"twitter_card":"summary_large_image","twitter_misc":{"Szacowany czas czytania":"2 minuty"},"schema":{"@context":"https:\/\/schema.org","@graph":[{"@type":"WebPage","@id":"https:\/\/dariusz-muszer.de\/pl\/poezja\/zatrzymane-wersy\/","url":"https:\/\/dariusz-muszer.de\/pl\/poezja\/zatrzymane-wersy\/","name":"Zatrzymane wersy - Dariusz Muszer","isPartOf":{"@id":"https:\/\/dariusz-muszer.de\/pl\/#website"},"primaryImageOfPage":{"@id":"https:\/\/dariusz-muszer.de\/pl\/poezja\/zatrzymane-wersy\/#primaryimage"},"image":{"@id":"https:\/\/dariusz-muszer.de\/pl\/poezja\/zatrzymane-wersy\/#primaryimage"},"thumbnailUrl":"http:\/\/dariusz-muszer.de\/pl\/wp-content\/uploads\/sites\/2\/2015\/06\/zatrzymane-wersy-216x300.jpg","datePublished":"2015-06-01T10:31:35+00:00","dateModified":"2015-06-08T07:28:10+00:00","description":"Dariusz Muszer - Zatrzymane wersy. Grafiki: Marek Grobelny. Biblioteka Literacka GTK. Gorz\u00f3w 1987. Nak\u0142ad wyczerpany.","breadcrumb":{"@id":"https:\/\/dariusz-muszer.de\/pl\/poezja\/zatrzymane-wersy\/#breadcrumb"},"inLanguage":"pl-PL","potentialAction":[{"@type":"ReadAction","target":["https:\/\/dariusz-muszer.de\/pl\/poezja\/zatrzymane-wersy\/"]}]},{"@type":"ImageObject","inLanguage":"pl-PL","@id":"https:\/\/dariusz-muszer.de\/pl\/poezja\/zatrzymane-wersy\/#primaryimage","url":"http:\/\/dariusz-muszer.de\/pl\/wp-content\/uploads\/sites\/2\/2015\/06\/zatrzymane-wersy-216x300.jpg","contentUrl":"http:\/\/dariusz-muszer.de\/pl\/wp-content\/uploads\/sites\/2\/2015\/06\/zatrzymane-wersy-216x300.jpg"},{"@type":"BreadcrumbList","@id":"https:\/\/dariusz-muszer.de\/pl\/poezja\/zatrzymane-wersy\/#breadcrumb","itemListElement":[{"@type":"ListItem","position":1,"name":"Strona g\u0142\u00f3wna","item":"https:\/\/dariusz-muszer.de\/pl\/"},{"@type":"ListItem","position":2,"name":"Poezja","item":"https:\/\/dariusz-muszer.de\/pl\/poezja\/"},{"@type":"ListItem","position":3,"name":"Zatrzymane wersy"}]},{"@type":"WebSite","@id":"https:\/\/dariusz-muszer.de\/pl\/#website","url":"https:\/\/dariusz-muszer.de\/pl\/","name":"Dariusz Muszer","description":"pisarz","potentialAction":[{"@type":"SearchAction","target":{"@type":"EntryPoint","urlTemplate":"https:\/\/dariusz-muszer.de\/pl\/?s={search_term_string}"},"query-input":{"@type":"PropertyValueSpecification","valueRequired":true,"valueName":"search_term_string"}}],"inLanguage":"pl-PL"}]}},"_links":{"self":[{"href":"https:\/\/dariusz-muszer.de\/pl\/wp-json\/wp\/v2\/pages\/13","targetHints":{"allow":["GET"]}}],"collection":[{"href":"https:\/\/dariusz-muszer.de\/pl\/wp-json\/wp\/v2\/pages"}],"about":[{"href":"https:\/\/dariusz-muszer.de\/pl\/wp-json\/wp\/v2\/types\/page"}],"author":[{"embeddable":true,"href":"https:\/\/dariusz-muszer.de\/pl\/wp-json\/wp\/v2\/users\/1"}],"replies":[{"embeddable":true,"href":"https:\/\/dariusz-muszer.de\/pl\/wp-json\/wp\/v2\/comments?post=13"}],"version-history":[{"count":0,"href":"https:\/\/dariusz-muszer.de\/pl\/wp-json\/wp\/v2\/pages\/13\/revisions"}],"up":[{"embeddable":true,"href":"https:\/\/dariusz-muszer.de\/pl\/wp-json\/wp\/v2\/pages\/5"}],"wp:attachment":[{"href":"https:\/\/dariusz-muszer.de\/pl\/wp-json\/wp\/v2\/media?parent=13"}],"curies":[{"name":"wp","href":"https:\/\/api.w.org\/{rel}","templated":true}]}}