{"id":109,"date":"2015-06-01T21:10:00","date_gmt":"2015-06-01T19:10:00","guid":{"rendered":"http:\/\/dariusz-muszer.de\/pl\/?page_id=109"},"modified":"2019-09-11T22:42:24","modified_gmt":"2019-09-11T20:42:24","slug":"lummick","status":"publish","type":"page","link":"https:\/\/dariusz-muszer.de\/pl\/proza\/lummick\/","title":{"rendered":"Lummick"},"content":{"rendered":"<p><a href=\"https:\/\/dariusz-muszer.de\/pl\/wp-content\/uploads\/sites\/2\/2015\/06\/lummick.jpg\" rel=\"lightbox[109]\"><img loading=\"lazy\" decoding=\"async\" class=\"alignleft wp-image-450 size-medium\" src=\"https:\/\/dariusz-muszer.de\/pl\/wp-content\/uploads\/sites\/2\/2015\/06\/lummick-214x300.jpg\" alt=\"Lummick\" width=\"214\" height=\"300\" srcset=\"https:\/\/dariusz-muszer.de\/pl\/wp-content\/uploads\/sites\/2\/2015\/06\/lummick-214x300.jpg 214w, https:\/\/dariusz-muszer.de\/pl\/wp-content\/uploads\/sites\/2\/2015\/06\/lummick-142x200.jpg 142w, https:\/\/dariusz-muszer.de\/pl\/wp-content\/uploads\/sites\/2\/2015\/06\/lummick.jpg 484w\" sizes=\"auto, (max-width: 214px) 100vw, 214px\" \/><\/a>Dariusz Muszer<br \/>\n<strong>Lummick<\/strong><br \/>\npowie\u015b\u0107<\/p>\n<p>Wydawnictwo Borussia<br \/>\nOlsztyn 2009<br \/>\nSeria Re-Migracje pod redakcj\u0105 Aliny Kuzborskiej<br \/>\n213 str., oprawa twarda<br \/>\nISBN 978-83-89233-54-7<\/p>\n<p>Wcze\u015bniejsze losy K.K., jednego z bohater\u00f3w powie\u015bci <a href=\"https:\/\/dariusz-muszer.de\/pl\/proza\/wolnosc-pachnie-wanilia\/\">\u201eWolno\u015b\u0107 pachnie wanili\u0105\u201d<\/a><\/p>\n<p>&nbsp;<\/p>\n<hr \/>\n<h3>Nota wydawcy:<\/h3>\n<p>Ta na po\u0142y detektywistyczna powie\u015b\u0107 o mistyfikacji literackiej jest napisana wartkim j\u0119zykiem, traktuje o zwyk\u0142ych \u2013 niezwyk\u0142ych ludziach i ich losach na pograniczu polsko-niemieckim. Zaskakuj\u0105cy jest r\u00f3wnie\u017c \u201eautobiograficzny\u201c w\u0105tek ksi\u0105\u017cki dotykaj\u0105cy pisarstwa, emigracji oraz wyboru j\u0119zyka, ale g\u0142\u00f3wnie pisarstwa na obczy\u017anie. W\u0105tek zdrady i kolaboracji z w\u0142adzami PRL sprawia, \u017ce jest to r\u00f3wnie\u017c powie\u015b\u0107 o pokoleniu prze\u0142omu. W ksi\u0105\u017cce tej czytelnicy znaj\u0105cy Muszera z jego p\u00f3\u017aniejszych powie\u015bci, pe\u0142nych satyrycznych obraz\u00f3w rzeczywisto\u015bci, groteskowych i do b\u00f3lu realnych postaci, \u017ce a\u017c staj\u0105 si\u0119 przez to odrealnione, b\u0119d\u0105 mogli pozna\u0107 \u017ar\u00f3d\u0142a tych p\u00f3\u017aniejszych w\u0105tk\u00f3w. Znamiennajest zapowied\u017a narratora na ko\u0144cu powie\u015bci: \u201ePewne anegdoty i my\u015bli zmuszony jestem przenie\u015b\u0107 do nast\u0119pnej opowie\u015bci, kt\u00f3r\u0105 by\u0107 mo\u017ce kiedy\u015b napisz\u0119. Je\u015bli oczywi\u015bcie wcze\u015bniej nie uczyni tego Stefan Lummick\u201d. Zapowied\u017a zosta\u0142a spe\u0142niona, nawet je\u015bli w odwr\u00f3conej kolejno\u015bci.<br \/>\nAlina Kuzborska<\/p>\n<hr \/>\n<h3>G\u0142osy krytyki:<\/h3>\n<blockquote><p>Proza Muszera pozwala nam zobaczy\u0107 osob\u0119 pisarza, kt\u00f3ry bywa kim\u015b nieprzystaj\u0105cym do twardych, surowych reali\u00f3w. Mia\u017cd\u017c\u0105ca krytyka mo\u017ce zadecydowa\u0107 o jego bycie lub niebycie. Nie tylko w sensie metaforycznym, r\u00f3wnie\u017c dos\u0142ownym. To tak\u017ce utw\u00f3r, kt\u00f3ry przypomina, \u017ce s\u0105 pisarze maj\u0105cy wielki wp\u0142yw na czytelnika, a ich ksi\u0105\u017cki funkcjonuj\u0105 na poziomie bardzo intymnym, staj\u0105c si\u0119 form\u0105 schronienia, do\u015bwiadczeniem samotnym i egocentrycznym.<br \/>\n<strong>Barbara Soko\u0142owska, TOPOS<\/strong><\/p>\n<p>Opowiedziana przez Muszera historia potrafi zaciekawi\u0107 r\u00f3wnie\u017c dlatego, \u017ce autor zr\u0119cznie w ni\u0105 wplata szereg w\u0105tk\u00f3w pobocznych, kt\u00f3re \u0142adnie wkomponowuj\u0105 si\u0119 w struktur\u0119 ca\u0142o\u015bci. Poznajemy histori\u0119 nauczycielki Teresy Nigun, bibliotekarza Mirka, znajdziemy w\u0105tek gminno-balladowy (o zwiastuj\u0105cym \u015bmier\u0107 Garbatym Jasiu), w\u0105tek mi\u0142osny \u017c udzia\u0142em bohatera-narratora), rozliczenie z najnowsz\u0105 polsk\u0105 histori\u0105 (kwestia wsp\u00f3\u0142pracy z SB). Zatem je\u015bli chodzi o bogactwo fabularne, nie mo\u017cna Muszerowi niczego zarzuci\u0107. Podobnie je\u015bli chodzi o sprawy j\u0119zykowe (&#8230;) Je\u017celi za\u015b wzi\u0105\u0107 pod uwag\u0119, \u017ce mamy do czynienia z proz\u0105 o detektywistycznym zaci\u0119ciu, to tym bardziej trzeba autorowi zapisa\u0107 na plus, \u017ce \u0142amie on pewne schematy gatunku, gdy\u017c rola detektywa implikuje do\u015b\u0107 ci\u0119\u017ckostrawny, wydumany idiolekt. U Muszera tego akurat nie ma, dzi\u0119ki czemu, pod\u0105\u017caj\u0105c tropem bohatera-narratora, nie musimy przyspiesza\u0107 tempa, by dotrzyma\u0107 mu kroku. (&#8230;) Lummick to ciekawa i sprawnie napisana powie\u015b\u0107, kt\u00f3ra sprawia du\u017c\u0105 przyjemno\u015b\u0107 lekturow\u0105.<br \/>\n<strong>Piotr Goli\u0144ski, FA-art<\/strong><\/p>\n<p>Dobrze si\u0119 czyta t\u0119 powie\u015b\u0107 Dariusza Muszera, bo napisana jest wartko, sprawnie, z zaskakuj\u0105cymi zmianami akcji.<br \/>\n<strong>Krystyna Kami\u0144ska, RADIO ZACH\u00d3D \/ PEGAZ LUBUSKI<br \/>\n<\/strong><\/p><\/blockquote>\n","protected":false},"excerpt":{"rendered":"<p>Dariusz Muszer Lummick powie\u015b\u0107 Wydawnictwo Borussia Olsztyn 2009 Seria Re-Migracje pod redakcj\u0105 Aliny Kuzborskiej 213 str., oprawa twarda ISBN 978-83-89233-54-7 Wcze\u015bniejsze losy K.K., jednego z bohater\u00f3w powie\u015bci \u201eWolno\u015b\u0107 pachnie wanili\u0105\u201d &nbsp; Nota wydawcy: Ta na po\u0142y detektywistyczna powie\u015b\u0107 o mistyfikacji literackiej jest napisana wartkim j\u0119zykiem, traktuje o zwyk\u0142ych \u2013 niezwyk\u0142ych ludziach i ich losach na [&hellip;]<\/p>\n","protected":false},"author":1,"featured_media":0,"parent":92,"menu_order":5,"comment_status":"closed","ping_status":"closed","template":"","meta":{"footnotes":""},"class_list":["post-109","page","type-page","status-publish","hentry"],"yoast_head":"<!-- This site is optimized with the Yoast SEO plugin v27.0 - https:\/\/yoast.com\/product\/yoast-seo-wordpress\/ -->\n<title>Lummick - Dariusz Muszer<\/title>\n<meta name=\"description\" content=\"Dariusz Muszer: Lummick. Ta na po\u0142y detektywistyczna powie\u015b\u0107 o mistyfikacji literackiej jest napisana wartkim j\u0119zykiem, traktuje o zwyk\u0142ych \u2013 niezwyk\u0142ych\" \/>\n<meta name=\"robots\" content=\"index, follow, max-snippet:-1, max-image-preview:large, max-video-preview:-1\" \/>\n<link rel=\"canonical\" href=\"https:\/\/dariusz-muszer.de\/pl\/proza\/lummick\/\" \/>\n<meta property=\"og:locale\" content=\"pl_PL\" \/>\n<meta property=\"og:type\" content=\"article\" \/>\n<meta property=\"og:title\" content=\"Lummick - Dariusz Muszer\" \/>\n<meta property=\"og:description\" content=\"Dariusz Muszer: Lummick. Ta na po\u0142y detektywistyczna powie\u015b\u0107 o mistyfikacji literackiej jest napisana wartkim j\u0119zykiem, traktuje o zwyk\u0142ych \u2013 niezwyk\u0142ych\" \/>\n<meta property=\"og:url\" content=\"https:\/\/dariusz-muszer.de\/pl\/proza\/lummick\/\" \/>\n<meta property=\"og:site_name\" content=\"Dariusz Muszer\" \/>\n<meta property=\"article:modified_time\" content=\"2019-09-11T20:42:24+00:00\" \/>\n<meta property=\"og:image\" content=\"http:\/\/dariusz-muszer.de\/pl\/wp-content\/uploads\/sites\/2\/2015\/06\/lummick-214x300.jpg\" \/>\n<meta name=\"twitter:card\" content=\"summary_large_image\" \/>\n<meta name=\"twitter:label1\" content=\"Szacowany czas czytania\" \/>\n\t<meta name=\"twitter:data1\" content=\"2 minuty\" \/>\n<script type=\"application\/ld+json\" class=\"yoast-schema-graph\">{\"@context\":\"https:\/\/schema.org\",\"@graph\":[{\"@type\":\"WebPage\",\"@id\":\"https:\/\/dariusz-muszer.de\/pl\/proza\/lummick\/\",\"url\":\"https:\/\/dariusz-muszer.de\/pl\/proza\/lummick\/\",\"name\":\"Lummick - Dariusz Muszer\",\"isPartOf\":{\"@id\":\"https:\/\/dariusz-muszer.de\/pl\/#website\"},\"primaryImageOfPage\":{\"@id\":\"https:\/\/dariusz-muszer.de\/pl\/proza\/lummick\/#primaryimage\"},\"image\":{\"@id\":\"https:\/\/dariusz-muszer.de\/pl\/proza\/lummick\/#primaryimage\"},\"thumbnailUrl\":\"http:\/\/dariusz-muszer.de\/pl\/wp-content\/uploads\/sites\/2\/2015\/06\/lummick-214x300.jpg\",\"datePublished\":\"2015-06-01T19:10:00+00:00\",\"dateModified\":\"2019-09-11T20:42:24+00:00\",\"description\":\"Dariusz Muszer: Lummick. Ta na po\u0142y detektywistyczna powie\u015b\u0107 o mistyfikacji literackiej jest napisana wartkim j\u0119zykiem, traktuje o zwyk\u0142ych \u2013 niezwyk\u0142ych\",\"breadcrumb\":{\"@id\":\"https:\/\/dariusz-muszer.de\/pl\/proza\/lummick\/#breadcrumb\"},\"inLanguage\":\"pl-PL\",\"potentialAction\":[{\"@type\":\"ReadAction\",\"target\":[\"https:\/\/dariusz-muszer.de\/pl\/proza\/lummick\/\"]}]},{\"@type\":\"ImageObject\",\"inLanguage\":\"pl-PL\",\"@id\":\"https:\/\/dariusz-muszer.de\/pl\/proza\/lummick\/#primaryimage\",\"url\":\"http:\/\/dariusz-muszer.de\/pl\/wp-content\/uploads\/sites\/2\/2015\/06\/lummick-214x300.jpg\",\"contentUrl\":\"http:\/\/dariusz-muszer.de\/pl\/wp-content\/uploads\/sites\/2\/2015\/06\/lummick-214x300.jpg\"},{\"@type\":\"BreadcrumbList\",\"@id\":\"https:\/\/dariusz-muszer.de\/pl\/proza\/lummick\/#breadcrumb\",\"itemListElement\":[{\"@type\":\"ListItem\",\"position\":1,\"name\":\"Strona g\u0142\u00f3wna\",\"item\":\"https:\/\/dariusz-muszer.de\/pl\/\"},{\"@type\":\"ListItem\",\"position\":2,\"name\":\"Proza\",\"item\":\"https:\/\/dariusz-muszer.de\/pl\/proza\/\"},{\"@type\":\"ListItem\",\"position\":3,\"name\":\"Lummick\"}]},{\"@type\":\"WebSite\",\"@id\":\"https:\/\/dariusz-muszer.de\/pl\/#website\",\"url\":\"https:\/\/dariusz-muszer.de\/pl\/\",\"name\":\"Dariusz Muszer\",\"description\":\"pisarz\",\"potentialAction\":[{\"@type\":\"SearchAction\",\"target\":{\"@type\":\"EntryPoint\",\"urlTemplate\":\"https:\/\/dariusz-muszer.de\/pl\/?s={search_term_string}\"},\"query-input\":{\"@type\":\"PropertyValueSpecification\",\"valueRequired\":true,\"valueName\":\"search_term_string\"}}],\"inLanguage\":\"pl-PL\"}]}<\/script>\n<!-- \/ Yoast SEO plugin. -->","yoast_head_json":{"title":"Lummick - Dariusz Muszer","description":"Dariusz Muszer: Lummick. Ta na po\u0142y detektywistyczna powie\u015b\u0107 o mistyfikacji literackiej jest napisana wartkim j\u0119zykiem, traktuje o zwyk\u0142ych \u2013 niezwyk\u0142ych","robots":{"index":"index","follow":"follow","max-snippet":"max-snippet:-1","max-image-preview":"max-image-preview:large","max-video-preview":"max-video-preview:-1"},"canonical":"https:\/\/dariusz-muszer.de\/pl\/proza\/lummick\/","og_locale":"pl_PL","og_type":"article","og_title":"Lummick - Dariusz Muszer","og_description":"Dariusz Muszer: Lummick. Ta na po\u0142y detektywistyczna powie\u015b\u0107 o mistyfikacji literackiej jest napisana wartkim j\u0119zykiem, traktuje o zwyk\u0142ych \u2013 niezwyk\u0142ych","og_url":"https:\/\/dariusz-muszer.de\/pl\/proza\/lummick\/","og_site_name":"Dariusz Muszer","article_modified_time":"2019-09-11T20:42:24+00:00","og_image":[{"url":"http:\/\/dariusz-muszer.de\/pl\/wp-content\/uploads\/sites\/2\/2015\/06\/lummick-214x300.jpg","type":"","width":"","height":""}],"twitter_card":"summary_large_image","twitter_misc":{"Szacowany czas czytania":"2 minuty"},"schema":{"@context":"https:\/\/schema.org","@graph":[{"@type":"WebPage","@id":"https:\/\/dariusz-muszer.de\/pl\/proza\/lummick\/","url":"https:\/\/dariusz-muszer.de\/pl\/proza\/lummick\/","name":"Lummick - Dariusz Muszer","isPartOf":{"@id":"https:\/\/dariusz-muszer.de\/pl\/#website"},"primaryImageOfPage":{"@id":"https:\/\/dariusz-muszer.de\/pl\/proza\/lummick\/#primaryimage"},"image":{"@id":"https:\/\/dariusz-muszer.de\/pl\/proza\/lummick\/#primaryimage"},"thumbnailUrl":"http:\/\/dariusz-muszer.de\/pl\/wp-content\/uploads\/sites\/2\/2015\/06\/lummick-214x300.jpg","datePublished":"2015-06-01T19:10:00+00:00","dateModified":"2019-09-11T20:42:24+00:00","description":"Dariusz Muszer: Lummick. Ta na po\u0142y detektywistyczna powie\u015b\u0107 o mistyfikacji literackiej jest napisana wartkim j\u0119zykiem, traktuje o zwyk\u0142ych \u2013 niezwyk\u0142ych","breadcrumb":{"@id":"https:\/\/dariusz-muszer.de\/pl\/proza\/lummick\/#breadcrumb"},"inLanguage":"pl-PL","potentialAction":[{"@type":"ReadAction","target":["https:\/\/dariusz-muszer.de\/pl\/proza\/lummick\/"]}]},{"@type":"ImageObject","inLanguage":"pl-PL","@id":"https:\/\/dariusz-muszer.de\/pl\/proza\/lummick\/#primaryimage","url":"http:\/\/dariusz-muszer.de\/pl\/wp-content\/uploads\/sites\/2\/2015\/06\/lummick-214x300.jpg","contentUrl":"http:\/\/dariusz-muszer.de\/pl\/wp-content\/uploads\/sites\/2\/2015\/06\/lummick-214x300.jpg"},{"@type":"BreadcrumbList","@id":"https:\/\/dariusz-muszer.de\/pl\/proza\/lummick\/#breadcrumb","itemListElement":[{"@type":"ListItem","position":1,"name":"Strona g\u0142\u00f3wna","item":"https:\/\/dariusz-muszer.de\/pl\/"},{"@type":"ListItem","position":2,"name":"Proza","item":"https:\/\/dariusz-muszer.de\/pl\/proza\/"},{"@type":"ListItem","position":3,"name":"Lummick"}]},{"@type":"WebSite","@id":"https:\/\/dariusz-muszer.de\/pl\/#website","url":"https:\/\/dariusz-muszer.de\/pl\/","name":"Dariusz Muszer","description":"pisarz","potentialAction":[{"@type":"SearchAction","target":{"@type":"EntryPoint","urlTemplate":"https:\/\/dariusz-muszer.de\/pl\/?s={search_term_string}"},"query-input":{"@type":"PropertyValueSpecification","valueRequired":true,"valueName":"search_term_string"}}],"inLanguage":"pl-PL"}]}},"_links":{"self":[{"href":"https:\/\/dariusz-muszer.de\/pl\/wp-json\/wp\/v2\/pages\/109","targetHints":{"allow":["GET"]}}],"collection":[{"href":"https:\/\/dariusz-muszer.de\/pl\/wp-json\/wp\/v2\/pages"}],"about":[{"href":"https:\/\/dariusz-muszer.de\/pl\/wp-json\/wp\/v2\/types\/page"}],"author":[{"embeddable":true,"href":"https:\/\/dariusz-muszer.de\/pl\/wp-json\/wp\/v2\/users\/1"}],"replies":[{"embeddable":true,"href":"https:\/\/dariusz-muszer.de\/pl\/wp-json\/wp\/v2\/comments?post=109"}],"version-history":[{"count":1,"href":"https:\/\/dariusz-muszer.de\/pl\/wp-json\/wp\/v2\/pages\/109\/revisions"}],"predecessor-version":[{"id":1027,"href":"https:\/\/dariusz-muszer.de\/pl\/wp-json\/wp\/v2\/pages\/109\/revisions\/1027"}],"up":[{"embeddable":true,"href":"https:\/\/dariusz-muszer.de\/pl\/wp-json\/wp\/v2\/pages\/92"}],"wp:attachment":[{"href":"https:\/\/dariusz-muszer.de\/pl\/wp-json\/wp\/v2\/media?parent=109"}],"curies":[{"name":"wp","href":"https:\/\/api.w.org\/{rel}","templated":true}]}}